{"id":690,"date":"2017-01-13T14:02:53","date_gmt":"2017-01-13T14:02:53","guid":{"rendered":"https:\/\/careleaverpp.org\/?page_id=690"},"modified":"2025-01-06T16:31:01","modified_gmt":"2025-01-06T16:31:01","slug":"resources","status":"publish","type":"page","link":"https:\/\/careleaverpp.org\/de\/resources\/","title":{"rendered":"Ressourcen"},"content":{"rendered":"<section class=\"vc_row wpb_row vc_row-fluid\"><div class=\"container\"><div class=\"row\"><div class=\"wpb_column column_container col-sm-12\"><div class=\"vc_column-inner\"><div class=\"wpb_wrapper\"><h1 style=\"font-size: 4em;color: #676666;line-height: 1.015;text-align: center;font-family:Roboto;font-weight:400;font-style:normal\" class=\"vc_custom_heading\" >Ressourcen<\/h1><div class=\"vc_separator wpb_content_element vc_separator_align_center vc_sep_width_100 vc_sep_pos_align_center vc_separator_no_text vc_sep_color_grey\" ><span class=\"vc_sep_holder vc_sep_holder_l\"><span  class=\"vc_sep_line\"><\/span><\/span><span class=\"vc_sep_holder vc_sep_holder_r\"><span  class=\"vc_sep_line\"><\/span><\/span>\n<\/div><div class=\"vc_row wpb_row vc_inner vc_row-fluid\"><div class=\"wpb_column column_container col-sm-10\"><div class=\"vc_column-inner\"><div class=\"wpb_wrapper\">\n\t<div class=\"wpb_text_column wpb_content_element\" >\n\t\t<div class=\"wpb_wrapper\">\n\t\t\t<p>In diesem Bereich finden Sie eine Reihe von Ressourcen zur Unterst\u00fctzung Ihrer Arbeit. Sie k\u00f6nnen Ressourcen durchsuchen und nach Kategorietyp filtern, indem Sie die Tools auf der rechten Seite verwenden. Wenn Sie eine Ressource, die Sie suchen, nicht finden k\u00f6nnen, bitte <a href=\"https:\/\/careleaverpp.org\/de\/contact\/\">kontaktiere uns<\/a>.<\/p>\n<div class=\"search-filter-results\" id=\"search-filter-results-1414\">\t\t<div class=\"col-sm-6 masonry__item\">\r\n\t\t\t<a href=\"https:\/\/careleaverpp.org\/de\/resources\/careday\/\">\r\n\t\t\t\t<div class=\"card card-4\">\r\n\t\t\t\t\t<div class=\"card__image bg--white mhi\">\r\n\t\t\t\t\t\t<img loading=\"lazy\" decoding=\"async\" width=\"750\" height=\"500\" src=\"https:\/\/careleaverpp.org\/wp-content\/uploads\/2021\/02\/epic.jpg\" class=\"attachment-large size-large wp-post-image\" alt=\"Care Day banner\" srcset=\"https:\/\/careleaverpp.org\/wp-content\/uploads\/2021\/02\/epic.jpg 750w, https:\/\/careleaverpp.org\/wp-content\/uploads\/2021\/02\/epic-300x200.jpg 300w, https:\/\/careleaverpp.org\/wp-content\/uploads\/2021\/02\/epic-200x133.jpg 200w\" sizes=\"auto, (max-width: 750px) 100vw, 750px\" \/>\t\t\t\t\t<\/div>\r\n\t\t\t\t\t<div class=\"card__body boxed boxed--sm bg--white mh\">\r\n\t\t\t\t\t\t<div class=\"resource-title\">\r\n\t\t\t\t\t\t\t<h4>Pflegetag<\/h4>\t\t\t\t\t\t<\/div>\r\n\t\t\t\t\t\t<hr>\r\n\t\t\t\t\t\t<div class=\"resource-description\">\r\n\t\t\t\t\t\t\t<p>Der Care Day ist eine j\u00e4hrliche Veranstaltung, die von Empowering People in Care organisiert wird.<\/p>\n\t\t\t\t\t\t<\/div>\t\t\t\t\t\t\r\n\t\t\t\t\t<\/div>\r\n\t\t\t\t<\/div>\r\n\t\t\t<\/a>\r\n\t\t<\/div><!--end item-->\r\n\r\n\t\t\r\n\t\t\t\t<div class=\"col-sm-6 masonry__item\">\r\n\t\t\t<a href=\"https:\/\/careleaverpp.org\/de\/resources\/ementoring\/\">\r\n\t\t\t\t<div class=\"card card-4\">\r\n\t\t\t\t\t<div class=\"card__image bg--white mhi\">\r\n\t\t\t\t\t\t<img loading=\"lazy\" decoding=\"async\" width=\"750\" height=\"500\" src=\"https:\/\/careleaverpp.org\/wp-content\/uploads\/2021\/01\/ementor.jpg\" class=\"attachment-large size-large wp-post-image\" alt=\"ementoring\" srcset=\"https:\/\/careleaverpp.org\/wp-content\/uploads\/2021\/01\/ementor.jpg 750w, https:\/\/careleaverpp.org\/wp-content\/uploads\/2021\/01\/ementor-300x200.jpg 300w, https:\/\/careleaverpp.org\/wp-content\/uploads\/2021\/01\/ementor-200x133.jpg 200w\" sizes=\"auto, (max-width: 750px) 100vw, 750px\" \/>\t\t\t\t\t<\/div>\r\n\t\t\t\t\t<div class=\"card__body boxed boxed--sm bg--white mh\">\r\n\t\t\t\t\t\t<div class=\"resource-title\">\r\n\t\t\t\t\t\t\t<h4>Ementoring mit UniConnect<\/h4>\t\t\t\t\t\t<\/div>\r\n\t\t\t\t\t\t<hr>\r\n\t\t\t\t\t\t<div class=\"resource-description\">\r\n\t\t\t\t\t\t\t<p>UniConnect arbeitet mit der University of Greenwich zusammen und bietet E-Mentoring an.<\/p>\n\t\t\t\t\t\t<\/div>\t\t\t\t\t\t\r\n\t\t\t\t\t<\/div>\r\n\t\t\t\t<\/div>\r\n\t\t\t<\/a>\r\n\t\t<\/div><!--end item-->\r\n\r\n\t\t\r\n\t\t\t\t<div class=\"col-sm-6 masonry__item\">\r\n\t\t\t<a href=\"https:\/\/careleaverpp.org\/de\/resources\/ucstudents\/\">\r\n\t\t\t\t<div class=\"card card-4\">\r\n\t\t\t\t\t<div class=\"card__image bg--white mhi\">\r\n\t\t\t\t\t\t<img loading=\"lazy\" decoding=\"async\" width=\"750\" height=\"500\" src=\"https:\/\/careleaverpp.org\/wp-content\/uploads\/2020\/11\/uc.jpg\" class=\"attachment-large size-large wp-post-image\" alt=\"Universal Credit and Students banner\" srcset=\"https:\/\/careleaverpp.org\/wp-content\/uploads\/2020\/11\/uc.jpg 750w, https:\/\/careleaverpp.org\/wp-content\/uploads\/2020\/11\/uc-300x200.jpg 300w, https:\/\/careleaverpp.org\/wp-content\/uploads\/2020\/11\/uc-200x133.jpg 200w\" sizes=\"auto, (max-width: 750px) 100vw, 750px\" \/>\t\t\t\t\t<\/div>\r\n\t\t\t\t\t<div class=\"card__body boxed boxed--sm bg--white mh\">\r\n\t\t\t\t\t\t<div class=\"resource-title\">\r\n\t\t\t\t\t\t\t<h4>Pr\u00e4sentation von Universal Credit und Studenten<\/h4>\t\t\t\t\t\t<\/div>\r\n\t\t\t\t\t\t<hr>\r\n\t\t\t\t\t\t<div class=\"resource-description\">\r\n\t\t\t\t\t\t\t<p>Pr\u00e4sentationsfolien und Handouts der Workshop-Woche der Care Leaver Progression Partnership.<\/p>\n\t\t\t\t\t\t<\/div>\t\t\t\t\t\t\r\n\t\t\t\t\t<\/div>\r\n\t\t\t\t<\/div>\r\n\t\t\t<\/a>\r\n\t\t<\/div><!--end item-->\r\n\r\n\t\t\r\n\t\t\t\t<div class=\"col-sm-6 masonry__item\">\r\n\t\t\t<a href=\"https:\/\/careleaverpp.org\/de\/resources\/becomerights\/\">\r\n\t\t\t\t<div class=\"card card-4\">\r\n\t\t\t\t\t<div class=\"card__image bg--white mhi\">\r\n\t\t\t\t\t\t<img loading=\"lazy\" decoding=\"async\" width=\"750\" height=\"500\" src=\"https:\/\/careleaverpp.org\/wp-content\/uploads\/2020\/11\/become.jpg\" class=\"attachment-large size-large wp-post-image\" alt=\"Become banner\" srcset=\"https:\/\/careleaverpp.org\/wp-content\/uploads\/2020\/11\/become.jpg 750w, https:\/\/careleaverpp.org\/wp-content\/uploads\/2020\/11\/become-300x200.jpg 300w, https:\/\/careleaverpp.org\/wp-content\/uploads\/2020\/11\/become-200x133.jpg 200w\" sizes=\"auto, (max-width: 750px) 100vw, 750px\" \/>\t\t\t\t\t<\/div>\r\n\t\t\t\t\t<div class=\"card__body boxed boxed--sm bg--white mh\">\r\n\t\t\t\t\t\t<div class=\"resource-title\">\r\n\t\t\t\t\t\t\t<h4>Werden Rechte und Anspr\u00fcche<\/h4>\t\t\t\t\t\t<\/div>\r\n\t\t\t\t\t\t<hr>\r\n\t\t\t\t\t\t<div class=\"resource-description\">\r\n\t\t\t\t\t\t\t<p>Pr\u00e4sentationsfolien aus der Workshop-Woche der Care Leaver Progression Partnership.<\/p>\n\t\t\t\t\t\t<\/div>\t\t\t\t\t\t\r\n\t\t\t\t\t<\/div>\r\n\t\t\t\t<\/div>\r\n\t\t\t<\/a>\r\n\t\t<\/div><!--end item-->\r\n\r\n\t\t\r\n\t\t\t\t<div class=\"col-sm-6 masonry__item\">\r\n\t\t\t<a href=\"https:\/\/careleaverpp.org\/de\/resources\/sfeadvice\/\">\r\n\t\t\t\t<div class=\"card card-4\">\r\n\t\t\t\t\t<div class=\"card__image bg--white mhi\">\r\n\t\t\t\t\t\t<img loading=\"lazy\" decoding=\"async\" width=\"750\" height=\"500\" src=\"https:\/\/careleaverpp.org\/wp-content\/uploads\/2020\/11\/sfe.jpg\" class=\"attachment-large size-large wp-post-image\" alt=\"SFE banner\" srcset=\"https:\/\/careleaverpp.org\/wp-content\/uploads\/2020\/11\/sfe.jpg 750w, https:\/\/careleaverpp.org\/wp-content\/uploads\/2020\/11\/sfe-300x200.jpg 300w, https:\/\/careleaverpp.org\/wp-content\/uploads\/2020\/11\/sfe-200x133.jpg 200w\" sizes=\"auto, (max-width: 750px) 100vw, 750px\" \/>\t\t\t\t\t<\/div>\r\n\t\t\t\t\t<div class=\"card__body boxed boxed--sm bg--white mh\">\r\n\t\t\t\t\t\t<div class=\"resource-title\">\r\n\t\t\t\t\t\t\t<h4>Pr\u00e4sentation von Student Finance England<\/h4>\t\t\t\t\t\t<\/div>\r\n\t\t\t\t\t\t<hr>\r\n\t\t\t\t\t\t<div class=\"resource-description\">\r\n\t\t\t\t\t\t\t<p>Pr\u00e4sentationsfolien aus der Workshop-Woche der Care Leaver Progression Partnership.<\/p>\n\t\t\t\t\t\t<\/div>\t\t\t\t\t\t\r\n\t\t\t\t\t<\/div>\r\n\t\t\t\t<\/div>\r\n\t\t\t<\/a>\r\n\t\t<\/div><!--end item-->\r\n\r\n\t\t\r\n\t\t\t\t<div class=\"col-sm-6 masonry__item\">\r\n\t\t\t<a href=\"https:\/\/careleaverpp.org\/de\/resources\/dmspresentation\/\">\r\n\t\t\t\t<div class=\"card card-4\">\r\n\t\t\t\t\t<div class=\"card__image bg--white mhi\">\r\n\t\t\t\t\t\t<img loading=\"lazy\" decoding=\"async\" width=\"750\" height=\"500\" src=\"https:\/\/careleaverpp.org\/wp-content\/uploads\/2020\/11\/dms.jpg\" class=\"attachment-large size-large wp-post-image\" alt=\"DMS banner\" srcset=\"https:\/\/careleaverpp.org\/wp-content\/uploads\/2020\/11\/dms.jpg 750w, https:\/\/careleaverpp.org\/wp-content\/uploads\/2020\/11\/dms-300x200.jpg 300w, https:\/\/careleaverpp.org\/wp-content\/uploads\/2020\/11\/dms-200x133.jpg 200w\" sizes=\"auto, (max-width: 750px) 100vw, 750px\" \/>\t\t\t\t\t<\/div>\r\n\t\t\t\t\t<div class=\"card__body boxed boxed--sm bg--white mh\">\r\n\t\t\t\t\t\t<div class=\"resource-title\">\r\n\t\t\t\t\t\t\t<h4>Ausgewiesener Mitarbeiter f\u00fcr pflegeerfahrene Menschen Pr\u00e4sentation<\/h4>\t\t\t\t\t\t<\/div>\r\n\t\t\t\t\t\t<hr>\r\n\t\t\t\t\t\t<div class=\"resource-description\">\r\n\t\t\t\t\t\t\t<p>Pr\u00e4sentationsfolien aus der Workshop-Woche der Care Leaver Progression Partnership.<\/p>\n\t\t\t\t\t\t<\/div>\t\t\t\t\t\t\r\n\t\t\t\t\t<\/div>\r\n\t\t\t\t<\/div>\r\n\t\t\t<\/a>\r\n\t\t<\/div><!--end item-->\r\n\r\n\t\t\r\n\t\t\t\t<div class=\"col-sm-6 masonry__item\">\r\n\t\t\t<a href=\"https:\/\/careleaverpp.org\/de\/resources\/vskpt\/\">\r\n\t\t\t\t<div class=\"card card-4\">\r\n\t\t\t\t\t<div class=\"card__image bg--white mhi\">\r\n\t\t\t\t\t\t<img loading=\"lazy\" decoding=\"async\" width=\"750\" height=\"500\" src=\"https:\/\/careleaverpp.org\/wp-content\/uploads\/2020\/11\/pt.jpg\" class=\"attachment-large size-large wp-post-image\" alt=\"VSK Participation Team banner\" srcset=\"https:\/\/careleaverpp.org\/wp-content\/uploads\/2020\/11\/pt.jpg 750w, https:\/\/careleaverpp.org\/wp-content\/uploads\/2020\/11\/pt-300x200.jpg 300w, https:\/\/careleaverpp.org\/wp-content\/uploads\/2020\/11\/pt-200x133.jpg 200w\" sizes=\"auto, (max-width: 750px) 100vw, 750px\" \/>\t\t\t\t\t<\/div>\r\n\t\t\t\t\t<div class=\"card__body boxed boxed--sm bg--white mh\">\r\n\t\t\t\t\t\t<div class=\"resource-title\">\r\n\t\t\t\t\t\t\t<h4>Teilnahmeteam der virtuellen Schule Kent<\/h4>\t\t\t\t\t\t<\/div>\r\n\t\t\t\t\t\t<hr>\r\n\t\t\t\t\t\t<div class=\"resource-description\">\r\n\t\t\t\t\t\t\t<p>Pr\u00e4sentationsfolien und Video von der Workshop-Woche der Care Leaver Progression Partnership.<\/p>\n\t\t\t\t\t\t<\/div>\t\t\t\t\t\t\r\n\t\t\t\t\t<\/div>\r\n\t\t\t\t<\/div>\r\n\t\t\t<\/a>\r\n\t\t<\/div><!--end item-->\r\n\r\n\t\t\r\n\t\t\t\t<div class=\"col-sm-6 masonry__item\">\r\n\t\t\t<a href=\"https:\/\/careleaverpp.org\/de\/resources\/unconsciousbias\/\">\r\n\t\t\t\t<div class=\"card card-4\">\r\n\t\t\t\t\t<div class=\"card__image bg--white mhi\">\r\n\t\t\t\t\t\t<img loading=\"lazy\" decoding=\"async\" width=\"750\" height=\"500\" src=\"https:\/\/careleaverpp.org\/wp-content\/uploads\/2020\/11\/ubcl.jpg\" class=\"attachment-large size-large wp-post-image\" alt=\"CatchlingLives\" srcset=\"https:\/\/careleaverpp.org\/wp-content\/uploads\/2020\/11\/ubcl.jpg 750w, https:\/\/careleaverpp.org\/wp-content\/uploads\/2020\/11\/ubcl-300x200.jpg 300w, https:\/\/careleaverpp.org\/wp-content\/uploads\/2020\/11\/ubcl-200x133.jpg 200w\" sizes=\"auto, (max-width: 750px) 100vw, 750px\" \/>\t\t\t\t\t<\/div>\r\n\t\t\t\t\t<div class=\"card__body boxed boxed--sm bg--white mh\">\r\n\t\t\t\t\t\t<div class=\"resource-title\">\r\n\t\t\t\t\t\t\t<h4>Catching Lives Unbewusste Voreingenommenheit<\/h4>\t\t\t\t\t\t<\/div>\r\n\t\t\t\t\t\t<hr>\r\n\t\t\t\t\t\t<div class=\"resource-description\">\r\n\t\t\t\t\t\t\t<p>Pr\u00e4sentationsfolien aus der Workshop-Woche der Care Leaver Progression Partnership.<\/p>\n\t\t\t\t\t\t<\/div>\t\t\t\t\t\t\r\n\t\t\t\t\t<\/div>\r\n\t\t\t\t<\/div>\r\n\t\t\t<\/a>\r\n\t\t<\/div><!--end item-->\r\n\r\n\t\t\r\n\t\t\t\t<div class=\"col-sm-6 masonry__item\">\r\n\t\t\t<a href=\"https:\/\/careleaverpp.org\/de\/resources\/unlockadvising\/\">\r\n\t\t\t\t<div class=\"card card-4\">\r\n\t\t\t\t\t<div class=\"card__image bg--white mhi\">\r\n\t\t\t\t\t\t<img loading=\"lazy\" decoding=\"async\" width=\"750\" height=\"500\" src=\"https:\/\/careleaverpp.org\/wp-content\/uploads\/2020\/11\/unlockawc.jpg\" class=\"attachment-large size-large wp-post-image\" alt=\"Unlock Advising With Conviction banner\" srcset=\"https:\/\/careleaverpp.org\/wp-content\/uploads\/2020\/11\/unlockawc.jpg 750w, https:\/\/careleaverpp.org\/wp-content\/uploads\/2020\/11\/unlockawc-300x200.jpg 300w, https:\/\/careleaverpp.org\/wp-content\/uploads\/2020\/11\/unlockawc-200x133.jpg 200w\" sizes=\"auto, (max-width: 750px) 100vw, 750px\" \/>\t\t\t\t\t<\/div>\r\n\t\t\t\t\t<div class=\"card__body boxed boxed--sm bg--white mh\">\r\n\t\t\t\t\t\t<div class=\"resource-title\">\r\n\t\t\t\t\t\t\t<h4>Schalte Beratung mit \u00dcberzeugungspr\u00e4sentation und Handout frei<\/h4>\t\t\t\t\t\t<\/div>\r\n\t\t\t\t\t\t<hr>\r\n\t\t\t\t\t\t<div class=\"resource-description\">\r\n\t\t\t\t\t\t\t<p>Pr\u00e4sentationsfolien und Handout der Workshop-Woche der Care Leaver Progression Partnership.<\/p>\n\t\t\t\t\t\t<\/div>\t\t\t\t\t\t\r\n\t\t\t\t\t<\/div>\r\n\t\t\t\t<\/div>\r\n\t\t\t<\/a>\r\n\t\t<\/div><!--end item-->\r\n\r\n\t\t\r\n\t\t\t\t<div class=\"col-sm-6 masonry__item\">\r\n\t\t\t<a href=\"https:\/\/careleaverpp.org\/de\/resources\/countylines\/\">\r\n\t\t\t\t<div class=\"card card-4\">\r\n\t\t\t\t\t<div class=\"card__image bg--white mhi\">\r\n\t\t\t\t\t\t<img loading=\"lazy\" decoding=\"async\" width=\"750\" height=\"500\" src=\"https:\/\/careleaverpp.org\/wp-content\/uploads\/2019\/06\/countylines.jpg\" class=\"attachment-large size-large wp-post-image\" alt=\"County Lines Presentation\" srcset=\"https:\/\/careleaverpp.org\/wp-content\/uploads\/2019\/06\/countylines.jpg 750w, https:\/\/careleaverpp.org\/wp-content\/uploads\/2019\/06\/countylines-200x133.jpg 200w, https:\/\/careleaverpp.org\/wp-content\/uploads\/2019\/06\/countylines-300x200.jpg 300w\" sizes=\"auto, (max-width: 750px) 100vw, 750px\" \/>\t\t\t\t\t<\/div>\r\n\t\t\t\t\t<div class=\"card__body boxed boxed--sm bg--white mh\">\r\n\t\t\t\t\t\t<div class=\"resource-title\">\r\n\t\t\t\t\t\t\t<h4>Pr\u00e4vention und Absicherung gegen das Risiko von Gewalt auf der Stra\u00dfe, Ausbildung von Bezirksgrenzen und Gangs<\/h4>\t\t\t\t\t\t<\/div>\r\n\t\t\t\t\t\t<hr>\r\n\t\t\t\t\t\t<div class=\"resource-description\">\r\n\t\t\t\t\t\t\t<p>Pr\u00e4sentationsfolien aus der Workshop-Woche der Care Leaver Progression Partnership.<\/p>\n\t\t\t\t\t\t<\/div>\t\t\t\t\t\t\r\n\t\t\t\t\t<\/div>\r\n\t\t\t\t<\/div>\r\n\t\t\t<\/a>\r\n\t\t<\/div><!--end item-->\r\n\r\n\t\t\r\n\t\t\t\t<div class=\"col-sm-6 masonry__item\">\r\n\t\t\t<a href=\"https:\/\/careleaverpp.org\/de\/resources\/vskentupdate\/\">\r\n\t\t\t\t<div class=\"card card-4\">\r\n\t\t\t\t\t<div class=\"card__image bg--white mhi\">\r\n\t\t\t\t\t\t<img loading=\"lazy\" decoding=\"async\" width=\"750\" height=\"500\" src=\"https:\/\/careleaverpp.org\/wp-content\/uploads\/2020\/10\/vsupdate.jpg\" class=\"attachment-large size-large wp-post-image\" alt=\"Kent County Council update\" srcset=\"https:\/\/careleaverpp.org\/wp-content\/uploads\/2020\/10\/vsupdate.jpg 750w, https:\/\/careleaverpp.org\/wp-content\/uploads\/2020\/10\/vsupdate-300x200.jpg 300w, https:\/\/careleaverpp.org\/wp-content\/uploads\/2020\/10\/vsupdate-200x133.jpg 200w\" sizes=\"auto, (max-width: 750px) 100vw, 750px\" \/>\t\t\t\t\t<\/div>\r\n\t\t\t\t\t<div class=\"card__body boxed boxed--sm bg--white mh\">\r\n\t\t\t\t\t\t<div class=\"resource-title\">\r\n\t\t\t\t\t\t\t<h4>Aktualisierung der Virtual School Kent und des Kent County Council<\/h4>\t\t\t\t\t\t<\/div>\r\n\t\t\t\t\t\t<hr>\r\n\t\t\t\t\t\t<div class=\"resource-description\">\r\n\t\t\t\t\t\t\t<p>Pr\u00e4sentationsfolien aus der Workshop-Woche der Care Leaver Progression Partnership.<\/p>\n\t\t\t\t\t\t<\/div>\t\t\t\t\t\t\r\n\t\t\t\t\t<\/div>\r\n\t\t\t\t<\/div>\r\n\t\t\t<\/a>\r\n\t\t<\/div><!--end item-->\r\n\r\n\t\t\r\n\t\t\t\t<div class=\"col-sm-6 masonry__item\">\r\n\t\t\t<a href=\"https:\/\/careleaverpp.org\/de\/resources\/medwayvsupdate\/\">\r\n\t\t\t\t<div class=\"card card-4\">\r\n\t\t\t\t\t<div class=\"card__image bg--white mhi\">\r\n\t\t\t\t\t\t<img loading=\"lazy\" decoding=\"async\" width=\"750\" height=\"500\" src=\"https:\/\/careleaverpp.org\/wp-content\/uploads\/2020\/10\/meddate.jpg\" class=\"attachment-large size-large wp-post-image\" alt=\"Medway update\" srcset=\"https:\/\/careleaverpp.org\/wp-content\/uploads\/2020\/10\/meddate.jpg 750w, https:\/\/careleaverpp.org\/wp-content\/uploads\/2020\/10\/meddate-300x200.jpg 300w, https:\/\/careleaverpp.org\/wp-content\/uploads\/2020\/10\/meddate-200x133.jpg 200w\" sizes=\"auto, (max-width: 750px) 100vw, 750px\" \/>\t\t\t\t\t<\/div>\r\n\t\t\t\t\t<div class=\"card__body boxed boxed--sm bg--white mh\">\r\n\t\t\t\t\t\t<div class=\"resource-title\">\r\n\t\t\t\t\t\t\t<h4>Aktualisierung der virtuellen Medway-Schule<\/h4>\t\t\t\t\t\t<\/div>\r\n\t\t\t\t\t\t<hr>\r\n\t\t\t\t\t\t<div class=\"resource-description\">\r\n\t\t\t\t\t\t\t<p>Pr\u00e4sentationsfolien aus der Workshop-Woche der Care Leaver Progression Partnership.<\/p>\n\t\t\t\t\t\t<\/div>\t\t\t\t\t\t\r\n\t\t\t\t\t<\/div>\r\n\t\t\t\t<\/div>\r\n\t\t\t<\/a>\r\n\t\t<\/div><!--end item-->\r\n\r\n\t\t\r\n\t\t\t\t<div class=\"col-sm-6 masonry__item\">\r\n\t\t\t<a href=\"https:\/\/careleaverpp.org\/de\/resources\/heinfo\/\">\r\n\t\t\t\t<div class=\"card card-4\">\r\n\t\t\t\t\t<div class=\"card__image bg--white mhi\">\r\n\t\t\t\t\t\t<img loading=\"lazy\" decoding=\"async\" width=\"750\" height=\"500\" src=\"https:\/\/careleaverpp.org\/wp-content\/uploads\/2020\/06\/hep.png\" class=\"attachment-large size-large wp-post-image\" alt=\"HEP Services\" srcset=\"https:\/\/careleaverpp.org\/wp-content\/uploads\/2020\/06\/hep.png 750w, https:\/\/careleaverpp.org\/wp-content\/uploads\/2020\/06\/hep-300x200.png 300w, https:\/\/careleaverpp.org\/wp-content\/uploads\/2020\/06\/hep-200x133.png 200w\" sizes=\"auto, (max-width: 750px) 100vw, 750px\" \/>\t\t\t\t\t<\/div>\r\n\t\t\t\t\t<div class=\"card__body boxed boxed--sm bg--white mh\">\r\n\t\t\t\t\t\t<div class=\"resource-title\">\r\n\t\t\t\t\t\t\t<h4>HEP-Dienste<\/h4>\t\t\t\t\t\t<\/div>\r\n\t\t\t\t\t\t<hr>\r\n\t\t\t\t\t\t<div class=\"resource-description\">\r\n\t\t\t\t\t\t\t<p>HEP Services umfasst Prozesse wie die Erfassung von Kursinformationen durch den Kursdienst, die Verwaltung von Stipendien, Stipendien und Geb\u00fchren\u2026<\/p>\n\t\t\t\t\t\t<\/div>\t\t\t\t\t\t\r\n\t\t\t\t\t<\/div>\r\n\t\t\t\t<\/div>\r\n\t\t\t<\/a>\r\n\t\t<\/div><!--end item-->\r\n\r\n\t\t\r\n\t\t\t\t<div class=\"col-sm-6 masonry__item\">\r\n\t\t\t<a href=\"https:\/\/careleaverpp.org\/de\/resources\/clrock\/\">\r\n\t\t\t\t<div class=\"card card-4\">\r\n\t\t\t\t\t<div class=\"card__image bg--white mhi\">\r\n\t\t\t\t\t\t<img loading=\"lazy\" decoding=\"async\" width=\"750\" height=\"500\" src=\"https:\/\/careleaverpp.org\/wp-content\/uploads\/2020\/04\/clr.png\" class=\"attachment-large size-large wp-post-image\" alt=\"Care Leavers Rock Facebook Group\" srcset=\"https:\/\/careleaverpp.org\/wp-content\/uploads\/2020\/04\/clr.png 750w, https:\/\/careleaverpp.org\/wp-content\/uploads\/2020\/04\/clr-300x200.png 300w, https:\/\/careleaverpp.org\/wp-content\/uploads\/2020\/04\/clr-200x133.png 200w\" sizes=\"auto, (max-width: 750px) 100vw, 750px\" \/>\t\t\t\t\t<\/div>\r\n\t\t\t\t\t<div class=\"card__body boxed boxed--sm bg--white mh\">\r\n\t\t\t\t\t\t<div class=\"resource-title\">\r\n\t\t\t\t\t\t\t<h4>Care Leavers Rock Facebook-Gruppe<\/h4>\t\t\t\t\t\t<\/div>\r\n\t\t\t\t\t\t<hr>\r\n\t\t\t\t\t\t<div class=\"resource-description\">\r\n\t\t\t\t\t\t\t<p>Care Leavers Rock ist eine Facebook-Gruppe, in der Pflegeerfahrene miteinander chatten k\u00f6nnen.<\/p>\n\t\t\t\t\t\t<\/div>\t\t\t\t\t\t\r\n\t\t\t\t\t<\/div>\r\n\t\t\t\t<\/div>\r\n\t\t\t<\/a>\r\n\t\t<\/div><!--end item-->\r\n\r\n\t\t\r\n\t\t\t\t<div class=\"col-sm-6 masonry__item\">\r\n\t\t\t<a href=\"https:\/\/careleaverpp.org\/de\/resources\/clppfacebook\/\">\r\n\t\t\t\t<div class=\"card card-4\">\r\n\t\t\t\t\t<div class=\"card__image bg--white mhi\">\r\n\t\t\t\t\t\t<img loading=\"lazy\" decoding=\"async\" width=\"750\" height=\"500\" src=\"https:\/\/careleaverpp.org\/wp-content\/uploads\/2020\/04\/clpp.jpg\" class=\"attachment-large size-large wp-post-image\" alt=\"CLPP Facebook Group\" srcset=\"https:\/\/careleaverpp.org\/wp-content\/uploads\/2020\/04\/clpp.jpg 750w, https:\/\/careleaverpp.org\/wp-content\/uploads\/2020\/04\/clpp-300x200.jpg 300w, https:\/\/careleaverpp.org\/wp-content\/uploads\/2020\/04\/clpp-200x133.jpg 200w\" sizes=\"auto, (max-width: 750px) 100vw, 750px\" \/>\t\t\t\t\t<\/div>\r\n\t\t\t\t\t<div class=\"card__body boxed boxed--sm bg--white mh\">\r\n\t\t\t\t\t\t<div class=\"resource-title\">\r\n\t\t\t\t\t\t\t<h4>CLPP-Facebook-Gruppe<\/h4>\t\t\t\t\t\t<\/div>\r\n\t\t\t\t\t\t<hr>\r\n\t\t\t\t\t\t<div class=\"resource-description\">\r\n\t\t\t\t\t\t\t<p>Die CLPP-Facebook-Gruppe ist ein Ort f\u00fcr Pflege-erfahrene Menschen in Kent und Medway.<\/p>\n\t\t\t\t\t\t<\/div>\t\t\t\t\t\t\r\n\t\t\t\t\t<\/div>\r\n\t\t\t\t<\/div>\r\n\t\t\t<\/a>\r\n\t\t<\/div><!--end item-->\r\n\r\n\t\t\r\n\t\t\t\t<div class=\"col-sm-6 masonry__item\">\r\n\t\t\t<a href=\"https:\/\/careleaverpp.org\/de\/resources\/clorganisations\/\">\r\n\t\t\t\t<div class=\"card card-4\">\r\n\t\t\t\t\t<div class=\"card__image bg--white mhi\">\r\n\t\t\t\t\t\t<img loading=\"lazy\" decoding=\"async\" width=\"750\" height=\"500\" src=\"https:\/\/careleaverpp.org\/wp-content\/uploads\/2019\/10\/gorgg.jpg\" class=\"attachment-large size-large wp-post-image\" alt=\"University of Greenwich Care Leaver Organisations\" srcset=\"https:\/\/careleaverpp.org\/wp-content\/uploads\/2019\/10\/gorgg.jpg 750w, https:\/\/careleaverpp.org\/wp-content\/uploads\/2019\/10\/gorgg-200x133.jpg 200w, https:\/\/careleaverpp.org\/wp-content\/uploads\/2019\/10\/gorgg-300x200.jpg 300w\" sizes=\"auto, (max-width: 750px) 100vw, 750px\" \/>\t\t\t\t\t<\/div>\r\n\t\t\t\t\t<div class=\"card__body boxed boxed--sm bg--white mh\">\r\n\t\t\t\t\t\t<div class=\"resource-title\">\r\n\t\t\t\t\t\t\t<h4>Care Leaver-Organisationen<\/h4>\t\t\t\t\t\t<\/div>\r\n\t\t\t\t\t\t<hr>\r\n\t\t\t\t\t\t<div class=\"resource-description\">\r\n\t\t\t\t\t\t\t<p>Die University of Greenwich hat eine Informationsbrosch\u00fcre f\u00fcr pflegeerfahrene Studierende zusammengestellt.<\/p>\n\t\t\t\t\t\t<\/div>\t\t\t\t\t\t\r\n\t\t\t\t\t<\/div>\r\n\t\t\t\t<\/div>\r\n\t\t\t<\/a>\r\n\t\t<\/div><!--end item-->\r\n\r\n\t\t\r\n\t\t\t\t<div class=\"col-sm-6 masonry__item\">\r\n\t\t\t<a href=\"https:\/\/careleaverpp.org\/de\/resources\/jiscmail\/\">\r\n\t\t\t\t<div class=\"card card-4\">\r\n\t\t\t\t\t<div class=\"card__image bg--white mhi\">\r\n\t\t\t\t\t\t<img loading=\"lazy\" decoding=\"async\" width=\"750\" height=\"500\" src=\"https:\/\/careleaverpp.org\/wp-content\/uploads\/2019\/09\/jiscmail.jpg\" class=\"attachment-large size-large wp-post-image\" alt=\"JISCMail\" srcset=\"https:\/\/careleaverpp.org\/wp-content\/uploads\/2019\/09\/jiscmail.jpg 750w, https:\/\/careleaverpp.org\/wp-content\/uploads\/2019\/09\/jiscmail-200x133.jpg 200w, https:\/\/careleaverpp.org\/wp-content\/uploads\/2019\/09\/jiscmail-300x200.jpg 300w\" sizes=\"auto, (max-width: 750px) 100vw, 750px\" \/>\t\t\t\t\t<\/div>\r\n\t\t\t\t\t<div class=\"card__body boxed boxed--sm bg--white mh\">\r\n\t\t\t\t\t\t<div class=\"resource-title\">\r\n\t\t\t\t\t\t\t<h4>JISCMail<\/h4>\t\t\t\t\t\t<\/div>\r\n\t\t\t\t\t\t<hr>\r\n\t\t\t\t\t\t<div class=\"resource-description\">\r\n\t\t\t\t\t\t\t<p>JISCMail ist eine E-Mail-Abonnementliste, die Bildungsexperten und Forscher miteinander verbindet.<\/p>\n\t\t\t\t\t\t<\/div>\t\t\t\t\t\t\r\n\t\t\t\t\t<\/div>\r\n\t\t\t\t<\/div>\r\n\t\t\t<\/a>\r\n\t\t<\/div><!--end item-->\r\n\r\n\t\t\r\n\t\t\t\t<div class=\"col-sm-6 masonry__item\">\r\n\t\t\t<a href=\"https:\/\/careleaverpp.org\/de\/resources\/acephe\/\">\r\n\t\t\t\t<div class=\"card card-4\">\r\n\t\t\t\t\t<div class=\"card__image bg--white mhi\">\r\n\t\t\t\t\t\t<img loading=\"lazy\" decoding=\"async\" width=\"750\" height=\"500\" src=\"https:\/\/careleaverpp.org\/wp-content\/uploads\/2019\/09\/acephe.jpg\" class=\"attachment-large size-large wp-post-image\" alt=\"Alliance for Care Experienced People in Higher Education\" srcset=\"https:\/\/careleaverpp.org\/wp-content\/uploads\/2019\/09\/acephe.jpg 750w, https:\/\/careleaverpp.org\/wp-content\/uploads\/2019\/09\/acephe-200x133.jpg 200w, https:\/\/careleaverpp.org\/wp-content\/uploads\/2019\/09\/acephe-300x200.jpg 300w\" sizes=\"auto, (max-width: 750px) 100vw, 750px\" \/>\t\t\t\t\t<\/div>\r\n\t\t\t\t\t<div class=\"card__body boxed boxed--sm bg--white mh\">\r\n\t\t\t\t\t\t<div class=\"resource-title\">\r\n\t\t\t\t\t\t\t<h4>Die Allianz f\u00fcr Pflegeerfahrene in der Hochschulbildung<\/h4>\t\t\t\t\t\t<\/div>\r\n\t\t\t\t\t\t<hr>\r\n\t\t\t\t\t\t<div class=\"resource-description\">\r\n\t\t\t\t\t\t\t<p>Die Allianz f\u00fcr Pflegeerfahrene in der Hochschulbildung ist ein Projekt, das derzeit von Pflegeerfahrenen f\u00fcr Pflegeerfahrene\u2026<\/p>\n\t\t\t\t\t\t<\/div>\t\t\t\t\t\t\r\n\t\t\t\t\t<\/div>\r\n\t\t\t\t<\/div>\r\n\t\t\t<\/a>\r\n\t\t<\/div><!--end item-->\r\n\r\n\t\t\r\n\t\t\t\t<div class=\"col-sm-6 masonry__item\">\r\n\t\t\t<a href=\"https:\/\/careleaverpp.org\/de\/resources\/isabels-voice\/\">\r\n\t\t\t\t<div class=\"card card-4\">\r\n\t\t\t\t\t<div class=\"card__image bg--white mhi\">\r\n\t\t\t\t\t\t<img loading=\"lazy\" decoding=\"async\" width=\"750\" height=\"500\" src=\"https:\/\/careleaverpp.org\/wp-content\/uploads\/2019\/09\/iv.jpg\" class=\"attachment-large size-large wp-post-image\" alt=\"Isabel&#039;s Voice\" srcset=\"https:\/\/careleaverpp.org\/wp-content\/uploads\/2019\/09\/iv.jpg 750w, https:\/\/careleaverpp.org\/wp-content\/uploads\/2019\/09\/iv-200x133.jpg 200w, https:\/\/careleaverpp.org\/wp-content\/uploads\/2019\/09\/iv-300x200.jpg 300w\" sizes=\"auto, (max-width: 750px) 100vw, 750px\" \/>\t\t\t\t\t<\/div>\r\n\t\t\t\t\t<div class=\"card__body boxed boxed--sm bg--white mh\">\r\n\t\t\t\t\t\t<div class=\"resource-title\">\r\n\t\t\t\t\t\t\t<h4>Isabels Stimme<\/h4>\t\t\t\t\t\t<\/div>\r\n\t\t\t\t\t\t<hr>\r\n\t\t\t\t\t\t<div class=\"resource-description\">\r\n\t\t\t\t\t\t\t<p>Isabel&#039;s Voice ist ein gemeinn\u00fctziger Verein ohne eigene Rechtspers\u00f6nlichkeit. Ihre Aufgabe ist es, eine Scorecard zu erstellen, die die Leistung der lokalen Beh\u00f6rden in\u2026<\/p>\n\t\t\t\t\t\t<\/div>\t\t\t\t\t\t\r\n\t\t\t\t\t<\/div>\r\n\t\t\t\t<\/div>\r\n\t\t\t<\/a>\r\n\t\t<\/div><!--end item-->\r\n\r\n\t\t\r\n\t\t\t\t<div class=\"col-sm-6 masonry__item\">\r\n\t\t\t<a href=\"https:\/\/careleaverpp.org\/de\/resources\/slc\/\">\r\n\t\t\t\t<div class=\"card card-4\">\r\n\t\t\t\t\t<div class=\"card__image bg--white mhi\">\r\n\t\t\t\t\t\t<img loading=\"lazy\" decoding=\"async\" width=\"750\" height=\"500\" src=\"https:\/\/careleaverpp.org\/wp-content\/uploads\/2019\/08\/slcpract.jpg\" class=\"attachment-large size-large wp-post-image\" alt=\"SLC Practitioners page\" srcset=\"https:\/\/careleaverpp.org\/wp-content\/uploads\/2019\/08\/slcpract.jpg 750w, https:\/\/careleaverpp.org\/wp-content\/uploads\/2019\/08\/slcpract-200x133.jpg 200w, https:\/\/careleaverpp.org\/wp-content\/uploads\/2019\/08\/slcpract-300x200.jpg 300w\" sizes=\"auto, (max-width: 750px) 100vw, 750px\" \/>\t\t\t\t\t<\/div>\r\n\t\t\t\t\t<div class=\"card__body boxed boxed--sm bg--white mh\">\r\n\t\t\t\t\t\t<div class=\"resource-title\">\r\n\t\t\t\t\t\t\t<h4>SLC-Praktikerseite<\/h4>\t\t\t\t\t\t<\/div>\r\n\t\t\t\t\t\t<hr>\r\n\t\t\t\t\t\t<div class=\"resource-description\">\r\n\t\t\t\t\t\t\t<p>Die Praktikerseite von Student Loans Company enth\u00e4lt Informationen zu den Darlehen, Zusch\u00fcssen und Zulagen, die von Student Loans Company bereitgestellt werden<\/p>\n\t\t\t\t\t\t<\/div>\t\t\t\t\t\t\r\n\t\t\t\t\t<\/div>\r\n\t\t\t\t<\/div>\r\n\t\t\t<\/a>\r\n\t\t<\/div><!--end item-->\r\n\r\n\t\t\r\n\t\t\t\t<div class=\"col-sm-6 masonry__item\">\r\n\t\t\t<a href=\"https:\/\/careleaverpp.org\/de\/resources\/foundations\/\">\r\n\t\t\t\t<div class=\"card card-4\">\r\n\t\t\t\t\t<div class=\"card__image bg--white mhi\">\r\n\t\t\t\t\t\t<img loading=\"lazy\" decoding=\"async\" width=\"750\" height=\"500\" src=\"https:\/\/careleaverpp.org\/wp-content\/uploads\/2020\/02\/foundations.jpg\" class=\"attachment-large size-large wp-post-image\" alt=\"Foundations App\" srcset=\"https:\/\/careleaverpp.org\/wp-content\/uploads\/2020\/02\/foundations.jpg 750w, https:\/\/careleaverpp.org\/wp-content\/uploads\/2020\/02\/foundations-300x200.jpg 300w, https:\/\/careleaverpp.org\/wp-content\/uploads\/2020\/02\/foundations-200x133.jpg 200w\" sizes=\"auto, (max-width: 750px) 100vw, 750px\" \/>\t\t\t\t\t<\/div>\r\n\t\t\t\t\t<div class=\"card__body boxed boxed--sm bg--white mh\">\r\n\t\t\t\t\t\t<div class=\"resource-title\">\r\n\t\t\t\t\t\t\t<h4>Stiftungen Care Leavers App<\/h4>\t\t\t\t\t\t<\/div>\r\n\t\t\t\t\t\t<hr>\r\n\t\t\t\t\t\t<div class=\"resource-description\">\r\n\t\t\t\t\t\t\t<p>Stiftungen sollen Care Leaver und andere junge Menschen auf ihrem Weg in ein selbstbestimmtes Leben unterst\u00fctzen. Geschrieben von einem Care Leaver\u2026<\/p>\n\t\t\t\t\t\t<\/div>\t\t\t\t\t\t\r\n\t\t\t\t\t<\/div>\r\n\t\t\t\t<\/div>\r\n\t\t\t<\/a>\r\n\t\t<\/div><!--end item-->\r\n\r\n\t\t\r\n\t\t\t\t<div class=\"col-sm-6 masonry__item\">\r\n\t\t\t<a href=\"https:\/\/careleaverpp.org\/de\/resources\/clpp-voice\/\">\r\n\t\t\t\t<div class=\"card card-4\">\r\n\t\t\t\t\t<div class=\"card__image bg--white mhi\">\r\n\t\t\t\t\t\t<img loading=\"lazy\" decoding=\"async\" width=\"750\" height=\"500\" src=\"https:\/\/careleaverpp.org\/wp-content\/uploads\/2019\/07\/careleavervoice.jpg\" class=\"attachment-large size-large wp-post-image\" alt=\"CLPP Voice website\" srcset=\"https:\/\/careleaverpp.org\/wp-content\/uploads\/2019\/07\/careleavervoice.jpg 750w, https:\/\/careleaverpp.org\/wp-content\/uploads\/2019\/07\/careleavervoice-200x133.jpg 200w, https:\/\/careleaverpp.org\/wp-content\/uploads\/2019\/07\/careleavervoice-300x200.jpg 300w\" sizes=\"auto, (max-width: 750px) 100vw, 750px\" \/>\t\t\t\t\t<\/div>\r\n\t\t\t\t\t<div class=\"card__body boxed boxed--sm bg--white mh\">\r\n\t\t\t\t\t\t<div class=\"resource-title\">\r\n\t\t\t\t\t\t\t<h4>CLPP-Stimme<\/h4>\t\t\t\t\t\t<\/div>\r\n\t\t\t\t\t\t<hr>\r\n\t\t\t\t\t\t<div class=\"resource-description\">\r\n\t\t\t\t\t\t\t<p>Die CLPP-Stimme sucht Pflegeerfahrene, die ihre Geschichten und Ratschl\u00e4ge zu Bildung, Ausbildung und Karriere teilen.<\/p>\n\t\t\t\t\t\t<\/div>\t\t\t\t\t\t\r\n\t\t\t\t\t<\/div>\r\n\t\t\t\t<\/div>\r\n\t\t\t<\/a>\r\n\t\t<\/div><!--end item-->\r\n\r\n\t\t\r\n\t\t\t\t<div class=\"col-sm-6 masonry__item\">\r\n\t\t\t<a href=\"https:\/\/careleaverpp.org\/de\/resources\/vskupdate\/\">\r\n\t\t\t\t<div class=\"card card-4\">\r\n\t\t\t\t\t<div class=\"card__image bg--white mhi\">\r\n\t\t\t\t\t\t<img loading=\"lazy\" decoding=\"async\" width=\"750\" height=\"500\" src=\"https:\/\/careleaverpp.org\/wp-content\/uploads\/2019\/06\/vskupdate.jpg\" class=\"attachment-large size-large wp-post-image\" alt=\"Virtual School Kent presentation\" srcset=\"https:\/\/careleaverpp.org\/wp-content\/uploads\/2019\/06\/vskupdate.jpg 750w, https:\/\/careleaverpp.org\/wp-content\/uploads\/2019\/06\/vskupdate-200x133.jpg 200w, https:\/\/careleaverpp.org\/wp-content\/uploads\/2019\/06\/vskupdate-300x200.jpg 300w\" sizes=\"auto, (max-width: 750px) 100vw, 750px\" \/>\t\t\t\t\t<\/div>\r\n\t\t\t\t\t<div class=\"card__body boxed boxed--sm bg--white mh\">\r\n\t\t\t\t\t\t<div class=\"resource-title\">\r\n\t\t\t\t\t\t\t<h4>Aktualisierung der virtuellen Schule Kent<\/h4>\t\t\t\t\t\t<\/div>\r\n\t\t\t\t\t\t<hr>\r\n\t\t\t\t\t\t<div class=\"resource-description\">\r\n\t\t\t\t\t\t\t<p>Pr\u00e4sentationsfolien vom Care Leaver Progression Partnership Development Day.<\/p>\n\t\t\t\t\t\t<\/div>\t\t\t\t\t\t\r\n\t\t\t\t\t<\/div>\r\n\t\t\t\t<\/div>\r\n\t\t\t<\/a>\r\n\t\t<\/div><!--end item-->\r\n\r\n\t\t\r\n\t\t\t\t<div class=\"col-sm-6 masonry__item\">\r\n\t\t\t<a href=\"https:\/\/careleaverpp.org\/de\/resources\/medway-virtual-school-update\/\">\r\n\t\t\t\t<div class=\"card card-4\">\r\n\t\t\t\t\t<div class=\"card__image bg--white mhi\">\r\n\t\t\t\t\t\t<img loading=\"lazy\" decoding=\"async\" width=\"750\" height=\"500\" src=\"https:\/\/careleaverpp.org\/wp-content\/uploads\/2019\/06\/mvsupdate.jpg\" class=\"attachment-large size-large wp-post-image\" alt=\"Medway Virtual School Presentation\" srcset=\"https:\/\/careleaverpp.org\/wp-content\/uploads\/2019\/06\/mvsupdate.jpg 750w, https:\/\/careleaverpp.org\/wp-content\/uploads\/2019\/06\/mvsupdate-200x133.jpg 200w, https:\/\/careleaverpp.org\/wp-content\/uploads\/2019\/06\/mvsupdate-300x200.jpg 300w\" sizes=\"auto, (max-width: 750px) 100vw, 750px\" \/>\t\t\t\t\t<\/div>\r\n\t\t\t\t\t<div class=\"card__body boxed boxed--sm bg--white mh\">\r\n\t\t\t\t\t\t<div class=\"resource-title\">\r\n\t\t\t\t\t\t\t<h4>Aktualisierung der virtuellen Medway-Schule<\/h4>\t\t\t\t\t\t<\/div>\r\n\t\t\t\t\t\t<hr>\r\n\t\t\t\t\t\t<div class=\"resource-description\">\r\n\t\t\t\t\t\t\t<p>Pr\u00e4sentationsfolien vom Care Leaver Progression Partnership Development Day.<\/p>\n\t\t\t\t\t\t<\/div>\t\t\t\t\t\t\r\n\t\t\t\t\t<\/div>\r\n\t\t\t\t<\/div>\r\n\t\t\t<\/a>\r\n\t\t<\/div><!--end item-->\r\n\r\n\t\t\r\n\t\t\t\t<div class=\"col-sm-6 masonry__item\">\r\n\t\t\t<a href=\"https:\/\/careleaverpp.org\/de\/resources\/universal-credit\/\">\r\n\t\t\t\t<div class=\"card card-4\">\r\n\t\t\t\t\t<div class=\"card__image bg--white mhi\">\r\n\t\t\t\t\t\t<img loading=\"lazy\" decoding=\"async\" width=\"750\" height=\"500\" src=\"https:\/\/careleaverpp.org\/wp-content\/uploads\/2019\/06\/uc.jpg\" class=\"attachment-large size-large wp-post-image\" alt=\"Universal Credit Presentation\" srcset=\"https:\/\/careleaverpp.org\/wp-content\/uploads\/2019\/06\/uc.jpg 750w, https:\/\/careleaverpp.org\/wp-content\/uploads\/2019\/06\/uc-200x133.jpg 200w, https:\/\/careleaverpp.org\/wp-content\/uploads\/2019\/06\/uc-300x200.jpg 300w\" sizes=\"auto, (max-width: 750px) 100vw, 750px\" \/>\t\t\t\t\t<\/div>\r\n\t\t\t\t\t<div class=\"card__body boxed boxed--sm bg--white mh\">\r\n\t\t\t\t\t\t<div class=\"resource-title\">\r\n\t\t\t\t\t\t\t<h4>Universalkredit und kriminelle Verletzung<\/h4>\t\t\t\t\t\t<\/div>\r\n\t\t\t\t\t\t<hr>\r\n\t\t\t\t\t\t<div class=\"resource-description\">\r\n\t\t\t\t\t\t\t<p>Pr\u00e4sentationsfolien vom Care Leaver Progression Partnership Development Day.<\/p>\n\t\t\t\t\t\t<\/div>\t\t\t\t\t\t\r\n\t\t\t\t\t<\/div>\r\n\t\t\t\t<\/div>\r\n\t\t\t<\/a>\r\n\t\t<\/div><!--end item-->\r\n\r\n\t\t\r\n\t\t\t\t<div class=\"col-sm-6 masonry__item\">\r\n\t\t\t<a href=\"https:\/\/careleaverpp.org\/de\/resources\/peerchampions\/\">\r\n\t\t\t\t<div class=\"card card-4\">\r\n\t\t\t\t\t<div class=\"card__image bg--white mhi\">\r\n\t\t\t\t\t\t<img loading=\"lazy\" decoding=\"async\" width=\"750\" height=\"500\" src=\"https:\/\/careleaverpp.org\/wp-content\/uploads\/2019\/06\/peerchampions.jpg\" class=\"attachment-large size-large wp-post-image\" alt=\"Peer Champions Presentation\" srcset=\"https:\/\/careleaverpp.org\/wp-content\/uploads\/2019\/06\/peerchampions.jpg 750w, https:\/\/careleaverpp.org\/wp-content\/uploads\/2019\/06\/peerchampions-200x133.jpg 200w, https:\/\/careleaverpp.org\/wp-content\/uploads\/2019\/06\/peerchampions-300x200.jpg 300w\" sizes=\"auto, (max-width: 750px) 100vw, 750px\" \/>\t\t\t\t\t<\/div>\r\n\t\t\t\t\t<div class=\"card__body boxed boxed--sm bg--white mh\">\r\n\t\t\t\t\t\t<div class=\"resource-title\">\r\n\t\t\t\t\t\t\t<h4>18+ Peer Champions-Pr\u00e4sentation<\/h4>\t\t\t\t\t\t<\/div>\r\n\t\t\t\t\t\t<hr>\r\n\t\t\t\t\t\t<div class=\"resource-description\">\r\n\t\t\t\t\t\t\t<p>Pr\u00e4sentationsfolien vom Care Leaver Progression Partnership Development Day.<\/p>\n\t\t\t\t\t\t<\/div>\t\t\t\t\t\t\r\n\t\t\t\t\t<\/div>\r\n\t\t\t\t<\/div>\r\n\t\t\t<\/a>\r\n\t\t<\/div><!--end item-->\r\n\r\n\t\t\r\n\t\t\t\t<div class=\"col-sm-6 masonry__item\">\r\n\t\t\t<a href=\"https:\/\/careleaverpp.org\/de\/resources\/18plus\/\">\r\n\t\t\t\t<div class=\"card card-4\">\r\n\t\t\t\t\t<div class=\"card__image bg--white mhi\">\r\n\t\t\t\t\t\t<img loading=\"lazy\" decoding=\"async\" width=\"750\" height=\"500\" src=\"https:\/\/careleaverpp.org\/wp-content\/uploads\/2019\/06\/18plus.jpg\" class=\"attachment-large size-large wp-post-image\" alt=\"18plus Leaving Care Service\" srcset=\"https:\/\/careleaverpp.org\/wp-content\/uploads\/2019\/06\/18plus.jpg 750w, https:\/\/careleaverpp.org\/wp-content\/uploads\/2019\/06\/18plus-200x133.jpg 200w, https:\/\/careleaverpp.org\/wp-content\/uploads\/2019\/06\/18plus-300x200.jpg 300w\" sizes=\"auto, (max-width: 750px) 100vw, 750px\" \/>\t\t\t\t\t<\/div>\r\n\t\t\t\t\t<div class=\"card__body boxed boxed--sm bg--white mh\">\r\n\t\t\t\t\t\t<div class=\"resource-title\">\r\n\t\t\t\t\t\t\t<h4>18+ Leaving Care-Pr\u00e4sentation<\/h4>\t\t\t\t\t\t<\/div>\r\n\t\t\t\t\t\t<hr>\r\n\t\t\t\t\t\t<div class=\"resource-description\">\r\n\t\t\t\t\t\t\t<p>Pr\u00e4sentationsfolien vom Care Leaver Progression Partnership Development Day.<\/p>\n\t\t\t\t\t\t<\/div>\t\t\t\t\t\t\r\n\t\t\t\t\t<\/div>\r\n\t\t\t\t<\/div>\r\n\t\t\t<\/a>\r\n\t\t<\/div><!--end item-->\r\n\r\n\t\t\r\n\t\t\t\t<div class=\"col-sm-6 masonry__item\">\r\n\t\t\t<a href=\"https:\/\/careleaverpp.org\/de\/resources\/domestic-abuse\/\">\r\n\t\t\t\t<div class=\"card card-4\">\r\n\t\t\t\t\t<div class=\"card__image bg--white mhi\">\r\n\t\t\t\t\t\t<img loading=\"lazy\" decoding=\"async\" width=\"750\" height=\"500\" src=\"https:\/\/careleaverpp.org\/wp-content\/uploads\/2019\/06\/dv.jpg\" class=\"attachment-large size-large wp-post-image\" alt=\"Domestic Violence Presentation\" srcset=\"https:\/\/careleaverpp.org\/wp-content\/uploads\/2019\/06\/dv.jpg 750w, https:\/\/careleaverpp.org\/wp-content\/uploads\/2019\/06\/dv-200x133.jpg 200w, https:\/\/careleaverpp.org\/wp-content\/uploads\/2019\/06\/dv-300x200.jpg 300w\" sizes=\"auto, (max-width: 750px) 100vw, 750px\" \/>\t\t\t\t\t<\/div>\r\n\t\t\t\t\t<div class=\"card__body boxed boxed--sm bg--white mh\">\r\n\t\t\t\t\t\t<div class=\"resource-title\">\r\n\t\t\t\t\t\t\t<h4>Pr\u00e4sentation zu h\u00e4uslicher Gewalt<\/h4>\t\t\t\t\t\t<\/div>\r\n\t\t\t\t\t\t<hr>\r\n\t\t\t\t\t\t<div class=\"resource-description\">\r\n\t\t\t\t\t\t\t<p>Pr\u00e4sentationsfolien vom Care Leaver Progression Partnership Development Day.<\/p>\n\t\t\t\t\t\t<\/div>\t\t\t\t\t\t\r\n\t\t\t\t\t<\/div>\r\n\t\t\t\t<\/div>\r\n\t\t\t<\/a>\r\n\t\t<\/div><!--end item-->\r\n\r\n\t\t\r\n\t\t\t\t<div class=\"col-sm-6 masonry__item\">\r\n\t\t\t<a href=\"https:\/\/careleaverpp.org\/de\/resources\/cicss\/\">\r\n\t\t\t\t<div class=\"card card-4\">\r\n\t\t\t\t\t<div class=\"card__image bg--white mhi\">\r\n\t\t\t\t\t\t<img loading=\"lazy\" decoding=\"async\" width=\"750\" height=\"500\" src=\"https:\/\/careleaverpp.org\/wp-content\/uploads\/2019\/06\/cicss.jpg\" class=\"attachment-large size-large wp-post-image\" alt=\"CICSS\" srcset=\"https:\/\/careleaverpp.org\/wp-content\/uploads\/2019\/06\/cicss.jpg 750w, https:\/\/careleaverpp.org\/wp-content\/uploads\/2019\/06\/cicss-200x133.jpg 200w, https:\/\/careleaverpp.org\/wp-content\/uploads\/2019\/06\/cicss-300x200.jpg 300w\" sizes=\"auto, (max-width: 750px) 100vw, 750px\" \/>\t\t\t\t\t<\/div>\r\n\t\t\t\t\t<div class=\"card__body boxed boxed--sm bg--white mh\">\r\n\t\t\t\t\t\t<div class=\"resource-title\">\r\n\t\t\t\t\t\t\t<h4>Suffizienzstrategie des Kent County Council<\/h4>\t\t\t\t\t\t<\/div>\r\n\t\t\t\t\t\t<hr>\r\n\t\t\t\t\t\t<div class=\"resource-description\">\r\n\t\t\t\t\t\t\t<p>Die Suffizienzstrategie (2019 \u2013 2022) des Kent County Council legt ihren Ansatz dar, um der gesetzlichen Verantwortung gerecht zu werden, sichere, sichere und\u2026<\/p>\n\t\t\t\t\t\t<\/div>\t\t\t\t\t\t\r\n\t\t\t\t\t<\/div>\r\n\t\t\t\t<\/div>\r\n\t\t\t<\/a>\r\n\t\t<\/div><!--end item-->\r\n\r\n\t\t\r\n\t\t\t\t<div class=\"col-sm-6 masonry__item\">\r\n\t\t\t<a href=\"https:\/\/careleaverpp.org\/de\/resources\/12-by-24\/\">\r\n\t\t\t\t<div class=\"card card-4\">\r\n\t\t\t\t\t<div class=\"card__image bg--white mhi\">\r\n\t\t\t\t\t\t<img loading=\"lazy\" decoding=\"async\" width=\"750\" height=\"500\" src=\"https:\/\/careleaverpp.org\/wp-content\/uploads\/2019\/06\/12x24.png\" class=\"attachment-large size-large wp-post-image\" alt=\"The Centre for Social Justice&#039;s 12 by 24 paper\" srcset=\"https:\/\/careleaverpp.org\/wp-content\/uploads\/2019\/06\/12x24.png 750w, https:\/\/careleaverpp.org\/wp-content\/uploads\/2019\/06\/12x24-200x133.png 200w, https:\/\/careleaverpp.org\/wp-content\/uploads\/2019\/06\/12x24-300x200.png 300w\" sizes=\"auto, (max-width: 750px) 100vw, 750px\" \/>\t\t\t\t\t<\/div>\r\n\t\t\t\t\t<div class=\"card__body boxed boxed--sm bg--white mh\">\r\n\t\t\t\t\t\t<div class=\"resource-title\">\r\n\t\t\t\t\t\t\t<h4>12 mal 24<\/h4>\t\t\t\t\t\t<\/div>\r\n\t\t\t\t\t\t<hr>\r\n\t\t\t\t\t\t<div class=\"resource-description\">\r\n\t\t\t\t\t\t\t<p>Das 12 x 24-Papier des Center for Social Justice; Wir unterst\u00fctzen das 12-mal-24-Versprechen, die Zahl der 19- bis 21-J\u00e4hrigen zu verdoppeln\u2026<\/p>\n\t\t\t\t\t\t<\/div>\t\t\t\t\t\t\r\n\t\t\t\t\t<\/div>\r\n\t\t\t\t<\/div>\r\n\t\t\t<\/a>\r\n\t\t<\/div><!--end item-->\r\n\r\n\t\t\r\n\t\t\t\t<div class=\"col-sm-6 masonry__item\">\r\n\t\t\t<a href=\"https:\/\/careleaverpp.org\/de\/resources\/family-matters\/\">\r\n\t\t\t\t<div class=\"card card-4\">\r\n\t\t\t\t\t<div class=\"card__image bg--white mhi\">\r\n\t\t\t\t\t\t<img loading=\"lazy\" decoding=\"async\" width=\"750\" height=\"500\" src=\"https:\/\/careleaverpp.org\/wp-content\/uploads\/2019\/01\/Family-matters.jpg\" class=\"attachment-large size-large wp-post-image\" alt=\"Family matters report\" srcset=\"https:\/\/careleaverpp.org\/wp-content\/uploads\/2019\/01\/Family-matters.jpg 750w, https:\/\/careleaverpp.org\/wp-content\/uploads\/2019\/01\/Family-matters-200x133.jpg 200w, https:\/\/careleaverpp.org\/wp-content\/uploads\/2019\/01\/Family-matters-300x200.jpg 300w\" sizes=\"auto, (max-width: 750px) 100vw, 750px\" \/>\t\t\t\t\t<\/div>\r\n\t\t\t\t\t<div class=\"card__body boxed boxed--sm bg--white mh\">\r\n\t\t\t\t\t\t<div class=\"resource-title\">\r\n\t\t\t\t\t\t\t<h4>Familienangelegenheiten<\/h4>\t\t\t\t\t\t<\/div>\r\n\t\t\t\t\t\t<hr>\r\n\t\t\t\t\t\t<div class=\"resource-description\">\r\n\t\t\t\t\t\t\t<p>Eine Untersuchung der Rolle und Bedeutung famili\u00e4rer Beziehungen f\u00fcr Studenten in der britischen Hochschulbildung.<\/p>\n\t\t\t\t\t\t<\/div>\t\t\t\t\t\t\r\n\t\t\t\t\t<\/div>\r\n\t\t\t\t<\/div>\r\n\t\t\t<\/a>\r\n\t\t<\/div><!--end item-->\r\n\r\n\t\t\r\n\t\t\t\t<div class=\"col-sm-6 masonry__item\">\r\n\t\t\t<a href=\"https:\/\/careleaverpp.org\/de\/resources\/young-peoples-views-on-social-care\/\">\r\n\t\t\t\t<div class=\"card card-4\">\r\n\t\t\t\t\t<div class=\"card__image bg--white mhi\">\r\n\t\t\t\t\t\t<img loading=\"lazy\" decoding=\"async\" width=\"750\" height=\"500\" src=\"https:\/\/careleaverpp.org\/wp-content\/uploads\/2019\/01\/Social-care-views.jpg\" class=\"attachment-large size-large wp-post-image\" alt=\"Social care views report\" srcset=\"https:\/\/careleaverpp.org\/wp-content\/uploads\/2019\/01\/Social-care-views.jpg 750w, https:\/\/careleaverpp.org\/wp-content\/uploads\/2019\/01\/Social-care-views-200x133.jpg 200w, https:\/\/careleaverpp.org\/wp-content\/uploads\/2019\/01\/Social-care-views-300x200.jpg 300w\" sizes=\"auto, (max-width: 750px) 100vw, 750px\" \/>\t\t\t\t\t<\/div>\r\n\t\t\t\t\t<div class=\"card__body boxed boxed--sm bg--white mh\">\r\n\t\t\t\t\t\t<div class=\"resource-title\">\r\n\t\t\t\t\t\t\t<h4>Ansichten junger Menschen zur Sozialf\u00fcrsorge<\/h4>\t\t\t\t\t\t<\/div>\r\n\t\t\t\t\t\t<hr>\r\n\t\t\t\t\t\t<div class=\"resource-description\">\r\n\t\t\t\t\t\t\t<p>Die Erfahrungen junger Menschen mit Sozialf\u00fcrsorge und ihre Ansichten dar\u00fcber, was Sozialarbeiter lernen m\u00fcssen, werden hier durch Bilder gezeigt.<\/p>\n\t\t\t\t\t\t<\/div>\t\t\t\t\t\t\r\n\t\t\t\t\t<\/div>\r\n\t\t\t\t<\/div>\r\n\t\t\t<\/a>\r\n\t\t<\/div><!--end item-->\r\n\r\n\t\t\r\n\t\t\t\t<div class=\"col-sm-6 masonry__item\">\r\n\t\t\t<a href=\"https:\/\/careleaverpp.org\/de\/resources\/our-lives-our-care\/\">\r\n\t\t\t\t<div class=\"card card-4\">\r\n\t\t\t\t\t<div class=\"card__image bg--white mhi\">\r\n\t\t\t\t\t\t<img loading=\"lazy\" decoding=\"async\" width=\"750\" height=\"500\" src=\"https:\/\/careleaverpp.org\/wp-content\/uploads\/2018\/12\/Our-lives-our-care.jpg\" class=\"attachment-large size-large wp-post-image\" alt=\"Our Lives Our Care statistics\" srcset=\"https:\/\/careleaverpp.org\/wp-content\/uploads\/2018\/12\/Our-lives-our-care.jpg 750w, https:\/\/careleaverpp.org\/wp-content\/uploads\/2018\/12\/Our-lives-our-care-200x133.jpg 200w, https:\/\/careleaverpp.org\/wp-content\/uploads\/2018\/12\/Our-lives-our-care-300x200.jpg 300w\" sizes=\"auto, (max-width: 750px) 100vw, 750px\" \/>\t\t\t\t\t<\/div>\r\n\t\t\t\t\t<div class=\"card__body boxed boxed--sm bg--white mh\">\r\n\t\t\t\t\t\t<div class=\"resource-title\">\r\n\t\t\t\t\t\t\t<h4>Unser Leben, unsere F\u00fcrsorge<\/h4>\t\t\t\t\t\t<\/div>\r\n\t\t\t\t\t\t<hr>\r\n\t\t\t\t\t\t<div class=\"resource-description\">\r\n\t\t\t\t\t\t\t<p>Momentaufnahme der Umfrageergebnisse zum Wohlbefinden von Coram Voice.<\/p>\n\t\t\t\t\t\t<\/div>\t\t\t\t\t\t\r\n\t\t\t\t\t<\/div>\r\n\t\t\t\t<\/div>\r\n\t\t\t<\/a>\r\n\t\t<\/div><!--end item-->\r\n\r\n\t\t\r\n\t\t\t\t<div class=\"col-sm-6 masonry__item\">\r\n\t\t\t<a href=\"https:\/\/careleaverpp.org\/de\/resources\/briefing-paper-support-for-care-leavers\/\">\r\n\t\t\t\t<div class=\"card card-4\">\r\n\t\t\t\t\t<div class=\"card__image bg--white mhi\">\r\n\t\t\t\t\t\t<img loading=\"lazy\" decoding=\"async\" width=\"750\" height=\"500\" src=\"https:\/\/careleaverpp.org\/wp-content\/uploads\/2018\/12\/House-of-commons.jpg\" class=\"attachment-large size-large wp-post-image\" alt=\"House of commons briefing paper on care leavers\" srcset=\"https:\/\/careleaverpp.org\/wp-content\/uploads\/2018\/12\/House-of-commons.jpg 750w, https:\/\/careleaverpp.org\/wp-content\/uploads\/2018\/12\/House-of-commons-200x133.jpg 200w, https:\/\/careleaverpp.org\/wp-content\/uploads\/2018\/12\/House-of-commons-300x200.jpg 300w\" sizes=\"auto, (max-width: 750px) 100vw, 750px\" \/>\t\t\t\t\t<\/div>\r\n\t\t\t\t\t<div class=\"card__body boxed boxed--sm bg--white mh\">\r\n\t\t\t\t\t\t<div class=\"resource-title\">\r\n\t\t\t\t\t\t\t<h4>Briefing Paper \u2013 Unterst\u00fctzung f\u00fcr Care Leaver<\/h4>\t\t\t\t\t\t<\/div>\r\n\t\t\t\t\t\t<hr>\r\n\t\t\t\t\t\t<div class=\"resource-description\">\r\n\t\t\t\t\t\t\t<p>Zusammenfassung der Entwicklung relevanter Regierungspolitiken.<\/p>\n\t\t\t\t\t\t<\/div>\t\t\t\t\t\t\r\n\t\t\t\t\t<\/div>\r\n\t\t\t\t<\/div>\r\n\t\t\t<\/a>\r\n\t\t<\/div><!--end item-->\r\n\r\n\t\t\r\n\t\t\t\t<div class=\"col-sm-6 masonry__item\">\r\n\t\t\t<a href=\"https:\/\/careleaverpp.org\/de\/resources\/kent-cares-town\/\">\r\n\t\t\t\t<div class=\"card card-4\">\r\n\t\t\t\t\t<div class=\"card__image bg--white mhi\">\r\n\t\t\t\t\t\t<img loading=\"lazy\" decoding=\"async\" width=\"750\" height=\"500\" src=\"https:\/\/careleaverpp.org\/wp-content\/uploads\/2019\/01\/Kent-Cares-Town.jpg\" class=\"attachment-large size-large wp-post-image\" alt=\"Kent Cares Town website\" srcset=\"https:\/\/careleaverpp.org\/wp-content\/uploads\/2019\/01\/Kent-Cares-Town.jpg 750w, https:\/\/careleaverpp.org\/wp-content\/uploads\/2019\/01\/Kent-Cares-Town-200x133.jpg 200w, https:\/\/careleaverpp.org\/wp-content\/uploads\/2019\/01\/Kent-Cares-Town-300x200.jpg 300w\" sizes=\"auto, (max-width: 750px) 100vw, 750px\" \/>\t\t\t\t\t<\/div>\r\n\t\t\t\t\t<div class=\"card__body boxed boxed--sm bg--white mh\">\r\n\t\t\t\t\t\t<div class=\"resource-title\">\r\n\t\t\t\t\t\t\t<h4>Kent k\u00fcmmert sich um die Stadt<\/h4>\t\t\t\t\t\t<\/div>\r\n\t\t\t\t\t\t<hr>\r\n\t\t\t\t\t\t<div class=\"resource-description\">\r\n\t\t\t\t\t\t\t<p>Aktualisierte Website der Virtual School Kent f\u00fcr Pflegekinder und Care Leaver.<\/p>\n\t\t\t\t\t\t<\/div>\t\t\t\t\t\t\r\n\t\t\t\t\t<\/div>\r\n\t\t\t\t<\/div>\r\n\t\t\t<\/a>\r\n\t\t<\/div><!--end item-->\r\n\r\n\t\t\r\n\t\t\t\t<div class=\"col-sm-6 masonry__item\">\r\n\t\t\t<a href=\"https:\/\/careleaverpp.org\/de\/resources\/advocacy-and-you\/\">\r\n\t\t\t\t<div class=\"card card-4\">\r\n\t\t\t\t\t<div class=\"card__image bg--white mhi\">\r\n\t\t\t\t\t\t<img loading=\"lazy\" decoding=\"async\" width=\"750\" height=\"500\" src=\"https:\/\/careleaverpp.org\/wp-content\/uploads\/2018\/12\/Advocacy-1.jpg\" class=\"attachment-large size-large wp-post-image\" alt=\"Advocacy and you leaflet\" srcset=\"https:\/\/careleaverpp.org\/wp-content\/uploads\/2018\/12\/Advocacy-1.jpg 750w, https:\/\/careleaverpp.org\/wp-content\/uploads\/2018\/12\/Advocacy-1-200x133.jpg 200w, https:\/\/careleaverpp.org\/wp-content\/uploads\/2018\/12\/Advocacy-1-300x200.jpg 300w\" sizes=\"auto, (max-width: 750px) 100vw, 750px\" \/>\t\t\t\t\t<\/div>\r\n\t\t\t\t\t<div class=\"card__body boxed boxed--sm bg--white mh\">\r\n\t\t\t\t\t\t<div class=\"resource-title\">\r\n\t\t\t\t\t\t\t<h4>Interessenvertretung und Sie<\/h4>\t\t\t\t\t\t<\/div>\r\n\t\t\t\t\t\t<hr>\r\n\t\t\t\t\t\t<div class=\"resource-description\">\r\n\t\t\t\t\t\t\t<p>Informationen f\u00fcr Kinder und Jugendliche.<\/p>\n\t\t\t\t\t\t<\/div>\t\t\t\t\t\t\r\n\t\t\t\t\t<\/div>\r\n\t\t\t\t<\/div>\r\n\t\t\t<\/a>\r\n\t\t<\/div><!--end item-->\r\n\r\n\t\t\r\n\t\t\t\t<div class=\"col-sm-6 masonry__item\">\r\n\t\t\t<a href=\"https:\/\/careleaverpp.org\/de\/resources\/latest-looked-after-children-statistics\/\">\r\n\t\t\t\t<div class=\"card card-4\">\r\n\t\t\t\t\t<div class=\"card__image bg--white mhi\">\r\n\t\t\t\t\t\t<img loading=\"lazy\" decoding=\"async\" width=\"750\" height=\"500\" src=\"https:\/\/careleaverpp.org\/wp-content\/uploads\/2018\/12\/Statistics.jpg\" class=\"attachment-large size-large wp-post-image\" alt=\"Report from National Statistics about looked after children\" srcset=\"https:\/\/careleaverpp.org\/wp-content\/uploads\/2018\/12\/Statistics.jpg 750w, https:\/\/careleaverpp.org\/wp-content\/uploads\/2018\/12\/Statistics-200x133.jpg 200w, https:\/\/careleaverpp.org\/wp-content\/uploads\/2018\/12\/Statistics-300x200.jpg 300w\" sizes=\"auto, (max-width: 750px) 100vw, 750px\" \/>\t\t\t\t\t<\/div>\r\n\t\t\t\t\t<div class=\"card__body boxed boxed--sm bg--white mh\">\r\n\t\t\t\t\t\t<div class=\"resource-title\">\r\n\t\t\t\t\t\t\t<h4>Neueste Statistiken zu betreuten Kindern<\/h4>\t\t\t\t\t\t<\/div>\r\n\t\t\t\t\t\t<hr>\r\n\t\t\t\t\t\t<div class=\"resource-description\">\r\n\t\t\t\t\t\t\t<p>Neueste nationale statistische Zahlen des Bildungsministeriums zeigen, dass die Zahl der betreuten Kinder weiter steigt.<\/p>\n\t\t\t\t\t\t<\/div>\t\t\t\t\t\t\r\n\t\t\t\t\t<\/div>\r\n\t\t\t\t<\/div>\r\n\t\t\t<\/a>\r\n\t\t<\/div><!--end item-->\r\n\r\n\t\t\r\n\t\t\t\t<div class=\"col-sm-6 masonry__item\">\r\n\t\t\t<a href=\"https:\/\/careleaverpp.org\/de\/resources\/skills-support-for-care-leavers\/\">\r\n\t\t\t\t<div class=\"card card-4\">\r\n\t\t\t\t\t<div class=\"card__image bg--white mhi\">\r\n\t\t\t\t\t\t<img loading=\"lazy\" decoding=\"async\" width=\"750\" height=\"500\" src=\"https:\/\/careleaverpp.org\/wp-content\/uploads\/2018\/12\/Skills-support.jpg\" class=\"attachment-large size-large wp-post-image\" alt=\"Skills support website\" srcset=\"https:\/\/careleaverpp.org\/wp-content\/uploads\/2018\/12\/Skills-support.jpg 750w, https:\/\/careleaverpp.org\/wp-content\/uploads\/2018\/12\/Skills-support-200x133.jpg 200w, https:\/\/careleaverpp.org\/wp-content\/uploads\/2018\/12\/Skills-support-300x200.jpg 300w\" sizes=\"auto, (max-width: 750px) 100vw, 750px\" \/>\t\t\t\t\t<\/div>\r\n\t\t\t\t\t<div class=\"card__body boxed boxed--sm bg--white mh\">\r\n\t\t\t\t\t\t<div class=\"resource-title\">\r\n\t\t\t\t\t\t\t<h4>Kompetenzunterst\u00fctzung f\u00fcr Care Leaver<\/h4>\t\t\t\t\t\t<\/div>\r\n\t\t\t\t\t\t<hr>\r\n\t\t\t\t\t\t<div class=\"resource-description\">\r\n\t\t\t\t\t\t\t<p>Diese Website des Learning &amp; Work Institute informiert \u00fcber die verschiedenen Lern-, Ausbildungs- und Besch\u00e4ftigungsm\u00f6glichkeiten f\u00fcr Care Leaver.<\/p>\n\t\t\t\t\t\t<\/div>\t\t\t\t\t\t\r\n\t\t\t\t\t<\/div>\r\n\t\t\t\t<\/div>\r\n\t\t\t<\/a>\r\n\t\t<\/div><!--end item-->\r\n\r\n\t\t\r\n\t\t\t\t<div class=\"col-sm-6 masonry__item\">\r\n\t\t\t<a href=\"https:\/\/careleaverpp.org\/de\/resources\/become-charity-resources\/\">\r\n\t\t\t\t<div class=\"card card-4\">\r\n\t\t\t\t\t<div class=\"card__image bg--white mhi\">\r\n\t\t\t\t\t\t<img loading=\"lazy\" decoding=\"async\" width=\"750\" height=\"500\" src=\"https:\/\/careleaverpp.org\/wp-content\/uploads\/2018\/12\/become.jpg\" class=\"attachment-large size-large wp-post-image\" alt=\"Become charity logo\" srcset=\"https:\/\/careleaverpp.org\/wp-content\/uploads\/2018\/12\/become.jpg 750w, https:\/\/careleaverpp.org\/wp-content\/uploads\/2018\/12\/become-200x133.jpg 200w, https:\/\/careleaverpp.org\/wp-content\/uploads\/2018\/12\/become-300x200.jpg 300w\" sizes=\"auto, (max-width: 750px) 100vw, 750px\" \/>\t\t\t\t\t<\/div>\r\n\t\t\t\t\t<div class=\"card__body boxed boxed--sm bg--white mh\">\r\n\t\t\t\t\t\t<div class=\"resource-title\">\r\n\t\t\t\t\t\t\t<h4>Werden Sie Wohlt\u00e4tigkeitsorganisation \u2013 Ressourcen<\/h4>\t\t\t\t\t\t<\/div>\r\n\t\t\t\t\t\t<hr>\r\n\t\t\t\t\t\t<div class=\"resource-description\">\r\n\t\t\t\t\t\t\t<p>Become, eine f\u00fchrende Wohlt\u00e4tigkeitsorganisation, die Kinder in Pflege und Pflegebed\u00fcrftige unterst\u00fctzt, bietet auf ihrer Website eine Reihe hilfreicher Ressourcen.<\/p>\n\t\t\t\t\t\t<\/div>\t\t\t\t\t\t\r\n\t\t\t\t\t<\/div>\r\n\t\t\t\t<\/div>\r\n\t\t\t<\/a>\r\n\t\t<\/div><!--end item-->\r\n\r\n\t\t\r\n\t\t\t\t<div class=\"col-sm-6 masonry__item\">\r\n\t\t\t<a href=\"https:\/\/careleaverpp.org\/de\/resources\/childrens-commisioner\/\">\r\n\t\t\t\t<div class=\"card card-4\">\r\n\t\t\t\t\t<div class=\"card__image bg--white mhi\">\r\n\t\t\t\t\t\t<img loading=\"lazy\" decoding=\"async\" width=\"750\" height=\"500\" src=\"https:\/\/careleaverpp.org\/wp-content\/uploads\/2018\/12\/Childrens-commissioner.png\" class=\"attachment-large size-large wp-post-image\" alt=\"Children&#039;s Commissioner logo\" srcset=\"https:\/\/careleaverpp.org\/wp-content\/uploads\/2018\/12\/Childrens-commissioner.png 750w, https:\/\/careleaverpp.org\/wp-content\/uploads\/2018\/12\/Childrens-commissioner-200x133.png 200w, https:\/\/careleaverpp.org\/wp-content\/uploads\/2018\/12\/Childrens-commissioner-300x200.png 300w\" sizes=\"auto, (max-width: 750px) 100vw, 750px\" \/>\t\t\t\t\t<\/div>\r\n\t\t\t\t\t<div class=\"card__body boxed boxed--sm bg--white mh\">\r\n\t\t\t\t\t\t<div class=\"resource-title\">\r\n\t\t\t\t\t\t\t<h4>Kinderbeauftragter<\/h4>\t\t\t\t\t\t<\/div>\r\n\t\t\t\t\t\t<hr>\r\n\t\t\t\t\t\t<div class=\"resource-description\">\r\n\t\t\t\t\t\t\t<p>Die Website des Children&#039;s Commissioner for England bietet eine Reihe von Informationen f\u00fcr Care Leaver zu Rechten und Unterst\u00fctzung.<\/p>\n\t\t\t\t\t\t<\/div>\t\t\t\t\t\t\r\n\t\t\t\t\t<\/div>\r\n\t\t\t\t<\/div>\r\n\t\t\t<\/a>\r\n\t\t<\/div><!--end item-->\r\n\r\n\t\t\r\n\t\t\t\t<div class=\"col-sm-6 masonry__item\">\r\n\t\t\t<a href=\"https:\/\/careleaverpp.org\/de\/resources\/young-lives-foundation\/\">\r\n\t\t\t\t<div class=\"card card-4\">\r\n\t\t\t\t\t<div class=\"card__image bg--white mhi\">\r\n\t\t\t\t\t\t<img loading=\"lazy\" decoding=\"async\" width=\"750\" height=\"500\" src=\"https:\/\/careleaverpp.org\/wp-content\/uploads\/2019\/01\/Young-lives.jpg\" class=\"attachment-large size-large wp-post-image\" alt=\"Young Lives Foundation website\" srcset=\"https:\/\/careleaverpp.org\/wp-content\/uploads\/2019\/01\/Young-lives.jpg 750w, https:\/\/careleaverpp.org\/wp-content\/uploads\/2019\/01\/Young-lives-200x133.jpg 200w, https:\/\/careleaverpp.org\/wp-content\/uploads\/2019\/01\/Young-lives-300x200.jpg 300w\" sizes=\"auto, (max-width: 750px) 100vw, 750px\" \/>\t\t\t\t\t<\/div>\r\n\t\t\t\t\t<div class=\"card__body boxed boxed--sm bg--white mh\">\r\n\t\t\t\t\t\t<div class=\"resource-title\">\r\n\t\t\t\t\t\t\t<h4>Young Lives-Stiftung<\/h4>\t\t\t\t\t\t<\/div>\r\n\t\t\t\t\t\t<hr>\r\n\t\t\t\t\t\t<div class=\"resource-description\">\r\n\t\t\t\t\t\t\t<p>Diese Wohlt\u00e4tigkeitsorganisation mit Sitz in Kent widmet sich der Erzielung wirksamer Ergebnisse im Leben gef\u00e4hrdeter und benachteiligter Kinder und Jugendlicher.<\/p>\n\t\t\t\t\t\t<\/div>\t\t\t\t\t\t\r\n\t\t\t\t\t<\/div>\r\n\t\t\t\t<\/div>\r\n\t\t\t<\/a>\r\n\t\t<\/div><!--end item-->\r\n\r\n\t\t\r\n\t\t\t\t<div class=\"col-sm-6 masonry__item\">\r\n\t\t\t<a href=\"https:\/\/careleaverpp.org\/de\/resources\/stand-alone-pledge-estranged-students\/\">\r\n\t\t\t\t<div class=\"card card-4\">\r\n\t\t\t\t\t<div class=\"card__image bg--white mhi\">\r\n\t\t\t\t\t\t<img loading=\"lazy\" decoding=\"async\" width=\"750\" height=\"500\" src=\"https:\/\/careleaverpp.org\/wp-content\/uploads\/2018\/12\/Stand-Alone.jpg\" class=\"attachment-large size-large wp-post-image\" alt=\"Stand Alone pledge leaflet\" srcset=\"https:\/\/careleaverpp.org\/wp-content\/uploads\/2018\/12\/Stand-Alone.jpg 750w, https:\/\/careleaverpp.org\/wp-content\/uploads\/2018\/12\/Stand-Alone-200x133.jpg 200w, https:\/\/careleaverpp.org\/wp-content\/uploads\/2018\/12\/Stand-Alone-300x200.jpg 300w\" sizes=\"auto, (max-width: 750px) 100vw, 750px\" \/>\t\t\t\t\t<\/div>\r\n\t\t\t\t\t<div class=\"card__body boxed boxed--sm bg--white mh\">\r\n\t\t\t\t\t\t<div class=\"resource-title\">\r\n\t\t\t\t\t\t\t<h4>Eigenst\u00e4ndiges Versprechen \u2013 Entfremdete Studenten<\/h4>\t\t\t\t\t\t<\/div>\r\n\t\t\t\t\t\t<hr>\r\n\t\t\t\t\t\t<div class=\"resource-description\">\r\n\t\t\t\t\t\t\t<p>Informationen zum Stand Alone Pledge f\u00fcr getrennt lebende Studierende.<\/p>\n\t\t\t\t\t\t<\/div>\t\t\t\t\t\t\r\n\t\t\t\t\t<\/div>\r\n\t\t\t\t<\/div>\r\n\t\t\t<\/a>\r\n\t\t<\/div><!--end item-->\r\n\r\n\t\t\r\n\t\t\t\t<div class=\"col-sm-6 masonry__item\">\r\n\t\t\t<a href=\"https:\/\/careleaverpp.org\/de\/resources\/growing-up-neglected-a-multi-agency-response-to-older-children\/\">\r\n\t\t\t\t<div class=\"card card-4\">\r\n\t\t\t\t\t<div class=\"card__image bg--white mhi\">\r\n\t\t\t\t\t\t<img loading=\"lazy\" decoding=\"async\" width=\"750\" height=\"500\" src=\"https:\/\/careleaverpp.org\/wp-content\/uploads\/2018\/07\/Neglected.jpg\" class=\"attachment-large size-large wp-post-image\" alt=\"Growing up neglected report\" srcset=\"https:\/\/careleaverpp.org\/wp-content\/uploads\/2018\/07\/Neglected.jpg 750w, https:\/\/careleaverpp.org\/wp-content\/uploads\/2018\/07\/Neglected-200x133.jpg 200w, https:\/\/careleaverpp.org\/wp-content\/uploads\/2018\/07\/Neglected-300x200.jpg 300w\" sizes=\"auto, (max-width: 750px) 100vw, 750px\" \/>\t\t\t\t\t<\/div>\r\n\t\t\t\t\t<div class=\"card__body boxed boxed--sm bg--white mh\">\r\n\t\t\t\t\t\t<div class=\"resource-title\">\r\n\t\t\t\t\t\t\t<h4>Vernachl\u00e4ssigtes Aufwachsen: Eine Antwort mehrerer Beh\u00f6rden auf \u00e4ltere Kinder<\/h4>\t\t\t\t\t\t<\/div>\r\n\t\t\t\t\t\t<hr>\r\n\t\t\t\t\t\t<div class=\"resource-description\">\r\n\t\t\t\t\t\t\t<p>Dieser Bericht berichtet \u00fcber das dritte gemeinsame gezielte Gebietsinspektionsprogramm und untersucht \u201edie beh\u00f6rden\u00fcbergreifende Reaktion auf \u00e4ltere Kinder, die mit\u2026<\/p>\n\t\t\t\t\t\t<\/div>\t\t\t\t\t\t\r\n\t\t\t\t\t<\/div>\r\n\t\t\t\t<\/div>\r\n\t\t\t<\/a>\r\n\t\t<\/div><!--end item-->\r\n\r\n\t\t\r\n\t\t\t\t<div class=\"col-sm-6 masonry__item\">\r\n\t\t\t<a href=\"https:\/\/careleaverpp.org\/de\/resources\/kent-saife-supported-accommodation-in-a-family-environment\/\">\r\n\t\t\t\t<div class=\"card card-4\">\r\n\t\t\t\t\t<div class=\"card__image bg--white mhi\">\r\n\t\t\t\t\t\t<img loading=\"lazy\" decoding=\"async\" width=\"750\" height=\"500\" src=\"https:\/\/careleaverpp.org\/wp-content\/uploads\/2018\/07\/Catch22-logo.jpg\" class=\"attachment-large size-large wp-post-image\" alt=\"\" srcset=\"https:\/\/careleaverpp.org\/wp-content\/uploads\/2018\/07\/Catch22-logo.jpg 750w, https:\/\/careleaverpp.org\/wp-content\/uploads\/2018\/07\/Catch22-logo-200x133.jpg 200w, https:\/\/careleaverpp.org\/wp-content\/uploads\/2018\/07\/Catch22-logo-300x200.jpg 300w\" sizes=\"auto, (max-width: 750px) 100vw, 750px\" \/>\t\t\t\t\t<\/div>\r\n\t\t\t\t\t<div class=\"card__body boxed boxed--sm bg--white mh\">\r\n\t\t\t\t\t\t<div class=\"resource-title\">\r\n\t\t\t\t\t\t\t<h4>Kent SAiFE (Betreutes Wohnen in famili\u00e4rer Umgebung)<\/h4>\t\t\t\t\t\t<\/div>\r\n\t\t\t\t\t\t<hr>\r\n\t\t\t\t\t\t<div class=\"resource-description\">\r\n\t\t\t\t\t\t\t<p>Unterbringung und Unterst\u00fctzung f\u00fcr junge Menschen in ganz Kent, um ihnen den erfolgreichen \u00dcbergang von der Pflege in die Selbst\u00e4ndigkeit zu erm\u00f6glichen.<\/p>\n\t\t\t\t\t\t<\/div>\t\t\t\t\t\t\r\n\t\t\t\t\t<\/div>\r\n\t\t\t\t<\/div>\r\n\t\t\t<\/a>\r\n\t\t<\/div><!--end item-->\r\n\r\n\t\t\r\n\t\t\t\t<div class=\"col-sm-6 masonry__item\">\r\n\t\t\t<a href=\"https:\/\/careleaverpp.org\/de\/resources\/supporting-care-leavers-toolkit\/\">\r\n\t\t\t\t<div class=\"card card-4\">\r\n\t\t\t\t\t<div class=\"card__image bg--white mhi\">\r\n\t\t\t\t\t\t<img loading=\"lazy\" decoding=\"async\" width=\"750\" height=\"500\" src=\"https:\/\/careleaverpp.org\/wp-content\/uploads\/2018\/07\/UCAS-logo.jpg\" class=\"attachment-large size-large wp-post-image\" alt=\"UCAS logo\" srcset=\"https:\/\/careleaverpp.org\/wp-content\/uploads\/2018\/07\/UCAS-logo.jpg 750w, https:\/\/careleaverpp.org\/wp-content\/uploads\/2018\/07\/UCAS-logo-200x133.jpg 200w, https:\/\/careleaverpp.org\/wp-content\/uploads\/2018\/07\/UCAS-logo-300x200.jpg 300w\" sizes=\"auto, (max-width: 750px) 100vw, 750px\" \/>\t\t\t\t\t<\/div>\r\n\t\t\t\t\t<div class=\"card__body boxed boxed--sm bg--white mh\">\r\n\t\t\t\t\t\t<div class=\"resource-title\">\r\n\t\t\t\t\t\t\t<h4>Toolkit f\u00fcr Care Leaver unterst\u00fctzen<\/h4>\t\t\t\t\t\t<\/div>\r\n\t\t\t\t\t\t<hr>\r\n\t\t\t\t\t\t<div class=\"resource-description\">\r\n\t\t\t\t\t\t\t<p>Eine Reihe von Informationen und Ratschl\u00e4gen von UCAS, um Sie bei der Unterst\u00fctzung von Care Leavern zu unterst\u00fctzen, die sich f\u00fcr eine Hochschulausbildung bewerben.<\/p>\n\t\t\t\t\t\t<\/div>\t\t\t\t\t\t\r\n\t\t\t\t\t<\/div>\r\n\t\t\t\t<\/div>\r\n\t\t\t<\/a>\r\n\t\t<\/div><!--end item-->\r\n\r\n\t\t\r\n\t\t\t\t<div class=\"col-sm-6 masonry__item\">\r\n\t\t\t<a href=\"https:\/\/careleaverpp.org\/de\/resources\/always-heard-helpline\/\">\r\n\t\t\t\t<div class=\"card card-4\">\r\n\t\t\t\t\t<div class=\"card__image bg--white mhi\">\r\n\t\t\t\t\t\t<img loading=\"lazy\" decoding=\"async\" width=\"750\" height=\"500\" src=\"https:\/\/careleaverpp.org\/wp-content\/uploads\/2018\/07\/Coram-Voice.jpg\" class=\"attachment-large size-large wp-post-image\" alt=\"Coram Voice logo\" srcset=\"https:\/\/careleaverpp.org\/wp-content\/uploads\/2018\/07\/Coram-Voice.jpg 750w, https:\/\/careleaverpp.org\/wp-content\/uploads\/2018\/07\/Coram-Voice-200x133.jpg 200w, https:\/\/careleaverpp.org\/wp-content\/uploads\/2018\/07\/Coram-Voice-300x200.jpg 300w\" sizes=\"auto, (max-width: 750px) 100vw, 750px\" \/>\t\t\t\t\t<\/div>\r\n\t\t\t\t\t<div class=\"card__body boxed boxed--sm bg--white mh\">\r\n\t\t\t\t\t\t<div class=\"resource-title\">\r\n\t\t\t\t\t\t\t<h4>Immer geh\u00f6rte Hotline<\/h4>\t\t\t\t\t\t<\/div>\r\n\t\t\t\t\t\t<hr>\r\n\t\t\t\t\t\t<div class=\"resource-description\">\r\n\t\t\t\t\t\t\t<p>Coram Voice betreibt eine kostenlose Hotline f\u00fcr Care Leaver, um sich \u00fcber ihre Rechte zu informieren.<\/p>\n\t\t\t\t\t\t<\/div>\t\t\t\t\t\t\r\n\t\t\t\t\t<\/div>\r\n\t\t\t\t<\/div>\r\n\t\t\t<\/a>\r\n\t\t<\/div><!--end item-->\r\n\r\n\t\t\r\n\t\t\t\t<div class=\"col-sm-6 masonry__item\">\r\n\t\t\t<a href=\"https:\/\/careleaverpp.org\/de\/resources\/how-safe-are-our-children-2\/\">\r\n\t\t\t\t<div class=\"card card-4\">\r\n\t\t\t\t\t<div class=\"card__image bg--white mhi\">\r\n\t\t\t\t\t\t<img loading=\"lazy\" decoding=\"async\" width=\"750\" height=\"500\" src=\"https:\/\/careleaverpp.org\/wp-content\/uploads\/2018\/07\/NSPCC-report.jpg\" class=\"attachment-large size-large wp-post-image\" alt=\"NSPCC report\" srcset=\"https:\/\/careleaverpp.org\/wp-content\/uploads\/2018\/07\/NSPCC-report.jpg 750w, https:\/\/careleaverpp.org\/wp-content\/uploads\/2018\/07\/NSPCC-report-200x133.jpg 200w, https:\/\/careleaverpp.org\/wp-content\/uploads\/2018\/07\/NSPCC-report-300x200.jpg 300w\" sizes=\"auto, (max-width: 750px) 100vw, 750px\" \/>\t\t\t\t\t<\/div>\r\n\t\t\t\t\t<div class=\"card__body boxed boxed--sm bg--white mh\">\r\n\t\t\t\t\t\t<div class=\"resource-title\">\r\n\t\t\t\t\t\t\t<h4>Wie sicher sind unsere Kinder?<\/h4>\t\t\t\t\t\t<\/div>\r\n\t\t\t\t\t\t<hr>\r\n\t\t\t\t\t\t<div class=\"resource-description\">\r\n\t\t\t\t\t\t\t<p>Ein umfassender \u00dcberblick \u00fcber den Kinderschutz im Vereinigten K\u00f6nigreich von der NSPCC. Bericht 2018.<\/p>\n\t\t\t\t\t\t<\/div>\t\t\t\t\t\t\r\n\t\t\t\t\t<\/div>\r\n\t\t\t\t<\/div>\r\n\t\t\t<\/a>\r\n\t\t<\/div><!--end item-->\r\n\r\n\t\t\r\n\t\t\t\t<div class=\"col-sm-6 masonry__item\">\r\n\t\t\t<a href=\"https:\/\/careleaverpp.org\/de\/resources\/grants-for-care-leavers\/\">\r\n\t\t\t\t<div class=\"card card-4\">\r\n\t\t\t\t\t<div class=\"card__image bg--white mhi\">\r\n\t\t\t\t\t\t<img loading=\"lazy\" decoding=\"async\" width=\"750\" height=\"500\" src=\"https:\/\/careleaverpp.org\/wp-content\/uploads\/2018\/07\/capstone-care-leavers-trust.jpg\" class=\"attachment-large size-large wp-post-image\" alt=\"Capstone care leavers trust logo\" srcset=\"https:\/\/careleaverpp.org\/wp-content\/uploads\/2018\/07\/capstone-care-leavers-trust.jpg 750w, https:\/\/careleaverpp.org\/wp-content\/uploads\/2018\/07\/capstone-care-leavers-trust-200x133.jpg 200w, https:\/\/careleaverpp.org\/wp-content\/uploads\/2018\/07\/capstone-care-leavers-trust-300x200.jpg 300w\" sizes=\"auto, (max-width: 750px) 100vw, 750px\" \/>\t\t\t\t\t<\/div>\r\n\t\t\t\t\t<div class=\"card__body boxed boxed--sm bg--white mh\">\r\n\t\t\t\t\t\t<div class=\"resource-title\">\r\n\t\t\t\t\t\t\t<h4>Zusch\u00fcsse f\u00fcr Care Leaver<\/h4>\t\t\t\t\t\t<\/div>\r\n\t\t\t\t\t\t<hr>\r\n\t\t\t\t\t\t<div class=\"resource-description\">\r\n\t\t\t\t\t\t\t<p>Der Capstone Care Leavers Trust (CCLT) vergibt Stipendien an pflegebed\u00fcrftige Menschen im Alter von 17 bis 25 Jahren.<\/p>\n\t\t\t\t\t\t<\/div>\t\t\t\t\t\t\r\n\t\t\t\t\t<\/div>\r\n\t\t\t\t<\/div>\r\n\t\t\t<\/a>\r\n\t\t<\/div><!--end item-->\r\n\r\n\t\t\r\n\t\t\t\t<div class=\"col-sm-6 masonry__item\">\r\n\t\t\t<a href=\"https:\/\/careleaverpp.org\/de\/resources\/education-pathways-refugee-and-asylum-seeking-children\/\">\r\n\t\t\t\t<div class=\"card card-4\">\r\n\t\t\t\t\t<div class=\"card__image bg--white mhi\">\r\n\t\t\t\t\t\t<img loading=\"lazy\" decoding=\"async\" width=\"750\" height=\"500\" src=\"https:\/\/careleaverpp.org\/wp-content\/uploads\/2018\/07\/Asylum.jpg\" class=\"attachment-large size-large wp-post-image\" alt=\"Education pathways research\" srcset=\"https:\/\/careleaverpp.org\/wp-content\/uploads\/2018\/07\/Asylum.jpg 750w, https:\/\/careleaverpp.org\/wp-content\/uploads\/2018\/07\/Asylum-200x133.jpg 200w, https:\/\/careleaverpp.org\/wp-content\/uploads\/2018\/07\/Asylum-300x200.jpg 300w\" sizes=\"auto, (max-width: 750px) 100vw, 750px\" \/>\t\t\t\t\t<\/div>\r\n\t\t\t\t\t<div class=\"card__body boxed boxed--sm bg--white mh\">\r\n\t\t\t\t\t\t<div class=\"resource-title\">\r\n\t\t\t\t\t\t\t<h4>Bildungswege, Fl\u00fcchtlings- und Asylsuchende Kinder<\/h4>\t\t\t\t\t\t<\/div>\r\n\t\t\t\t\t\t<hr>\r\n\t\t\t\t\t\t<div class=\"resource-description\">\r\n\t\t\t\t\t\t\t<p>Analyse der Betreuungs- und Bildungswege von gefl\u00fcchteten und asylsuchenden Kindern in Betreuung in England: Implikationen f\u00fcr die Sozialarbeit.<\/p>\n\t\t\t\t\t\t<\/div>\t\t\t\t\t\t\r\n\t\t\t\t\t<\/div>\r\n\t\t\t\t<\/div>\r\n\t\t\t<\/a>\r\n\t\t<\/div><!--end item-->\r\n\r\n\t\t\r\n\t\t\t\t<div class=\"col-sm-6 masonry__item\">\r\n\t\t\t<a href=\"https:\/\/careleaverpp.org\/de\/resources\/leaving-foster-or-local-authority-care\/\">\r\n\t\t\t\t<div class=\"card card-4\">\r\n\t\t\t\t\t<div class=\"card__image bg--white mhi\">\r\n\t\t\t\t\t\t<img loading=\"lazy\" decoding=\"async\" width=\"750\" height=\"500\" src=\"https:\/\/careleaverpp.org\/wp-content\/uploads\/2018\/12\/Leaving-foster-or-local-authority-care.jpg\" class=\"attachment-large size-large wp-post-image\" alt=\"Leaving foster or local authority care guide\" srcset=\"https:\/\/careleaverpp.org\/wp-content\/uploads\/2018\/12\/Leaving-foster-or-local-authority-care.jpg 750w, https:\/\/careleaverpp.org\/wp-content\/uploads\/2018\/12\/Leaving-foster-or-local-authority-care-200x133.jpg 200w, https:\/\/careleaverpp.org\/wp-content\/uploads\/2018\/12\/Leaving-foster-or-local-authority-care-300x200.jpg 300w\" sizes=\"auto, (max-width: 750px) 100vw, 750px\" \/>\t\t\t\t\t<\/div>\r\n\t\t\t\t\t<div class=\"card__body boxed boxed--sm bg--white mh\">\r\n\t\t\t\t\t\t<div class=\"resource-title\">\r\n\t\t\t\t\t\t\t<h4>Verlassen der Pflege- oder Gemeindepflege<\/h4>\t\t\t\t\t\t<\/div>\r\n\t\t\t\t\t\t<hr>\r\n\t\t\t\t\t\t<div class=\"resource-description\">\r\n\t\t\t\t\t\t\t<p>Dieser Leitfaden der Regierung beschreibt die Anspr\u00fcche in verschiedenen Phasen f\u00fcr diejenigen, die die Pflege verlassen.<\/p>\n\t\t\t\t\t\t<\/div>\t\t\t\t\t\t\r\n\t\t\t\t\t<\/div>\r\n\t\t\t\t<\/div>\r\n\t\t\t<\/a>\r\n\t\t<\/div><!--end item-->\r\n\r\n\t\t\r\n\t\t\t\t<div class=\"col-sm-6 masonry__item\">\r\n\t\t\t<a href=\"https:\/\/careleaverpp.org\/de\/resources\/teenagers-in-foster-care\/\">\r\n\t\t\t\t<div class=\"card card-4\">\r\n\t\t\t\t\t<div class=\"card__image bg--white mhi\">\r\n\t\t\t\t\t\t<img loading=\"lazy\" decoding=\"async\" width=\"750\" height=\"500\" src=\"https:\/\/careleaverpp.org\/wp-content\/uploads\/2018\/12\/Teenagers.jpg\" class=\"attachment-large size-large wp-post-image\" alt=\"Teenagers in Foster Care handbook\" srcset=\"https:\/\/careleaverpp.org\/wp-content\/uploads\/2018\/12\/Teenagers.jpg 750w, https:\/\/careleaverpp.org\/wp-content\/uploads\/2018\/12\/Teenagers-200x133.jpg 200w, https:\/\/careleaverpp.org\/wp-content\/uploads\/2018\/12\/Teenagers-300x200.jpg 300w\" sizes=\"auto, (max-width: 750px) 100vw, 750px\" \/>\t\t\t\t\t<\/div>\r\n\t\t\t\t\t<div class=\"card__body boxed boxed--sm bg--white mh\">\r\n\t\t\t\t\t\t<div class=\"resource-title\">\r\n\t\t\t\t\t\t\t<h4>Jugendliche in Pflegefamilien<\/h4>\t\t\t\t\t\t<\/div>\r\n\t\t\t\t\t\t<hr>\r\n\t\t\t\t\t\t<div class=\"resource-description\">\r\n\t\t\t\t\t\t\t<p>Ein Handbuch f\u00fcr Pflegeeltern und diejenigen, die sie unterst\u00fctzen.<\/p>\n\t\t\t\t\t\t<\/div>\t\t\t\t\t\t\r\n\t\t\t\t\t<\/div>\r\n\t\t\t\t<\/div>\r\n\t\t\t<\/a>\r\n\t\t<\/div><!--end item-->\r\n\r\n\t\t\r\n\t\t\t\t<div class=\"col-sm-6 masonry__item\">\r\n\t\t\t<a href=\"https:\/\/careleaverpp.org\/de\/resources\/medway-missing-and-child-exploitation-team\/\">\r\n\t\t\t\t<div class=\"card card-4\">\r\n\t\t\t\t\t<div class=\"card__image bg--white mhi\">\r\n\t\t\t\t\t\t<img loading=\"lazy\" decoding=\"async\" width=\"750\" height=\"500\" src=\"https:\/\/careleaverpp.org\/wp-content\/uploads\/2018\/12\/Medway-missing-child-info.jpg\" class=\"attachment-large size-large wp-post-image\" alt=\"Medway missing child information\" srcset=\"https:\/\/careleaverpp.org\/wp-content\/uploads\/2018\/12\/Medway-missing-child-info.jpg 750w, https:\/\/careleaverpp.org\/wp-content\/uploads\/2018\/12\/Medway-missing-child-info-200x133.jpg 200w, https:\/\/careleaverpp.org\/wp-content\/uploads\/2018\/12\/Medway-missing-child-info-300x200.jpg 300w\" sizes=\"auto, (max-width: 750px) 100vw, 750px\" \/>\t\t\t\t\t<\/div>\r\n\t\t\t\t\t<div class=\"card__body boxed boxed--sm bg--white mh\">\r\n\t\t\t\t\t\t<div class=\"resource-title\">\r\n\t\t\t\t\t\t\t<h4>Medway Vermissten- und Kindesausbeutungsteam<\/h4>\t\t\t\t\t\t<\/div>\r\n\t\t\t\t\t\t<hr>\r\n\t\t\t\t\t\t<div class=\"resource-description\">\r\n\t\t\t\t\t\t\t<p>Finden Sie heraus, was das Medway Missing and Child Exploitation Team tut.<\/p>\n\t\t\t\t\t\t<\/div>\t\t\t\t\t\t\r\n\t\t\t\t\t<\/div>\r\n\t\t\t\t<\/div>\r\n\t\t\t<\/a>\r\n\t\t<\/div><!--end item-->\r\n\r\n\t\t\r\n\t\t\t\t<div class=\"col-sm-6 masonry__item\">\r\n\t\t\t<a href=\"https:\/\/careleaverpp.org\/de\/resources\/medway-council-draft-care-leavers-offer\/\">\r\n\t\t\t\t<div class=\"card card-4\">\r\n\t\t\t\t\t<div class=\"card__image bg--white mhi\">\r\n\t\t\t\t\t\t<img loading=\"lazy\" decoding=\"async\" width=\"750\" height=\"500\" src=\"https:\/\/careleaverpp.org\/wp-content\/uploads\/2018\/12\/Medway-Council.jpg\" class=\"attachment-large size-large wp-post-image\" alt=\"Care leaver offer document\" srcset=\"https:\/\/careleaverpp.org\/wp-content\/uploads\/2018\/12\/Medway-Council.jpg 750w, https:\/\/careleaverpp.org\/wp-content\/uploads\/2018\/12\/Medway-Council-200x133.jpg 200w, https:\/\/careleaverpp.org\/wp-content\/uploads\/2018\/12\/Medway-Council-300x200.jpg 300w\" sizes=\"auto, (max-width: 750px) 100vw, 750px\" \/>\t\t\t\t\t<\/div>\r\n\t\t\t\t\t<div class=\"card__body boxed boxed--sm bg--white mh\">\r\n\t\t\t\t\t\t<div class=\"resource-title\">\r\n\t\t\t\t\t\t\t<h4>Medway Council Draft Care Leavers Angebot<\/h4>\t\t\t\t\t\t<\/div>\r\n\t\t\t\t\t\t<hr>\r\n\t\t\t\t\t\t<div class=\"resource-description\">\r\n\t\t\t\t\t\t\t<p>Angebotsentwurf Care Leaver, April 2018.<\/p>\n\t\t\t\t\t\t<\/div>\t\t\t\t\t\t\r\n\t\t\t\t\t<\/div>\r\n\t\t\t\t<\/div>\r\n\t\t\t<\/a>\r\n\t\t<\/div><!--end item-->\r\n\r\n\t\t\r\n\t\t\t\t<div class=\"col-sm-6 masonry__item\">\r\n\t\t\t<a href=\"https:\/\/careleaverpp.org\/de\/resources\/criminal-injuries-compensation-kcc\/\">\r\n\t\t\t\t<div class=\"card card-4\">\r\n\t\t\t\t\t<div class=\"card__image bg--white mhi\">\r\n\t\t\t\t\t\t<img loading=\"lazy\" decoding=\"async\" width=\"750\" height=\"500\" src=\"https:\/\/careleaverpp.org\/wp-content\/uploads\/2018\/12\/Criminal.jpg\" class=\"attachment-large size-large wp-post-image\" alt=\"Criminal injuries compensation flyer\" srcset=\"https:\/\/careleaverpp.org\/wp-content\/uploads\/2018\/12\/Criminal.jpg 750w, https:\/\/careleaverpp.org\/wp-content\/uploads\/2018\/12\/Criminal-200x133.jpg 200w, https:\/\/careleaverpp.org\/wp-content\/uploads\/2018\/12\/Criminal-300x200.jpg 300w\" sizes=\"auto, (max-width: 750px) 100vw, 750px\" \/>\t\t\t\t\t<\/div>\r\n\t\t\t\t\t<div class=\"card__body boxed boxed--sm bg--white mh\">\r\n\t\t\t\t\t\t<div class=\"resource-title\">\r\n\t\t\t\t\t\t\t<h4>Entsch\u00e4digung f\u00fcr kriminelle Verletzungen \u2013 KCC<\/h4>\t\t\t\t\t\t<\/div>\r\n\t\t\t\t\t\t<hr>\r\n\t\t\t\t\t\t<div class=\"resource-description\">\r\n\t\t\t\t\t\t\t<p>Unterst\u00fctzung von Kent County Council \/ Virtual School Kent f\u00fcr Antr\u00e4ge von jungen Menschen.<\/p>\n\t\t\t\t\t\t<\/div>\t\t\t\t\t\t\r\n\t\t\t\t\t<\/div>\r\n\t\t\t\t<\/div>\r\n\t\t\t<\/a>\r\n\t\t<\/div><!--end item-->\r\n\r\n\t\t\r\n\t\t\t\t<div class=\"col-sm-6 masonry__item\">\r\n\t\t\t<a href=\"https:\/\/careleaverpp.org\/de\/resources\/global-study-on-care-leavers\/\">\r\n\t\t\t\t<div class=\"card card-4\">\r\n\t\t\t\t\t<div class=\"card__image bg--white mhi\">\r\n\t\t\t\t\t\t<img loading=\"lazy\" decoding=\"async\" width=\"750\" height=\"500\" src=\"https:\/\/careleaverpp.org\/wp-content\/uploads\/2018\/04\/Global-study.jpg\" class=\"attachment-large size-large wp-post-image\" alt=\"Global study on care leavers report cover\" srcset=\"https:\/\/careleaverpp.org\/wp-content\/uploads\/2018\/04\/Global-study.jpg 750w, https:\/\/careleaverpp.org\/wp-content\/uploads\/2018\/04\/Global-study-200x133.jpg 200w, https:\/\/careleaverpp.org\/wp-content\/uploads\/2018\/04\/Global-study-300x200.jpg 300w\" sizes=\"auto, (max-width: 750px) 100vw, 750px\" \/>\t\t\t\t\t<\/div>\r\n\t\t\t\t\t<div class=\"card__body boxed boxed--sm bg--white mh\">\r\n\t\t\t\t\t\t<div class=\"resource-title\">\r\n\t\t\t\t\t\t\t<h4>Globale Studie zu Care Leavern<\/h4>\t\t\t\t\t\t<\/div>\r\n\t\t\t\t\t\t<hr>\r\n\t\t\t\t\t\t<div class=\"resource-description\">\r\n\t\t\t\t\t\t\t<p>Diese Studie tr\u00e4gt zum ersten Mal Beweise aus 12 L\u00e4ndern in vier Regionen der Welt zusammen.<\/p>\n\t\t\t\t\t\t<\/div>\t\t\t\t\t\t\r\n\t\t\t\t\t<\/div>\r\n\t\t\t\t<\/div>\r\n\t\t\t<\/a>\r\n\t\t<\/div><!--end item-->\r\n\r\n\t\t\r\n\t\t\t\t<div class=\"col-sm-6 masonry__item\">\r\n\t\t\t<a href=\"https:\/\/careleaverpp.org\/de\/resources\/sorted-and-supported\/\">\r\n\t\t\t\t<div class=\"card card-4\">\r\n\t\t\t\t\t<div class=\"card__image bg--white mhi\">\r\n\t\t\t\t\t\t<img loading=\"lazy\" decoding=\"async\" width=\"750\" height=\"500\" src=\"https:\/\/careleaverpp.org\/wp-content\/uploads\/2018\/12\/Sorted-and-supported.jpg\" class=\"attachment-large size-large wp-post-image\" alt=\"Sorted and supported guide\" srcset=\"https:\/\/careleaverpp.org\/wp-content\/uploads\/2018\/12\/Sorted-and-supported.jpg 750w, https:\/\/careleaverpp.org\/wp-content\/uploads\/2018\/12\/Sorted-and-supported-200x133.jpg 200w, https:\/\/careleaverpp.org\/wp-content\/uploads\/2018\/12\/Sorted-and-supported-300x200.jpg 300w\" sizes=\"auto, (max-width: 750px) 100vw, 750px\" \/>\t\t\t\t\t<\/div>\r\n\t\t\t\t\t<div class=\"card__body boxed boxed--sm bg--white mh\">\r\n\t\t\t\t\t\t<div class=\"resource-title\">\r\n\t\t\t\t\t\t\t<h4>Sortiert und unterst\u00fctzt<\/h4>\t\t\t\t\t\t<\/div>\r\n\t\t\t\t\t\t<hr>\r\n\t\t\t\t\t\t<div class=\"resource-description\">\r\n\t\t\t\t\t\t\t<p>Ein Leitfaden zum Verlassen der Pflegeanspr\u00fcche.<\/p>\n\t\t\t\t\t\t<\/div>\t\t\t\t\t\t\r\n\t\t\t\t\t<\/div>\r\n\t\t\t\t<\/div>\r\n\t\t\t<\/a>\r\n\t\t<\/div><!--end item-->\r\n\r\n\t\t\r\n\t\t\t\t<div class=\"col-sm-6 masonry__item\">\r\n\t\t\t<a href=\"https:\/\/careleaverpp.org\/de\/resources\/why-tick-the-box-in-apply\/\">\r\n\t\t\t\t<div class=\"card card-4\">\r\n\t\t\t\t\t<div class=\"card__image bg--white mhi\">\r\n\t\t\t\t\t\t<img loading=\"lazy\" decoding=\"async\" width=\"750\" height=\"500\" src=\"https:\/\/careleaverpp.org\/wp-content\/uploads\/2018\/04\/Why-tick-the-box.jpg\" class=\"attachment-large size-large wp-post-image\" alt=\"Why tick the box\" srcset=\"https:\/\/careleaverpp.org\/wp-content\/uploads\/2018\/04\/Why-tick-the-box.jpg 750w, https:\/\/careleaverpp.org\/wp-content\/uploads\/2018\/04\/Why-tick-the-box-200x133.jpg 200w, https:\/\/careleaverpp.org\/wp-content\/uploads\/2018\/04\/Why-tick-the-box-300x200.jpg 300w\" sizes=\"auto, (max-width: 750px) 100vw, 750px\" \/>\t\t\t\t\t<\/div>\r\n\t\t\t\t\t<div class=\"card__body boxed boxed--sm bg--white mh\">\r\n\t\t\t\t\t\t<div class=\"resource-title\">\r\n\t\t\t\t\t\t\t<h4>Warum das K\u00e4stchen \u201eBewerben\u201c ankreuzen?<\/h4>\t\t\t\t\t\t<\/div>\r\n\t\t\t\t\t\t<hr>\r\n\t\t\t\t\t\t<div class=\"resource-description\">\r\n\t\t\t\t\t\t\t<p>Ein Factsheet f\u00fcr Studierende der UCAS.<\/p>\n\t\t\t\t\t\t<\/div>\t\t\t\t\t\t\r\n\t\t\t\t\t<\/div>\r\n\t\t\t\t<\/div>\r\n\t\t\t<\/a>\r\n\t\t<\/div><!--end item-->\r\n\r\n\t\t\r\n\t\t\t\t<div class=\"col-sm-6 masonry__item\">\r\n\t\t\t<a href=\"https:\/\/careleaverpp.org\/de\/resources\/building-successful-careers\/\">\r\n\t\t\t\t<div class=\"card card-4\">\r\n\t\t\t\t\t<div class=\"card__image bg--white mhi\">\r\n\t\t\t\t\t\t<img loading=\"lazy\" decoding=\"async\" width=\"750\" height=\"500\" src=\"https:\/\/careleaverpp.org\/wp-content\/uploads\/2018\/04\/Building-successful-careers.jpg\" class=\"attachment-large size-large wp-post-image\" alt=\"Building successful careers\" srcset=\"https:\/\/careleaverpp.org\/wp-content\/uploads\/2018\/04\/Building-successful-careers.jpg 750w, https:\/\/careleaverpp.org\/wp-content\/uploads\/2018\/04\/Building-successful-careers-200x133.jpg 200w, https:\/\/careleaverpp.org\/wp-content\/uploads\/2018\/04\/Building-successful-careers-300x200.jpg 300w\" sizes=\"auto, (max-width: 750px) 100vw, 750px\" \/>\t\t\t\t\t<\/div>\r\n\t\t\t\t\t<div class=\"card__body boxed boxed--sm bg--white mh\">\r\n\t\t\t\t\t\t<div class=\"resource-title\">\r\n\t\t\t\t\t\t\t<h4>Aufbau erfolgreicher Karrieren<\/h4>\t\t\t\t\t\t<\/div>\r\n\t\t\t\t\t\t<hr>\r\n\t\t\t\t\t\t<div class=\"resource-description\">\r\n\t\t\t\t\t\t\t<p>Arbeitgeberleitfaden zur Unterst\u00fctzung von Care Leavern am Arbeitsplatz vom Learning &amp; Work Institute.<\/p>\n\t\t\t\t\t\t<\/div>\t\t\t\t\t\t\r\n\t\t\t\t\t<\/div>\r\n\t\t\t\t<\/div>\r\n\t\t\t<\/a>\r\n\t\t<\/div><!--end item-->\r\n\r\n\t\t\r\n\t\t\t\t<div class=\"col-sm-6 masonry__item\">\r\n\t\t\t<a href=\"https:\/\/careleaverpp.org\/de\/resources\/caring-for-better-health\/\">\r\n\t\t\t\t<div class=\"card card-4\">\r\n\t\t\t\t\t<div class=\"card__image bg--white mhi\">\r\n\t\t\t\t\t\t<img loading=\"lazy\" decoding=\"async\" width=\"750\" height=\"500\" src=\"https:\/\/careleaverpp.org\/wp-content\/uploads\/2018\/04\/Caring-for-better-health.jpg\" class=\"attachment-large size-large wp-post-image\" alt=\"Caring for better health report\" srcset=\"https:\/\/careleaverpp.org\/wp-content\/uploads\/2018\/04\/Caring-for-better-health.jpg 750w, https:\/\/careleaverpp.org\/wp-content\/uploads\/2018\/04\/Caring-for-better-health-200x133.jpg 200w, https:\/\/careleaverpp.org\/wp-content\/uploads\/2018\/04\/Caring-for-better-health-300x200.jpg 300w\" sizes=\"auto, (max-width: 750px) 100vw, 750px\" \/>\t\t\t\t\t<\/div>\r\n\t\t\t\t\t<div class=\"card__body boxed boxed--sm bg--white mh\">\r\n\t\t\t\t\t\t<div class=\"resource-title\">\r\n\t\t\t\t\t\t\t<h4>F\u00fcr mehr Gesundheit sorgen<\/h4>\t\t\t\t\t\t<\/div>\r\n\t\t\t\t\t\t<hr>\r\n\t\t\t\t\t\t<div class=\"resource-description\">\r\n\t\t\t\t\t\t\t<p>Eine Untersuchung \u00fcber die gesundheitlichen Bed\u00fcrfnisse von Care Leavern, durchgef\u00fchrt von The Care Leavers Association.<\/p>\n\t\t\t\t\t\t<\/div>\t\t\t\t\t\t\r\n\t\t\t\t\t<\/div>\r\n\t\t\t\t<\/div>\r\n\t\t\t<\/a>\r\n\t\t<\/div><!--end item-->\r\n\r\n\t\t\r\n\t\t\t\t<div class=\"col-sm-6 masonry__item\">\r\n\t\t\t<a href=\"https:\/\/careleaverpp.org\/de\/resources\/health-inequalities-manifesto-2018\/\">\r\n\t\t\t\t<div class=\"card card-4\">\r\n\t\t\t\t\t<div class=\"card__image bg--white mhi\">\r\n\t\t\t\t\t\t<img loading=\"lazy\" decoding=\"async\" width=\"750\" height=\"500\" src=\"https:\/\/careleaverpp.org\/wp-content\/uploads\/2018\/04\/Mental-health-manifesto.jpg\" class=\"attachment-large size-large wp-post-image\" alt=\"Health inequalities manifesto report\" srcset=\"https:\/\/careleaverpp.org\/wp-content\/uploads\/2018\/04\/Mental-health-manifesto.jpg 750w, https:\/\/careleaverpp.org\/wp-content\/uploads\/2018\/04\/Mental-health-manifesto-200x133.jpg 200w, https:\/\/careleaverpp.org\/wp-content\/uploads\/2018\/04\/Mental-health-manifesto-300x200.jpg 300w\" sizes=\"auto, (max-width: 750px) 100vw, 750px\" \/>\t\t\t\t\t<\/div>\r\n\t\t\t\t\t<div class=\"card__body boxed boxed--sm bg--white mh\">\r\n\t\t\t\t\t\t<div class=\"resource-title\">\r\n\t\t\t\t\t\t\t<h4>Manifest f\u00fcr gesundheitliche Ungleichheiten 2018<\/h4>\t\t\t\t\t\t<\/div>\r\n\t\t\t\t\t\t<hr>\r\n\t\t\t\t\t\t<div class=\"resource-description\">\r\n\t\t\t\t\t\t\t<p>Das Leben in Pflege wird in diesem Manifest der Mental Health Foundation als Schl\u00fcsselfaktor f\u00fcr gesundheitliche Ungleichheiten identifiziert.<\/p>\n\t\t\t\t\t\t<\/div>\t\t\t\t\t\t\r\n\t\t\t\t\t<\/div>\r\n\t\t\t\t<\/div>\r\n\t\t\t<\/a>\r\n\t\t<\/div><!--end item-->\r\n\r\n\t\t\r\n\t\t\t\t<div class=\"col-sm-6 masonry__item\">\r\n\t\t\t<a href=\"https:\/\/careleaverpp.org\/de\/resources\/a-guide-to-looked-after-children-statistics-in-england\/\">\r\n\t\t\t\t<div class=\"card card-4\">\r\n\t\t\t\t\t<div class=\"card__image bg--white mhi\">\r\n\t\t\t\t\t\t<img loading=\"lazy\" decoding=\"async\" width=\"750\" height=\"500\" src=\"https:\/\/careleaverpp.org\/wp-content\/uploads\/2018\/04\/Statisticts-Guide.jpg\" class=\"attachment-large size-large wp-post-image\" alt=\"Guide to statistics\" srcset=\"https:\/\/careleaverpp.org\/wp-content\/uploads\/2018\/04\/Statisticts-Guide.jpg 750w, https:\/\/careleaverpp.org\/wp-content\/uploads\/2018\/04\/Statisticts-Guide-200x133.jpg 200w, https:\/\/careleaverpp.org\/wp-content\/uploads\/2018\/04\/Statisticts-Guide-300x200.jpg 300w\" sizes=\"auto, (max-width: 750px) 100vw, 750px\" \/>\t\t\t\t\t<\/div>\r\n\t\t\t\t\t<div class=\"card__body boxed boxed--sm bg--white mh\">\r\n\t\t\t\t\t\t<div class=\"resource-title\">\r\n\t\t\t\t\t\t\t<h4>Ein Leitfaden f\u00fcr Statistiken zu betreuten Kindern in England<\/h4>\t\t\t\t\t\t<\/div>\r\n\t\t\t\t\t\t<hr>\r\n\t\t\t\t\t\t<div class=\"resource-description\">\r\n\t\t\t\t\t\t\t<p>Dieses Dokument bietet einen Leitfaden f\u00fcr Statistiken zu betreuten Kindern, die vom Bildungsministerium ver\u00f6ffentlicht werden.<\/p>\n\t\t\t\t\t\t<\/div>\t\t\t\t\t\t\r\n\t\t\t\t\t<\/div>\r\n\t\t\t\t<\/div>\r\n\t\t\t<\/a>\r\n\t\t<\/div><!--end item-->\r\n\r\n\t\t\r\n\t\t\t\t<div class=\"col-sm-6 masonry__item\">\r\n\t\t\t<a href=\"https:\/\/careleaverpp.org\/de\/resources\/childrens-social-care-questionnaires\/\">\r\n\t\t\t\t<div class=\"card card-4\">\r\n\t\t\t\t\t<div class=\"card__image bg--white mhi\">\r\n\t\t\t\t\t\t<img loading=\"lazy\" decoding=\"async\" width=\"750\" height=\"500\" src=\"https:\/\/careleaverpp.org\/wp-content\/uploads\/2018\/04\/Social-care-questionnaires.jpg\" class=\"attachment-large size-large wp-post-image\" alt=\"Social care questionnaires report\" srcset=\"https:\/\/careleaverpp.org\/wp-content\/uploads\/2018\/04\/Social-care-questionnaires.jpg 750w, https:\/\/careleaverpp.org\/wp-content\/uploads\/2018\/04\/Social-care-questionnaires-200x133.jpg 200w, https:\/\/careleaverpp.org\/wp-content\/uploads\/2018\/04\/Social-care-questionnaires-300x200.jpg 300w\" sizes=\"auto, (max-width: 750px) 100vw, 750px\" \/>\t\t\t\t\t<\/div>\r\n\t\t\t\t\t<div class=\"card__body boxed boxed--sm bg--white mh\">\r\n\t\t\t\t\t\t<div class=\"resource-title\">\r\n\t\t\t\t\t\t\t<h4>Frageb\u00f6gen zur Kinderbetreuung<\/h4>\t\t\t\t\t\t<\/div>\r\n\t\t\t\t\t\t<hr>\r\n\t\t\t\t\t\t<div class=\"resource-description\">\r\n\t\t\t\t\t\t\t<p>Was Kinder Ofsted \u00fcber ihre Erfahrungen mit dem Leben in Kinderheimen oder dem Leben bei Pflegeeltern erz\u00e4hlten.<\/p>\n\t\t\t\t\t\t<\/div>\t\t\t\t\t\t\r\n\t\t\t\t\t<\/div>\r\n\t\t\t\t<\/div>\r\n\t\t\t<\/a>\r\n\t\t<\/div><!--end item-->\r\n\r\n\t\t\r\n\t\t\t\t<div class=\"col-sm-6 masonry__item\">\r\n\t\t\t<a href=\"https:\/\/careleaverpp.org\/de\/resources\/child-protection-records-retention-and-storage-guidelines\/\">\r\n\t\t\t\t<div class=\"card card-4\">\r\n\t\t\t\t\t<div class=\"card__image bg--white mhi\">\r\n\t\t\t\t\t\t<img loading=\"lazy\" decoding=\"async\" width=\"1024\" height=\"683\" src=\"https:\/\/careleaverpp.org\/wp-content\/uploads\/2017\/04\/nspcc_logo_online_rgb-1024x683.png\" class=\"attachment-large size-large wp-post-image\" alt=\"NSPCC logo\" srcset=\"https:\/\/careleaverpp.org\/wp-content\/uploads\/2017\/04\/nspcc_logo_online_rgb-1024x683.png 1024w, https:\/\/careleaverpp.org\/wp-content\/uploads\/2017\/04\/nspcc_logo_online_rgb-200x133.png 200w, https:\/\/careleaverpp.org\/wp-content\/uploads\/2017\/04\/nspcc_logo_online_rgb-300x200.png 300w, https:\/\/careleaverpp.org\/wp-content\/uploads\/2017\/04\/nspcc_logo_online_rgb-768x512.png 768w, https:\/\/careleaverpp.org\/wp-content\/uploads\/2017\/04\/nspcc_logo_online_rgb.png 1500w\" sizes=\"auto, (max-width: 1024px) 100vw, 1024px\" \/>\t\t\t\t\t<\/div>\r\n\t\t\t\t\t<div class=\"card__body boxed boxed--sm bg--white mh\">\r\n\t\t\t\t\t\t<div class=\"resource-title\">\r\n\t\t\t\t\t\t\t<h4>Richtlinien zur Aufbewahrung und Speicherung von Kinderschutzunterlagen<\/h4>\t\t\t\t\t\t<\/div>\r\n\t\t\t\t\t\t<hr>\r\n\t\t\t\t\t\t<div class=\"resource-description\">\r\n\t\t\t\t\t\t\t<p>Richtlinien der NSPCC.<\/p>\n\t\t\t\t\t\t<\/div>\t\t\t\t\t\t\r\n\t\t\t\t\t<\/div>\r\n\t\t\t\t<\/div>\r\n\t\t\t<\/a>\r\n\t\t<\/div><!--end item-->\r\n\r\n\t\t\r\n\t\t\t\t<div class=\"col-sm-6 masonry__item\">\r\n\t\t\t<a href=\"https:\/\/careleaverpp.org\/de\/resources\/crumbling-futures\/\">\r\n\t\t\t\t<div class=\"card card-4\">\r\n\t\t\t\t\t<div class=\"card__image bg--white mhi\">\r\n\t\t\t\t\t\t<img loading=\"lazy\" decoding=\"async\" width=\"750\" height=\"500\" src=\"https:\/\/careleaverpp.org\/wp-content\/uploads\/2018\/03\/Crumbling.jpg\" class=\"attachment-large size-large wp-post-image\" alt=\"Crumbling futures report\" srcset=\"https:\/\/careleaverpp.org\/wp-content\/uploads\/2018\/03\/Crumbling.jpg 750w, https:\/\/careleaverpp.org\/wp-content\/uploads\/2018\/03\/Crumbling-200x133.jpg 200w, https:\/\/careleaverpp.org\/wp-content\/uploads\/2018\/03\/Crumbling-300x200.jpg 300w\" sizes=\"auto, (max-width: 750px) 100vw, 750px\" \/>\t\t\t\t\t<\/div>\r\n\t\t\t\t\t<div class=\"card__body boxed boxed--sm bg--white mh\">\r\n\t\t\t\t\t\t<div class=\"resource-title\">\r\n\t\t\t\t\t\t\t<h4>Zerbr\u00f6ckelnde Zukunft<\/h4>\t\t\t\t\t\t<\/div>\r\n\t\t\t\t\t\t<hr>\r\n\t\t\t\t\t\t<div class=\"resource-description\">\r\n\t\t\t\t\t\t\t<p>Ein Bericht der Children&#039;s Society, in dem untersucht wird, warum schutzbed\u00fcrftige 16- und 17-J\u00e4hrige mehr Unterst\u00fctzung ben\u00f6tigen, wenn sie in\u2026<\/p>\n\t\t\t\t\t\t<\/div>\t\t\t\t\t\t\r\n\t\t\t\t\t<\/div>\r\n\t\t\t\t<\/div>\r\n\t\t\t<\/a>\r\n\t\t<\/div><!--end item-->\r\n\r\n\t\t\r\n\t\t\t\t<div class=\"col-sm-6 masonry__item\">\r\n\t\t\t<a href=\"https:\/\/careleaverpp.org\/de\/resources\/characteristics-of-young-people-who-are-long-term-neet\/\">\r\n\t\t\t\t<div class=\"card card-4\">\r\n\t\t\t\t\t<div class=\"card__image bg--white mhi\">\r\n\t\t\t\t\t\t<img loading=\"lazy\" decoding=\"async\" width=\"750\" height=\"500\" src=\"https:\/\/careleaverpp.org\/wp-content\/uploads\/2018\/03\/Characteristics.jpg\" class=\"attachment-large size-large wp-post-image\" alt=\"Characteristics of long-term NEET\" srcset=\"https:\/\/careleaverpp.org\/wp-content\/uploads\/2018\/03\/Characteristics.jpg 750w, https:\/\/careleaverpp.org\/wp-content\/uploads\/2018\/03\/Characteristics-200x133.jpg 200w, https:\/\/careleaverpp.org\/wp-content\/uploads\/2018\/03\/Characteristics-300x200.jpg 300w\" sizes=\"auto, (max-width: 750px) 100vw, 750px\" \/>\t\t\t\t\t<\/div>\r\n\t\t\t\t\t<div class=\"card__body boxed boxed--sm bg--white mh\">\r\n\t\t\t\t\t\t<div class=\"resource-title\">\r\n\t\t\t\t\t\t\t<h4>Merkmale junger Menschen, die Langzeit-NEET sind<\/h4>\t\t\t\t\t\t<\/div>\r\n\t\t\t\t\t\t<hr>\r\n\t\t\t\t\t\t<div class=\"resource-description\">\r\n\t\t\t\t\t\t\t<p>Ein Bericht des Bildungsministeriums.<\/p>\n\t\t\t\t\t\t<\/div>\t\t\t\t\t\t\r\n\t\t\t\t\t<\/div>\r\n\t\t\t\t<\/div>\r\n\t\t\t<\/a>\r\n\t\t<\/div><!--end item-->\r\n\r\n\t\t\r\n\t\t\t\t<div class=\"col-sm-6 masonry__item\">\r\n\t\t\t<a href=\"https:\/\/careleaverpp.org\/de\/resources\/extending-personal-adviser-support-to-all-care-leavers-to-age-25\/\">\r\n\t\t\t\t<div class=\"card card-4\">\r\n\t\t\t\t\t<div class=\"card__image bg--white mhi\">\r\n\t\t\t\t\t\t<img loading=\"lazy\" decoding=\"async\" width=\"750\" height=\"500\" src=\"https:\/\/careleaverpp.org\/wp-content\/uploads\/2018\/03\/Extending.jpg\" class=\"attachment-large size-large wp-post-image\" alt=\"Extending PA Support to 25\" srcset=\"https:\/\/careleaverpp.org\/wp-content\/uploads\/2018\/03\/Extending.jpg 750w, https:\/\/careleaverpp.org\/wp-content\/uploads\/2018\/03\/Extending-200x133.jpg 200w, https:\/\/careleaverpp.org\/wp-content\/uploads\/2018\/03\/Extending-300x200.jpg 300w\" sizes=\"auto, (max-width: 750px) 100vw, 750px\" \/>\t\t\t\t\t<\/div>\r\n\t\t\t\t\t<div class=\"card__body boxed boxed--sm bg--white mh\">\r\n\t\t\t\t\t\t<div class=\"resource-title\">\r\n\t\t\t\t\t\t\t<h4>Ausweitung der Unterst\u00fctzung durch den pers\u00f6nlichen Berater auf alle Care Leaver bis zum Alter von 25 Jahren<\/h4>\t\t\t\t\t\t<\/div>\r\n\t\t\t\t\t\t<hr>\r\n\t\t\t\t\t\t<div class=\"resource-description\">\r\n\t\t\t\t\t\t\t<p>Gesetzliche Leitlinien f\u00fcr Kommunen.<\/p>\n\t\t\t\t\t\t<\/div>\t\t\t\t\t\t\r\n\t\t\t\t\t<\/div>\r\n\t\t\t\t<\/div>\r\n\t\t\t<\/a>\r\n\t\t<\/div><!--end item-->\r\n\r\n\t\t\r\n\t\t\t\t<div class=\"col-sm-6 masonry__item\">\r\n\t\t\t<a href=\"https:\/\/careleaverpp.org\/de\/resources\/promoting-the-education-of-looked-after-children-and-previously-looked-after-children\/\">\r\n\t\t\t\t<div class=\"card card-4\">\r\n\t\t\t\t\t<div class=\"card__image bg--white mhi\">\r\n\t\t\t\t\t\t<img loading=\"lazy\" decoding=\"async\" width=\"750\" height=\"500\" src=\"https:\/\/careleaverpp.org\/wp-content\/uploads\/2018\/03\/Promoting.jpg\" class=\"attachment-large size-large wp-post-image\" alt=\"Promoting the education of looked after children\" srcset=\"https:\/\/careleaverpp.org\/wp-content\/uploads\/2018\/03\/Promoting.jpg 750w, https:\/\/careleaverpp.org\/wp-content\/uploads\/2018\/03\/Promoting-200x133.jpg 200w, https:\/\/careleaverpp.org\/wp-content\/uploads\/2018\/03\/Promoting-300x200.jpg 300w\" sizes=\"auto, (max-width: 750px) 100vw, 750px\" \/>\t\t\t\t\t<\/div>\r\n\t\t\t\t\t<div class=\"card__body boxed boxed--sm bg--white mh\">\r\n\t\t\t\t\t\t<div class=\"resource-title\">\r\n\t\t\t\t\t\t\t<h4>F\u00f6rderung der Bildung von betreuten und betreuten Kindern<\/h4>\t\t\t\t\t\t<\/div>\r\n\t\t\t\t\t\t<hr>\r\n\t\t\t\t\t\t<div class=\"resource-description\">\r\n\t\t\t\t\t\t\t<p>Gesetzliche Leitlinien f\u00fcr Kommunen<\/p>\n\t\t\t\t\t\t<\/div>\t\t\t\t\t\t\r\n\t\t\t\t\t<\/div>\r\n\t\t\t\t<\/div>\r\n\t\t\t<\/a>\r\n\t\t<\/div><!--end item-->\r\n\r\n\t\t\r\n\t\t\t\t<div class=\"col-sm-6 masonry__item\">\r\n\t\t\t<a href=\"https:\/\/careleaverpp.org\/de\/resources\/supporting-care-leavers-in-fe-materials\/\">\r\n\t\t\t\t<div class=\"card card-4\">\r\n\t\t\t\t\t<div class=\"card__image bg--white mhi\">\r\n\t\t\t\t\t\t<img loading=\"lazy\" decoding=\"async\" width=\"750\" height=\"500\" src=\"https:\/\/careleaverpp.org\/wp-content\/uploads\/2018\/03\/FE-Resources.jpg\" class=\"attachment-large size-large wp-post-image\" alt=\"FE Guide and resource pack\" srcset=\"https:\/\/careleaverpp.org\/wp-content\/uploads\/2018\/03\/FE-Resources.jpg 750w, https:\/\/careleaverpp.org\/wp-content\/uploads\/2018\/03\/FE-Resources-200x133.jpg 200w, https:\/\/careleaverpp.org\/wp-content\/uploads\/2018\/03\/FE-Resources-300x200.jpg 300w\" sizes=\"auto, (max-width: 750px) 100vw, 750px\" \/>\t\t\t\t\t<\/div>\r\n\t\t\t\t\t<div class=\"card__body boxed boxed--sm bg--white mh\">\r\n\t\t\t\t\t\t<div class=\"resource-title\">\r\n\t\t\t\t\t\t\t<h4>Unterst\u00fctzung von Care Leavern in FE \u2013 Materialien<\/h4>\t\t\t\t\t\t<\/div>\r\n\t\t\t\t\t\t<hr>\r\n\t\t\t\t\t\t<div class=\"resource-description\">\r\n\t\t\t\t\t\t\t<p>Schulungsmaterialien des Lern- und Arbeitsinstituts f\u00fcr Mitarbeiter in FE, die mit betreuten jungen Menschen und Care Leavern arbeiten.<\/p>\n\t\t\t\t\t\t<\/div>\t\t\t\t\t\t\r\n\t\t\t\t\t<\/div>\r\n\t\t\t\t<\/div>\r\n\t\t\t<\/a>\r\n\t\t<\/div><!--end item-->\r\n\r\n\t\t\r\n\t\t\t\t<div class=\"col-sm-6 masonry__item\">\r\n\t\t\t<a href=\"https:\/\/careleaverpp.org\/de\/resources\/supporting-care-leavers-in-fe\/\">\r\n\t\t\t\t<div class=\"card card-4\">\r\n\t\t\t\t\t<div class=\"card__image bg--white mhi\">\r\n\t\t\t\t\t\t<img loading=\"lazy\" decoding=\"async\" width=\"750\" height=\"500\" src=\"https:\/\/careleaverpp.org\/wp-content\/uploads\/2018\/03\/Video-pic.jpg\" class=\"attachment-large size-large wp-post-image\" alt=\"Screen shot from care leaver video\" srcset=\"https:\/\/careleaverpp.org\/wp-content\/uploads\/2018\/03\/Video-pic.jpg 750w, https:\/\/careleaverpp.org\/wp-content\/uploads\/2018\/03\/Video-pic-200x133.jpg 200w, https:\/\/careleaverpp.org\/wp-content\/uploads\/2018\/03\/Video-pic-300x200.jpg 300w\" sizes=\"auto, (max-width: 750px) 100vw, 750px\" \/>\t\t\t\t\t<\/div>\r\n\t\t\t\t\t<div class=\"card__body boxed boxed--sm bg--white mh\">\r\n\t\t\t\t\t\t<div class=\"resource-title\">\r\n\t\t\t\t\t\t\t<h4>Unterst\u00fctzung von Care Leavern in FE \u2013 Video<\/h4>\t\t\t\t\t\t<\/div>\r\n\t\t\t\t\t\t<hr>\r\n\t\t\t\t\t\t<div class=\"resource-description\">\r\n\t\t\t\t\t\t\t<p>Ein Einf\u00fchrungsvideo f\u00fcr Mitarbeiter, um das Bewusstsein f\u00fcr die Erfahrungen von betreuten Kindern und Care Leavern zu sch\u00e4rfen.<\/p>\n\t\t\t\t\t\t<\/div>\t\t\t\t\t\t\r\n\t\t\t\t\t<\/div>\r\n\t\t\t\t<\/div>\r\n\t\t\t<\/a>\r\n\t\t<\/div><!--end item-->\r\n\r\n\t\t\r\n\t\t\t\t<div class=\"col-sm-6 masonry__item\">\r\n\t\t\t<a href=\"https:\/\/careleaverpp.org\/de\/resources\/neglected-minds\/\">\r\n\t\t\t\t<div class=\"card card-4\">\r\n\t\t\t\t\t<div class=\"card__image bg--white mhi\">\r\n\t\t\t\t\t\t<img loading=\"lazy\" decoding=\"async\" width=\"750\" height=\"500\" src=\"https:\/\/careleaverpp.org\/wp-content\/uploads\/2018\/12\/Barnardos.jpg\" class=\"attachment-large size-large wp-post-image\" alt=\"Barnardos mental health report\" srcset=\"https:\/\/careleaverpp.org\/wp-content\/uploads\/2018\/12\/Barnardos.jpg 750w, https:\/\/careleaverpp.org\/wp-content\/uploads\/2018\/12\/Barnardos-200x133.jpg 200w, https:\/\/careleaverpp.org\/wp-content\/uploads\/2018\/12\/Barnardos-300x200.jpg 300w\" sizes=\"auto, (max-width: 750px) 100vw, 750px\" \/>\t\t\t\t\t<\/div>\r\n\t\t\t\t\t<div class=\"card__body boxed boxed--sm bg--white mh\">\r\n\t\t\t\t\t\t<div class=\"resource-title\">\r\n\t\t\t\t\t\t\t<h4>Vernachl\u00e4ssigte Gedanken<\/h4>\t\t\t\t\t\t<\/div>\r\n\t\t\t\t\t\t<hr>\r\n\t\t\t\t\t\t<div class=\"resource-description\">\r\n\t\t\t\t\t\t\t<p>Ein Bericht von Barnardo&#039;s \u00fcber die Unterst\u00fctzung der psychischen Gesundheit f\u00fcr junge Menschen, die die Pflege verlassen.<\/p>\n\t\t\t\t\t\t<\/div>\t\t\t\t\t\t\r\n\t\t\t\t\t<\/div>\r\n\t\t\t\t<\/div>\r\n\t\t\t<\/a>\r\n\t\t<\/div><!--end item-->\r\n\r\n\t\t\r\n\t\t\t\t<div class=\"col-sm-6 masonry__item\">\r\n\t\t\t<a href=\"https:\/\/careleaverpp.org\/de\/resources\/careers-guidance-and-access-for-education-and-training-providers\/\">\r\n\t\t\t\t<div class=\"card card-4\">\r\n\t\t\t\t\t<div class=\"card__image bg--white mhi\">\r\n\t\t\t\t\t\t<img loading=\"lazy\" decoding=\"async\" width=\"750\" height=\"500\" src=\"https:\/\/careleaverpp.org\/wp-content\/uploads\/2018\/03\/Careers.jpg\" class=\"attachment-large size-large wp-post-image\" alt=\"Careers guidance document\" srcset=\"https:\/\/careleaverpp.org\/wp-content\/uploads\/2018\/03\/Careers.jpg 750w, https:\/\/careleaverpp.org\/wp-content\/uploads\/2018\/03\/Careers-200x133.jpg 200w, https:\/\/careleaverpp.org\/wp-content\/uploads\/2018\/03\/Careers-300x200.jpg 300w\" sizes=\"auto, (max-width: 750px) 100vw, 750px\" \/>\t\t\t\t\t<\/div>\r\n\t\t\t\t\t<div class=\"card__body boxed boxed--sm bg--white mh\">\r\n\t\t\t\t\t\t<div class=\"resource-title\">\r\n\t\t\t\t\t\t\t<h4>Berufsberatung und Zugang f\u00fcr Bildungs- und Ausbildungsanbieter<\/h4>\t\t\t\t\t\t<\/div>\r\n\t\t\t\t\t\t<hr>\r\n\t\t\t\t\t\t<div class=\"resource-description\">\r\n\t\t\t\t\t\t\t<p>Gesetzliche Leitlinien f\u00fcr Leitungsgremien, Schulleiter und Schulpersonal des Bildungsministeriums.<\/p>\n\t\t\t\t\t\t<\/div>\t\t\t\t\t\t\r\n\t\t\t\t\t<\/div>\r\n\t\t\t\t<\/div>\r\n\t\t\t<\/a>\r\n\t\t<\/div><!--end item-->\r\n\r\n\t\t\r\n\t\t\t\t<div class=\"col-sm-6 masonry__item\">\r\n\t\t\t<a href=\"https:\/\/careleaverpp.org\/de\/resources\/are-we-listening\/\">\r\n\t\t\t\t<div class=\"card card-4\">\r\n\t\t\t\t\t<div class=\"card__image bg--white mhi\">\r\n\t\t\t\t\t\t<img loading=\"lazy\" decoding=\"async\" width=\"750\" height=\"500\" src=\"https:\/\/careleaverpp.org\/wp-content\/uploads\/2018\/03\/Listening.jpg\" class=\"attachment-large size-large wp-post-image\" alt=\"Are we listening report\" srcset=\"https:\/\/careleaverpp.org\/wp-content\/uploads\/2018\/03\/Listening.jpg 750w, https:\/\/careleaverpp.org\/wp-content\/uploads\/2018\/03\/Listening-200x133.jpg 200w, https:\/\/careleaverpp.org\/wp-content\/uploads\/2018\/03\/Listening-300x200.jpg 300w\" sizes=\"auto, (max-width: 750px) 100vw, 750px\" \/>\t\t\t\t\t<\/div>\r\n\t\t\t\t\t<div class=\"card__body boxed boxed--sm bg--white mh\">\r\n\t\t\t\t\t\t<div class=\"resource-title\">\r\n\t\t\t\t\t\t\t<h4>H\u00f6ren wir zu?<\/h4>\t\t\t\t\t\t<\/div>\r\n\t\t\t\t\t\t<hr>\r\n\t\t\t\t\t\t<div class=\"resource-description\">\r\n\t\t\t\t\t\t\t<p>Eine \u00dcberpr\u00fcfung der psychiatrischen Dienste f\u00fcr Kinder und Jugendliche vom M\u00e4rz 2018 von der Quality Care Commission.<\/p>\n\t\t\t\t\t\t<\/div>\t\t\t\t\t\t\r\n\t\t\t\t\t<\/div>\r\n\t\t\t\t<\/div>\r\n\t\t\t<\/a>\r\n\t\t<\/div><!--end item-->\r\n\r\n\t\t\r\n\t\t\t\t<div class=\"col-sm-6 masonry__item\">\r\n\t\t\t<a href=\"https:\/\/careleaverpp.org\/de\/resources\/support-for-care-leavers-resource-pack\/\">\r\n\t\t\t\t<div class=\"card card-4\">\r\n\t\t\t\t\t<div class=\"card__image bg--white mhi\">\r\n\t\t\t\t\t\t<img loading=\"lazy\" decoding=\"async\" width=\"750\" height=\"500\" src=\"https:\/\/careleaverpp.org\/wp-content\/uploads\/2018\/03\/Support-pack.jpg\" class=\"attachment-large size-large wp-post-image\" alt=\"\" srcset=\"https:\/\/careleaverpp.org\/wp-content\/uploads\/2018\/03\/Support-pack.jpg 750w, https:\/\/careleaverpp.org\/wp-content\/uploads\/2018\/03\/Support-pack-200x133.jpg 200w, https:\/\/careleaverpp.org\/wp-content\/uploads\/2018\/03\/Support-pack-300x200.jpg 300w\" sizes=\"auto, (max-width: 750px) 100vw, 750px\" \/>\t\t\t\t\t<\/div>\r\n\t\t\t\t\t<div class=\"card__body boxed boxed--sm bg--white mh\">\r\n\t\t\t\t\t\t<div class=\"resource-title\">\r\n\t\t\t\t\t\t\t<h4>Unterst\u00fctzung f\u00fcr Care Leavers Resource Pack<\/h4>\t\t\t\t\t\t<\/div>\r\n\t\t\t\t\t\t<hr>\r\n\t\t\t\t\t\t<div class=\"resource-description\">\r\n\t\t\t\t\t\t\t<p>Herausgegeben vom Gemeindeverband.<\/p>\n\t\t\t\t\t\t<\/div>\t\t\t\t\t\t\r\n\t\t\t\t\t<\/div>\r\n\t\t\t\t<\/div>\r\n\t\t\t<\/a>\r\n\t\t<\/div><!--end item-->\r\n\r\n\t\t\r\n\t\t\t\t<div class=\"col-sm-6 masonry__item\">\r\n\t\t\t<a href=\"https:\/\/careleaverpp.org\/de\/resources\/heading-back-to-harm\/\">\r\n\t\t\t\t<div class=\"card card-4\">\r\n\t\t\t\t\t<div class=\"card__image bg--white mhi\">\r\n\t\t\t\t\t\t<img loading=\"lazy\" decoding=\"async\" width=\"750\" height=\"500\" src=\"https:\/\/careleaverpp.org\/wp-content\/uploads\/2018\/03\/Trafficking.jpg\" class=\"attachment-large size-large wp-post-image\" alt=\"Heading back to harm report\" srcset=\"https:\/\/careleaverpp.org\/wp-content\/uploads\/2018\/03\/Trafficking.jpg 750w, https:\/\/careleaverpp.org\/wp-content\/uploads\/2018\/03\/Trafficking-200x133.jpg 200w, https:\/\/careleaverpp.org\/wp-content\/uploads\/2018\/03\/Trafficking-300x200.jpg 300w\" sizes=\"auto, (max-width: 750px) 100vw, 750px\" \/>\t\t\t\t\t<\/div>\r\n\t\t\t\t\t<div class=\"card__body boxed boxed--sm bg--white mh\">\r\n\t\t\t\t\t\t<div class=\"resource-title\">\r\n\t\t\t\t\t\t\t<h4>Zur\u00fcck nach Harm<\/h4>\t\t\t\t\t\t<\/div>\r\n\t\t\t\t\t\t<hr>\r\n\t\t\t\t\t\t<div class=\"resource-description\">\r\n\t\t\t\t\t\t\t<p>Eine Studie \u00fcber gehandelte und unbegleitete Kinder, die im Vereinigten K\u00f6nigreich aus der Pflege verschwinden<\/p>\n\t\t\t\t\t\t<\/div>\t\t\t\t\t\t\r\n\t\t\t\t\t<\/div>\r\n\t\t\t\t<\/div>\r\n\t\t\t<\/a>\r\n\t\t<\/div><!--end item-->\r\n\r\n\t\t\r\n\t\t\t\t<div class=\"col-sm-6 masonry__item\">\r\n\t\t\t<a href=\"https:\/\/careleaverpp.org\/de\/resources\/new-statutory-guidance-for-local-authorities\/\">\r\n\t\t\t\t<div class=\"card card-4\">\r\n\t\t\t\t\t<div class=\"card__image bg--white mhi\">\r\n\t\t\t\t\t\t<img loading=\"lazy\" decoding=\"async\" width=\"750\" height=\"500\" src=\"https:\/\/careleaverpp.org\/wp-content\/uploads\/2018\/02\/Corporate-parent.jpg\" class=\"attachment-large size-large wp-post-image\" alt=\"Corporate parent guidance\" srcset=\"https:\/\/careleaverpp.org\/wp-content\/uploads\/2018\/02\/Corporate-parent.jpg 750w, https:\/\/careleaverpp.org\/wp-content\/uploads\/2018\/02\/Corporate-parent-200x133.jpg 200w, https:\/\/careleaverpp.org\/wp-content\/uploads\/2018\/02\/Corporate-parent-300x200.jpg 300w\" sizes=\"auto, (max-width: 750px) 100vw, 750px\" \/>\t\t\t\t\t<\/div>\r\n\t\t\t\t\t<div class=\"card__body boxed boxed--sm bg--white mh\">\r\n\t\t\t\t\t\t<div class=\"resource-title\">\r\n\t\t\t\t\t\t\t<h4>Neue gesetzliche Leitlinien f\u00fcr Kommunen<\/h4>\t\t\t\t\t\t<\/div>\r\n\t\t\t\t\t\t<hr>\r\n\t\t\t\t\t\t<div class=\"resource-description\">\r\n\t\t\t\t\t\t\t<p>Feb. 2018 - Das DfE hat neue gesetzliche Leitlinien f\u00fcr Kommunalbeh\u00f6rden zur Anwendung der Grunds\u00e4tze der gemeinschaftlichen Erziehung auf betreute Kinder und\u2026<\/p>\n\t\t\t\t\t\t<\/div>\t\t\t\t\t\t\r\n\t\t\t\t\t<\/div>\r\n\t\t\t\t<\/div>\r\n\t\t\t<\/a>\r\n\t\t<\/div><!--end item-->\r\n\r\n\t\t\r\n\t\t\t\t<div class=\"col-sm-6 masonry__item\">\r\n\t\t\t<a href=\"https:\/\/careleaverpp.org\/de\/resources\/kent-police-who-to-contact\/\">\r\n\t\t\t\t<div class=\"card card-4\">\r\n\t\t\t\t\t<div class=\"card__image bg--white mhi\">\r\n\t\t\t\t\t\t<img loading=\"lazy\" decoding=\"async\" width=\"750\" height=\"500\" src=\"https:\/\/careleaverpp.org\/wp-content\/uploads\/2018\/12\/Kent-police.jpg\" class=\"attachment-large size-large wp-post-image\" alt=\"Kent police logo\" srcset=\"https:\/\/careleaverpp.org\/wp-content\/uploads\/2018\/12\/Kent-police.jpg 750w, https:\/\/careleaverpp.org\/wp-content\/uploads\/2018\/12\/Kent-police-200x133.jpg 200w, https:\/\/careleaverpp.org\/wp-content\/uploads\/2018\/12\/Kent-police-300x200.jpg 300w\" sizes=\"auto, (max-width: 750px) 100vw, 750px\" \/>\t\t\t\t\t<\/div>\r\n\t\t\t\t\t<div class=\"card__body boxed boxed--sm bg--white mh\">\r\n\t\t\t\t\t\t<div class=\"resource-title\">\r\n\t\t\t\t\t\t\t<h4>Kent Police \u2013 Wen zu kontaktieren<\/h4>\t\t\t\t\t\t<\/div>\r\n\t\t\t\t\t\t<hr>\r\n\t\t\t\t\t\t<div class=\"resource-description\">\r\n\t\t\t\t\t\t\t<p>Informieren Sie sich, an wen Sie sich wenden k\u00f6nnen, wenn Sie die Polizei in Kent oder Medway brauchen.<\/p>\n\t\t\t\t\t\t<\/div>\t\t\t\t\t\t\r\n\t\t\t\t\t<\/div>\r\n\t\t\t\t<\/div>\r\n\t\t\t<\/a>\r\n\t\t<\/div><!--end item-->\r\n\r\n\t\t\r\n\t\t\t\t<div class=\"col-sm-6 masonry__item\">\r\n\t\t\t<a href=\"https:\/\/careleaverpp.org\/de\/resources\/mental-health-resources-in-kent\/\">\r\n\t\t\t\t<div class=\"card card-4\">\r\n\t\t\t\t\t<div class=\"card__image bg--white mhi\">\r\n\t\t\t\t\t\t<img loading=\"lazy\" decoding=\"async\" width=\"750\" height=\"500\" src=\"https:\/\/careleaverpp.org\/wp-content\/uploads\/2018\/02\/Mental-health.jpg\" class=\"attachment-large size-large wp-post-image\" alt=\"Scrabble tiles spelling mental health\" srcset=\"https:\/\/careleaverpp.org\/wp-content\/uploads\/2018\/02\/Mental-health.jpg 750w, https:\/\/careleaverpp.org\/wp-content\/uploads\/2018\/02\/Mental-health-200x133.jpg 200w, https:\/\/careleaverpp.org\/wp-content\/uploads\/2018\/02\/Mental-health-300x200.jpg 300w\" sizes=\"auto, (max-width: 750px) 100vw, 750px\" \/>\t\t\t\t\t<\/div>\r\n\t\t\t\t\t<div class=\"card__body boxed boxed--sm bg--white mh\">\r\n\t\t\t\t\t\t<div class=\"resource-title\">\r\n\t\t\t\t\t\t\t<h4>Ressourcen f\u00fcr psychische Gesundheit in Kent<\/h4>\t\t\t\t\t\t<\/div>\r\n\t\t\t\t\t\t<hr>\r\n\t\t\t\t\t\t<div class=\"resource-description\">\r\n\t\t\t\t\t\t\t<p>Ein kurzer \u00dcberblick \u00fcber verf\u00fcgbare Ressourcen f\u00fcr psychische Gesundheit in Kent.<\/p>\n\t\t\t\t\t\t<\/div>\t\t\t\t\t\t\r\n\t\t\t\t\t<\/div>\r\n\t\t\t\t<\/div>\r\n\t\t\t<\/a>\r\n\t\t<\/div><!--end item-->\r\n\r\n\t\t\r\n\t\t\t\t<div class=\"col-sm-6 masonry__item\">\r\n\t\t\t<a href=\"https:\/\/careleaverpp.org\/de\/resources\/criminal-injuries-compensation\/\">\r\n\t\t\t\t<div class=\"card card-4\">\r\n\t\t\t\t\t<div class=\"card__image bg--white mhi\">\r\n\t\t\t\t\t\t<img loading=\"lazy\" decoding=\"async\" width=\"750\" height=\"500\" src=\"https:\/\/careleaverpp.org\/wp-content\/uploads\/2018\/02\/Criminal.jpg\" class=\"attachment-large size-large wp-post-image\" alt=\"Criminal Injuries Compensation Scheme document\" srcset=\"https:\/\/careleaverpp.org\/wp-content\/uploads\/2018\/02\/Criminal.jpg 750w, https:\/\/careleaverpp.org\/wp-content\/uploads\/2018\/02\/Criminal-200x133.jpg 200w, https:\/\/careleaverpp.org\/wp-content\/uploads\/2018\/02\/Criminal-300x200.jpg 300w\" sizes=\"auto, (max-width: 750px) 100vw, 750px\" \/>\t\t\t\t\t<\/div>\r\n\t\t\t\t\t<div class=\"card__body boxed boxed--sm bg--white mh\">\r\n\t\t\t\t\t\t<div class=\"resource-title\">\r\n\t\t\t\t\t\t\t<h4>Entsch\u00e4digung f\u00fcr kriminelle Verletzungen<\/h4>\t\t\t\t\t\t<\/div>\r\n\t\t\t\t\t\t<hr>\r\n\t\t\t\t\t\t<div class=\"resource-description\">\r\n\t\t\t\t\t\t\t<p>Das Criminal Injuries Compensation Schema richtet sich an alle Personen in England, Schottland und Wales, die Opfer eines Gewaltverbrechens geworden sind.<\/p>\n\t\t\t\t\t\t<\/div>\t\t\t\t\t\t\r\n\t\t\t\t\t<\/div>\r\n\t\t\t\t<\/div>\r\n\t\t\t<\/a>\r\n\t\t<\/div><!--end item-->\r\n\r\n\t\t\r\n\t\t\t\t<div class=\"col-sm-6 masonry__item\">\r\n\t\t\t<a href=\"https:\/\/careleaverpp.org\/de\/resources\/tact-call-to-action\/\">\r\n\t\t\t\t<div class=\"card card-4\">\r\n\t\t\t\t\t<div class=\"card__image bg--white mhi\">\r\n\t\t\t\t\t\t<img loading=\"lazy\" decoding=\"async\" width=\"750\" height=\"500\" src=\"https:\/\/careleaverpp.org\/wp-content\/uploads\/2019\/01\/TACT.jpg\" class=\"attachment-large size-large wp-post-image\" alt=\"TACT Call to Action\" srcset=\"https:\/\/careleaverpp.org\/wp-content\/uploads\/2019\/01\/TACT.jpg 750w, https:\/\/careleaverpp.org\/wp-content\/uploads\/2019\/01\/TACT-200x133.jpg 200w, https:\/\/careleaverpp.org\/wp-content\/uploads\/2019\/01\/TACT-300x200.jpg 300w\" sizes=\"auto, (max-width: 750px) 100vw, 750px\" \/>\t\t\t\t\t<\/div>\r\n\t\t\t\t\t<div class=\"card__body boxed boxed--sm bg--white mh\">\r\n\t\t\t\t\t\t<div class=\"resource-title\">\r\n\t\t\t\t\t\t\t<h4>TACT Aufruf zum Handeln<\/h4>\t\t\t\t\t\t<\/div>\r\n\t\t\t\t\t\t<hr>\r\n\t\t\t\t\t\t<div class=\"resource-description\">\r\n\t\t\t\t\t\t\t<p>TACTs Manifest f\u00fcr Kinder in Pflege und Care Leaver 2017 - 2020.<\/p>\n\t\t\t\t\t\t<\/div>\t\t\t\t\t\t\r\n\t\t\t\t\t<\/div>\r\n\t\t\t\t<\/div>\r\n\t\t\t<\/a>\r\n\t\t<\/div><!--end item-->\r\n\r\n\t\t\r\n\t\t\t\t<div class=\"col-sm-6 masonry__item\">\r\n\t\t\t<a href=\"https:\/\/careleaverpp.org\/de\/resources\/moving-on-up-report\/\">\r\n\t\t\t\t<div class=\"card card-4\">\r\n\t\t\t\t\t<div class=\"card__image bg--white mhi\">\r\n\t\t\t\t\t\t<img loading=\"lazy\" decoding=\"async\" width=\"750\" height=\"500\" src=\"https:\/\/careleaverpp.org\/wp-content\/uploads\/2018\/01\/Moving-on-up.jpg\" class=\"attachment-large size-large wp-post-image\" alt=\"Moving on up report\" srcset=\"https:\/\/careleaverpp.org\/wp-content\/uploads\/2018\/01\/Moving-on-up.jpg 750w, https:\/\/careleaverpp.org\/wp-content\/uploads\/2018\/01\/Moving-on-up-200x133.jpg 200w, https:\/\/careleaverpp.org\/wp-content\/uploads\/2018\/01\/Moving-on-up-300x200.jpg 300w\" sizes=\"auto, (max-width: 750px) 100vw, 750px\" \/>\t\t\t\t\t<\/div>\r\n\t\t\t\t\t<div class=\"card__body boxed boxed--sm bg--white mh\">\r\n\t\t\t\t\t\t<div class=\"resource-title\">\r\n\t\t\t\t\t\t\t<h4>&#039;Moving on Up&#039;-Bericht<\/h4>\t\t\t\t\t\t<\/div>\r\n\t\t\t\t\t\t<hr>\r\n\t\t\t\t\t\t<div class=\"resource-description\">\r\n\t\t\t\t\t\t\t<p>\u201eMoving On Up\u201c berichtet \u00fcber eine vom National Network for the Education of Care Leavers in Auftrag gegebene Studie und ist die erste Studie\u2026<\/p>\n\t\t\t\t\t\t<\/div>\t\t\t\t\t\t\r\n\t\t\t\t\t<\/div>\r\n\t\t\t\t<\/div>\r\n\t\t\t<\/a>\r\n\t\t<\/div><!--end item-->\r\n\r\n\t\t\r\n\t\t\t\t<div class=\"col-sm-6 masonry__item\">\r\n\t\t\t<a href=\"https:\/\/careleaverpp.org\/de\/resources\/developing-a-local-offer-for-care-leavers\/\">\r\n\t\t\t\t<div class=\"card card-4\">\r\n\t\t\t\t\t<div class=\"card__image bg--white mhi\">\r\n\t\t\t\t\t\t<img loading=\"lazy\" decoding=\"async\" width=\"750\" height=\"500\" src=\"https:\/\/careleaverpp.org\/wp-content\/uploads\/2018\/12\/Local-offer.jpg\" class=\"attachment-large size-large wp-post-image\" alt=\"Local offer guide\" srcset=\"https:\/\/careleaverpp.org\/wp-content\/uploads\/2018\/12\/Local-offer.jpg 750w, https:\/\/careleaverpp.org\/wp-content\/uploads\/2018\/12\/Local-offer-200x133.jpg 200w, https:\/\/careleaverpp.org\/wp-content\/uploads\/2018\/12\/Local-offer-300x200.jpg 300w\" sizes=\"auto, (max-width: 750px) 100vw, 750px\" \/>\t\t\t\t\t<\/div>\r\n\t\t\t\t\t<div class=\"card__body boxed boxed--sm bg--white mh\">\r\n\t\t\t\t\t\t<div class=\"resource-title\">\r\n\t\t\t\t\t\t\t<h4>Entwicklung eines lokalen Angebots f\u00fcr Care Leaver<\/h4>\t\t\t\t\t\t<\/div>\r\n\t\t\t\t\t\t<hr>\r\n\t\t\t\t\t\t<div class=\"resource-description\">\r\n\t\t\t\t\t\t\t<p>Dies ist ein praktischer Leitfaden f\u00fcr lokale Beh\u00f6rden, der von The Children&#039;s Society entwickelt wurde<\/p>\n\t\t\t\t\t\t<\/div>\t\t\t\t\t\t\r\n\t\t\t\t\t<\/div>\r\n\t\t\t\t<\/div>\r\n\t\t\t<\/a>\r\n\t\t<\/div><!--end item-->\r\n\r\n\t\t\r\n\t\t\t\t<div class=\"col-sm-6 masonry__item\">\r\n\t\t\t<a href=\"https:\/\/careleaverpp.org\/de\/resources\/advocacy-a-guide-for-professionals\/\">\r\n\t\t\t\t<div class=\"card card-4\">\r\n\t\t\t\t\t<div class=\"card__image bg--white mhi\">\r\n\t\t\t\t\t\t<img loading=\"lazy\" decoding=\"async\" width=\"750\" height=\"500\" src=\"https:\/\/careleaverpp.org\/wp-content\/uploads\/2018\/12\/Advocacy.jpg\" class=\"attachment-large size-large wp-post-image\" alt=\"Advocacy guide\" srcset=\"https:\/\/careleaverpp.org\/wp-content\/uploads\/2018\/12\/Advocacy.jpg 750w, https:\/\/careleaverpp.org\/wp-content\/uploads\/2018\/12\/Advocacy-200x133.jpg 200w, https:\/\/careleaverpp.org\/wp-content\/uploads\/2018\/12\/Advocacy-300x200.jpg 300w\" sizes=\"auto, (max-width: 750px) 100vw, 750px\" \/>\t\t\t\t\t<\/div>\r\n\t\t\t\t\t<div class=\"card__body boxed boxed--sm bg--white mh\">\r\n\t\t\t\t\t\t<div class=\"resource-title\">\r\n\t\t\t\t\t\t\t<h4>Advocacy \u2013 Ein Leitfaden f\u00fcr Profis<\/h4>\t\t\t\t\t\t<\/div>\r\n\t\t\t\t\t\t<hr>\r\n\t\t\t\t\t\t<div class=\"resource-description\">\r\n\t\t\t\t\t\t\t<p>Bef\u00e4higung von Kindern und Jugendlichen in Pflege und in Not, ihr Leben zu verbessern.<\/p>\n\t\t\t\t\t\t<\/div>\t\t\t\t\t\t\r\n\t\t\t\t\t<\/div>\r\n\t\t\t\t<\/div>\r\n\t\t\t<\/a>\r\n\t\t<\/div><!--end item-->\r\n\r\n\t\t\r\n\t\t\t\t<div class=\"col-sm-6 masonry__item\">\r\n\t\t\t<a href=\"https:\/\/careleaverpp.org\/de\/resources\/childline-app\/\">\r\n\t\t\t\t<div class=\"card card-4\">\r\n\t\t\t\t\t<div class=\"card__image bg--white mhi\">\r\n\t\t\t\t\t\t<img loading=\"lazy\" decoding=\"async\" width=\"750\" height=\"500\" src=\"https:\/\/careleaverpp.org\/wp-content\/uploads\/2018\/12\/Childline-app.jpg\" class=\"attachment-large size-large wp-post-image\" alt=\"Childline app\" srcset=\"https:\/\/careleaverpp.org\/wp-content\/uploads\/2018\/12\/Childline-app.jpg 750w, https:\/\/careleaverpp.org\/wp-content\/uploads\/2018\/12\/Childline-app-200x133.jpg 200w, https:\/\/careleaverpp.org\/wp-content\/uploads\/2018\/12\/Childline-app-300x200.jpg 300w\" sizes=\"auto, (max-width: 750px) 100vw, 750px\" \/>\t\t\t\t\t<\/div>\r\n\t\t\t\t\t<div class=\"card__body boxed boxed--sm bg--white mh\">\r\n\t\t\t\t\t\t<div class=\"resource-title\">\r\n\t\t\t\t\t\t\t<h4>Childline-App<\/h4>\t\t\t\t\t\t<\/div>\r\n\t\t\t\t\t\t<hr>\r\n\t\t\t\t\t\t<div class=\"resource-description\">\r\n\t\t\t\t\t\t\t<p>Diese bei itunes erh\u00e4ltliche App erm\u00f6glicht es jungen Menschen, von ihrem Telefon aus auf die Unterst\u00fctzung von Childline zuzugreifen.<\/p>\n\t\t\t\t\t\t<\/div>\t\t\t\t\t\t\r\n\t\t\t\t\t<\/div>\r\n\t\t\t\t<\/div>\r\n\t\t\t<\/a>\r\n\t\t<\/div><!--end item-->\r\n\r\n\t\t\r\n\t\t\t\t<div class=\"col-sm-6 masonry__item\">\r\n\t\t\t<a href=\"https:\/\/careleaverpp.org\/de\/resources\/in-care-out-of-trouble\/\">\r\n\t\t\t\t<div class=\"card card-4\">\r\n\t\t\t\t\t<div class=\"card__image bg--white mhi\">\r\n\t\t\t\t\t\t<img loading=\"lazy\" decoding=\"async\" width=\"750\" height=\"500\" src=\"https:\/\/careleaverpp.org\/wp-content\/uploads\/2019\/01\/Prison.jpg\" class=\"attachment-large size-large wp-post-image\" alt=\"Prison report\" srcset=\"https:\/\/careleaverpp.org\/wp-content\/uploads\/2019\/01\/Prison.jpg 750w, https:\/\/careleaverpp.org\/wp-content\/uploads\/2019\/01\/Prison-200x133.jpg 200w, https:\/\/careleaverpp.org\/wp-content\/uploads\/2019\/01\/Prison-300x200.jpg 300w\" sizes=\"auto, (max-width: 750px) 100vw, 750px\" \/>\t\t\t\t\t<\/div>\r\n\t\t\t\t\t<div class=\"card__body boxed boxed--sm bg--white mh\">\r\n\t\t\t\t\t\t<div class=\"resource-title\">\r\n\t\t\t\t\t\t\t<h4>In Pflege, aus \u00c4rger<\/h4>\t\t\t\t\t\t<\/div>\r\n\t\t\t\t\t\t<hr>\r\n\t\t\t\t\t\t<div class=\"resource-description\">\r\n\t\t\t\t\t\t\t<p>Verbesserung der Lebenschancen von Kindern in Obhut durch Vermeidung unn\u00f6tiger Eingriffe in das Strafjustizsystem.<\/p>\n\t\t\t\t\t\t<\/div>\t\t\t\t\t\t\r\n\t\t\t\t\t<\/div>\r\n\t\t\t\t<\/div>\r\n\t\t\t<\/a>\r\n\t\t<\/div><!--end item-->\r\n\r\n\t\t\r\n\t\t\t\t<div class=\"col-sm-6 masonry__item\">\r\n\t\t\t<a href=\"https:\/\/careleaverpp.org\/de\/resources\/the-role-of-education-in-children-and-young-peoples-mental-health\/\">\r\n\t\t\t\t<div class=\"card card-4\">\r\n\t\t\t\t\t<div class=\"card__image bg--white mhi\">\r\n\t\t\t\t\t\t<img loading=\"lazy\" decoding=\"async\" width=\"750\" height=\"500\" src=\"https:\/\/careleaverpp.org\/wp-content\/uploads\/2018\/12\/HoC-mental-health.jpg\" class=\"attachment-large size-large wp-post-image\" alt=\"House of commons report\" srcset=\"https:\/\/careleaverpp.org\/wp-content\/uploads\/2018\/12\/HoC-mental-health.jpg 750w, https:\/\/careleaverpp.org\/wp-content\/uploads\/2018\/12\/HoC-mental-health-200x133.jpg 200w, https:\/\/careleaverpp.org\/wp-content\/uploads\/2018\/12\/HoC-mental-health-300x200.jpg 300w\" sizes=\"auto, (max-width: 750px) 100vw, 750px\" \/>\t\t\t\t\t<\/div>\r\n\t\t\t\t\t<div class=\"card__body boxed boxed--sm bg--white mh\">\r\n\t\t\t\t\t\t<div class=\"resource-title\">\r\n\t\t\t\t\t\t\t<h4>Die Rolle der Bildung in der psychischen Gesundheit von Kindern und Jugendlichen<\/h4>\t\t\t\t\t\t<\/div>\r\n\t\t\t\t\t\t<hr>\r\n\t\t\t\t\t\t<div class=\"resource-description\">\r\n\t\t\t\t\t\t\t<p>Dieser Bericht wurde von den Aussch\u00fcssen f\u00fcr Bildung und Gesundheit des Unterhauses erstellt.<\/p>\n\t\t\t\t\t\t<\/div>\t\t\t\t\t\t\r\n\t\t\t\t\t<\/div>\r\n\t\t\t\t<\/div>\r\n\t\t\t<\/a>\r\n\t\t<\/div><!--end item-->\r\n\r\n\t\t\r\n\t\t\t\t<div class=\"col-sm-6 masonry__item\">\r\n\t\t\t<a href=\"https:\/\/careleaverpp.org\/de\/resources\/localised-approaches-to-supporting-care-leavers\/\">\r\n\t\t\t\t<div class=\"card card-4\">\r\n\t\t\t\t\t<div class=\"card__image bg--white mhi\">\r\n\t\t\t\t\t\t<img loading=\"lazy\" decoding=\"async\" width=\"750\" height=\"500\" src=\"https:\/\/careleaverpp.org\/wp-content\/uploads\/2018\/03\/LW-Report.jpg\" class=\"attachment-large size-large wp-post-image\" alt=\"Learning and Work Institute Report\" srcset=\"https:\/\/careleaverpp.org\/wp-content\/uploads\/2018\/03\/LW-Report.jpg 750w, https:\/\/careleaverpp.org\/wp-content\/uploads\/2018\/03\/LW-Report-200x133.jpg 200w, https:\/\/careleaverpp.org\/wp-content\/uploads\/2018\/03\/LW-Report-300x200.jpg 300w\" sizes=\"auto, (max-width: 750px) 100vw, 750px\" \/>\t\t\t\t\t<\/div>\r\n\t\t\t\t\t<div class=\"card__body boxed boxed--sm bg--white mh\">\r\n\t\t\t\t\t\t<div class=\"resource-title\">\r\n\t\t\t\t\t\t\t<h4>Lokalisierte Ans\u00e4tze zur Unterst\u00fctzung von Care Leavern<\/h4>\t\t\t\t\t\t<\/div>\r\n\t\t\t\t\t\t<hr>\r\n\t\t\t\t\t\t<div class=\"resource-description\">\r\n\t\t\t\t\t\t\t<p>Enth\u00e4lt eine Fallstudie zur Care Leaver Progression Partnership<\/p>\n\t\t\t\t\t\t<\/div>\t\t\t\t\t\t\r\n\t\t\t\t\t<\/div>\r\n\t\t\t\t<\/div>\r\n\t\t\t<\/a>\r\n\t\t<\/div><!--end item-->\r\n\r\n\t\t\r\n\t\t\t\t<div class=\"col-sm-6 masonry__item\">\r\n\t\t\t<a href=\"https:\/\/careleaverpp.org\/de\/resources\/young-parents-advice\/\">\r\n\t\t\t\t<div class=\"card card-4\">\r\n\t\t\t\t\t<div class=\"card__image bg--white mhi\">\r\n\t\t\t\t\t\t<img loading=\"lazy\" decoding=\"async\" width=\"750\" height=\"500\" src=\"https:\/\/careleaverpp.org\/wp-content\/uploads\/2017\/04\/R8.jpg\" class=\"attachment-large size-large wp-post-image\" alt=\"Parents Advice website\" srcset=\"https:\/\/careleaverpp.org\/wp-content\/uploads\/2017\/04\/R8.jpg 750w, https:\/\/careleaverpp.org\/wp-content\/uploads\/2017\/04\/R8-200x133.jpg 200w, https:\/\/careleaverpp.org\/wp-content\/uploads\/2017\/04\/R8-300x200.jpg 300w\" sizes=\"auto, (max-width: 750px) 100vw, 750px\" \/>\t\t\t\t\t<\/div>\r\n\t\t\t\t\t<div class=\"card__body boxed boxed--sm bg--white mh\">\r\n\t\t\t\t\t\t<div class=\"resource-title\">\r\n\t\t\t\t\t\t\t<h4>Beratung f\u00fcr junge Eltern<\/h4>\t\t\t\t\t\t<\/div>\r\n\t\t\t\t\t\t<hr>\r\n\t\t\t\t\t\t<div class=\"resource-description\">\r\n\t\t\t\t\t\t\t<p>Website zur Unterst\u00fctzung junger Eltern, deren Kinder bed\u00fcrftig, gef\u00e4hrdet, betreut oder adoptiert sind<\/p>\n\t\t\t\t\t\t<\/div>\t\t\t\t\t\t\r\n\t\t\t\t\t<\/div>\r\n\t\t\t\t<\/div>\r\n\t\t\t<\/a>\r\n\t\t<\/div><!--end item-->\r\n\r\n\t\t\r\n\t\t\t\t<div class=\"col-sm-6 masonry__item\">\r\n\t\t\t<a href=\"https:\/\/careleaverpp.org\/de\/resources\/the-impacts-of-abuse-and-neglect-on-children\/\">\r\n\t\t\t\t<div class=\"card card-4\">\r\n\t\t\t\t\t<div class=\"card__image bg--white mhi\">\r\n\t\t\t\t\t\t<img loading=\"lazy\" decoding=\"async\" width=\"750\" height=\"500\" src=\"https:\/\/careleaverpp.org\/wp-content\/uploads\/2017\/04\/R7.jpg\" class=\"attachment-large size-large wp-post-image\" alt=\"\" srcset=\"https:\/\/careleaverpp.org\/wp-content\/uploads\/2017\/04\/R7.jpg 750w, https:\/\/careleaverpp.org\/wp-content\/uploads\/2017\/04\/R7-200x133.jpg 200w, https:\/\/careleaverpp.org\/wp-content\/uploads\/2017\/04\/R7-300x200.jpg 300w\" sizes=\"auto, (max-width: 750px) 100vw, 750px\" \/>\t\t\t\t\t<\/div>\r\n\t\t\t\t\t<div class=\"card__body boxed boxed--sm bg--white mh\">\r\n\t\t\t\t\t\t<div class=\"resource-title\">\r\n\t\t\t\t\t\t\t<h4>Die Auswirkungen von Missbrauch und Vernachl\u00e4ssigung auf Kinder<\/h4>\t\t\t\t\t\t<\/div>\r\n\t\t\t\t\t\t<hr>\r\n\t\t\t\t\t\t<div class=\"resource-description\">\r\n\t\t\t\t\t\t\t<p>Ein Bericht des Bildungsministeriums zum Vergleich von Platzierungsm\u00f6glichkeiten<\/p>\n\t\t\t\t\t\t<\/div>\t\t\t\t\t\t\r\n\t\t\t\t\t<\/div>\r\n\t\t\t\t<\/div>\r\n\t\t\t<\/a>\r\n\t\t<\/div><!--end item-->\r\n\r\n\t\t\r\n\t\t\t\t<div class=\"col-sm-6 masonry__item\">\r\n\t\t\t<a href=\"https:\/\/careleaverpp.org\/de\/resources\/creating-a-culture\/\">\r\n\t\t\t\t<div class=\"card card-4\">\r\n\t\t\t\t\t<div class=\"card__image bg--white mhi\">\r\n\t\t\t\t\t\t<img loading=\"lazy\" decoding=\"async\" width=\"750\" height=\"500\" src=\"https:\/\/careleaverpp.org\/wp-content\/uploads\/2017\/04\/R6.jpg\" class=\"attachment-large size-large wp-post-image\" alt=\"Creating cultures report\" srcset=\"https:\/\/careleaverpp.org\/wp-content\/uploads\/2017\/04\/R6.jpg 750w, https:\/\/careleaverpp.org\/wp-content\/uploads\/2017\/04\/R6-200x133.jpg 200w, https:\/\/careleaverpp.org\/wp-content\/uploads\/2017\/04\/R6-300x200.jpg 300w\" sizes=\"auto, (max-width: 750px) 100vw, 750px\" \/>\t\t\t\t\t<\/div>\r\n\t\t\t\t\t<div class=\"card__body boxed boxed--sm bg--white mh\">\r\n\t\t\t\t\t\t<div class=\"resource-title\">\r\n\t\t\t\t\t\t\t<h4>Eine Kultur schaffen<\/h4>\t\t\t\t\t\t<\/div>\r\n\t\t\t\t\t\t<hr>\r\n\t\t\t\t\t\t<div class=\"resource-description\">\r\n\t\t\t\t\t\t\t<p>Vom Bildungsministerium, wie Schulleiter das Verhalten in Schulen optimieren k\u00f6nnen.<\/p>\n\t\t\t\t\t\t<\/div>\t\t\t\t\t\t\r\n\t\t\t\t\t<\/div>\r\n\t\t\t\t<\/div>\r\n\t\t\t<\/a>\r\n\t\t<\/div><!--end item-->\r\n\r\n\t\t\r\n\t\t\t\t<div class=\"col-sm-6 masonry__item\">\r\n\t\t\t<a href=\"https:\/\/careleaverpp.org\/de\/resources\/understanding-childhoods\/\">\r\n\t\t\t\t<div class=\"card card-4\">\r\n\t\t\t\t\t<div class=\"card__image bg--white mhi\">\r\n\t\t\t\t\t\t<img loading=\"lazy\" decoding=\"async\" width=\"750\" height=\"500\" src=\"https:\/\/careleaverpp.org\/wp-content\/uploads\/2017\/04\/R5.jpg\" class=\"attachment-large size-large wp-post-image\" alt=\"Understanding Childhoods report\" srcset=\"https:\/\/careleaverpp.org\/wp-content\/uploads\/2017\/04\/R5.jpg 750w, https:\/\/careleaverpp.org\/wp-content\/uploads\/2017\/04\/R5-200x133.jpg 200w, https:\/\/careleaverpp.org\/wp-content\/uploads\/2017\/04\/R5-300x200.jpg 300w\" sizes=\"auto, (max-width: 750px) 100vw, 750px\" \/>\t\t\t\t\t<\/div>\r\n\t\t\t\t\t<div class=\"card__body boxed boxed--sm bg--white mh\">\r\n\t\t\t\t\t\t<div class=\"resource-title\">\r\n\t\t\t\t\t\t\t<h4>Kindheit verstehen<\/h4>\t\t\t\t\t\t<\/div>\r\n\t\t\t\t\t\t<hr>\r\n\t\t\t\t\t\t<div class=\"resource-description\">\r\n\t\t\t\t\t\t\t<p>Ein Bericht der Children&#039;s Society \u00fcber das Erwachsenwerden in schweren Zeiten.<\/p>\n\t\t\t\t\t\t<\/div>\t\t\t\t\t\t\r\n\t\t\t\t\t<\/div>\r\n\t\t\t\t<\/div>\r\n\t\t\t<\/a>\r\n\t\t<\/div><!--end item-->\r\n\r\n\t\t\r\n\t\t\t\t<div class=\"col-sm-6 masonry__item\">\r\n\t\t\t<a href=\"https:\/\/careleaverpp.org\/de\/resources\/unaccompanied-child-migrants-report\/\">\r\n\t\t\t\t<div class=\"card card-4\">\r\n\t\t\t\t\t<div class=\"card__image bg--white mhi\">\r\n\t\t\t\t\t\t<img loading=\"lazy\" decoding=\"async\" width=\"750\" height=\"500\" src=\"https:\/\/careleaverpp.org\/wp-content\/uploads\/2017\/04\/R4.jpg\" class=\"attachment-large size-large wp-post-image\" alt=\"Unaccompanied Child Migrants Report\" srcset=\"https:\/\/careleaverpp.org\/wp-content\/uploads\/2017\/04\/R4.jpg 750w, https:\/\/careleaverpp.org\/wp-content\/uploads\/2017\/04\/R4-200x133.jpg 200w, https:\/\/careleaverpp.org\/wp-content\/uploads\/2017\/04\/R4-300x200.jpg 300w\" sizes=\"auto, (max-width: 750px) 100vw, 750px\" \/>\t\t\t\t\t<\/div>\r\n\t\t\t\t\t<div class=\"card__body boxed boxed--sm bg--white mh\">\r\n\t\t\t\t\t\t<div class=\"resource-title\">\r\n\t\t\t\t\t\t\t<h4>Bericht \u00fcber unbegleitete minderj\u00e4hrige Migranten<\/h4>\t\t\t\t\t\t<\/div>\r\n\t\t\t\t\t\t<hr>\r\n\t\t\t\t\t\t<div class=\"resource-description\">\r\n\t\t\t\t\t\t\t<p>Aus dem House of Commons, Innenausschuss. Ver\u00f6ffentlicht M\u00e4rz 2017<\/p>\n\t\t\t\t\t\t<\/div>\t\t\t\t\t\t\r\n\t\t\t\t\t<\/div>\r\n\t\t\t\t<\/div>\r\n\t\t\t<\/a>\r\n\t\t<\/div><!--end item-->\r\n\r\n\t\t\r\n\t\t\t\t<div class=\"col-sm-6 masonry__item\">\r\n\t\t\t<a href=\"https:\/\/careleaverpp.org\/de\/resources\/things-guys-dont-talk-about\/\">\r\n\t\t\t\t<div class=\"card card-4\">\r\n\t\t\t\t\t<div class=\"card__image bg--white mhi\">\r\n\t\t\t\t\t\t<img loading=\"lazy\" decoding=\"async\" width=\"750\" height=\"500\" src=\"https:\/\/careleaverpp.org\/wp-content\/uploads\/2017\/04\/R3.jpg\" class=\"attachment-large size-large wp-post-image\" alt=\"Still from video - Things guys don&#039;t talk about\" srcset=\"https:\/\/careleaverpp.org\/wp-content\/uploads\/2017\/04\/R3.jpg 750w, https:\/\/careleaverpp.org\/wp-content\/uploads\/2017\/04\/R3-200x133.jpg 200w, https:\/\/careleaverpp.org\/wp-content\/uploads\/2017\/04\/R3-300x200.jpg 300w\" sizes=\"auto, (max-width: 750px) 100vw, 750px\" \/>\t\t\t\t\t<\/div>\r\n\t\t\t\t\t<div class=\"card__body boxed boxed--sm bg--white mh\">\r\n\t\t\t\t\t\t<div class=\"resource-title\">\r\n\t\t\t\t\t\t\t<h4>Dinge, \u00fcber die Jungs nicht reden<\/h4>\t\t\t\t\t\t<\/div>\r\n\t\t\t\t\t\t<hr>\r\n\t\t\t\t\t\t<div class=\"resource-description\">\r\n\t\t\t\t\t\t\t<p>Von Childline produziertes Video, das sich an 13- bis 18-j\u00e4hrige M\u00e4nner richtet und Selbstmordgedanken thematisiert<\/p>\n\t\t\t\t\t\t<\/div>\t\t\t\t\t\t\r\n\t\t\t\t\t<\/div>\r\n\t\t\t\t<\/div>\r\n\t\t\t<\/a>\r\n\t\t<\/div><!--end item-->\r\n\r\n\t\t\r\n\t\t\t\t<div class=\"col-sm-6 masonry__item\">\r\n\t\t\t<a href=\"https:\/\/careleaverpp.org\/de\/resources\/parent-child-agreement-on-parent-child-neglect\/\">\r\n\t\t\t\t<div class=\"card card-4\">\r\n\t\t\t\t\t<div class=\"card__image bg--white mhi\">\r\n\t\t\t\t\t\t<img loading=\"lazy\" decoding=\"async\" width=\"750\" height=\"500\" src=\"https:\/\/careleaverpp.org\/wp-content\/uploads\/2017\/04\/R2.jpg\" class=\"attachment-large size-large wp-post-image\" alt=\"Parent-child agreement on Parent-Child Neglect\" srcset=\"https:\/\/careleaverpp.org\/wp-content\/uploads\/2017\/04\/R2.jpg 750w, https:\/\/careleaverpp.org\/wp-content\/uploads\/2017\/04\/R2-200x133.jpg 200w, https:\/\/careleaverpp.org\/wp-content\/uploads\/2017\/04\/R2-300x200.jpg 300w\" sizes=\"auto, (max-width: 750px) 100vw, 750px\" \/>\t\t\t\t\t<\/div>\r\n\t\t\t\t\t<div class=\"card__body boxed boxed--sm bg--white mh\">\r\n\t\t\t\t\t\t<div class=\"resource-title\">\r\n\t\t\t\t\t\t\t<h4>Eltern-Kind-Vereinbarung \u00fcber Eltern-Kind-Vernachl\u00e4ssigung<\/h4>\t\t\t\t\t\t<\/div>\r\n\t\t\t\t\t\t<hr>\r\n\t\t\t\t\t\t<div class=\"resource-description\">\r\n\t\t\t\t\t\t\t<p>Eine Mehrgenerationenstudie aus dem Journal of Family Violence<\/p>\n\t\t\t\t\t\t<\/div>\t\t\t\t\t\t\r\n\t\t\t\t\t<\/div>\r\n\t\t\t\t<\/div>\r\n\t\t\t<\/a>\r\n\t\t<\/div><!--end item-->\r\n\r\n\t\t\r\n\t\t\t\t<div class=\"col-sm-6 masonry__item\">\r\n\t\t\t<a href=\"https:\/\/careleaverpp.org\/de\/resources\/kcc-new-vision-and-priorities-for-improvement\/\">\r\n\t\t\t\t<div class=\"card card-4\">\r\n\t\t\t\t\t<div class=\"card__image bg--white mhi\">\r\n\t\t\t\t\t\t<img loading=\"lazy\" decoding=\"async\" width=\"750\" height=\"500\" src=\"https:\/\/careleaverpp.org\/wp-content\/uploads\/2017\/04\/R1.jpg\" class=\"attachment-large size-large wp-post-image\" alt=\"Vision and Priorities for Improvement\" srcset=\"https:\/\/careleaverpp.org\/wp-content\/uploads\/2017\/04\/R1.jpg 750w, https:\/\/careleaverpp.org\/wp-content\/uploads\/2017\/04\/R1-200x133.jpg 200w, https:\/\/careleaverpp.org\/wp-content\/uploads\/2017\/04\/R1-300x200.jpg 300w\" sizes=\"auto, (max-width: 750px) 100vw, 750px\" \/>\t\t\t\t\t<\/div>\r\n\t\t\t\t\t<div class=\"card__body boxed boxed--sm bg--white mh\">\r\n\t\t\t\t\t\t<div class=\"resource-title\">\r\n\t\t\t\t\t\t\t<h4>KCC Neue Vision und Priorit\u00e4ten f\u00fcr Verbesserungen<\/h4>\t\t\t\t\t\t<\/div>\r\n\t\t\t\t\t\t<hr>\r\n\t\t\t\t\t\t<div class=\"resource-description\">\r\n\t\t\t\t\t\t\t<p>KCC hat seine neue Vision f\u00fcr Bildung und Dienstleistungen f\u00fcr junge Menschen vorgestellt<\/p>\n\t\t\t\t\t\t<\/div>\t\t\t\t\t\t\r\n\t\t\t\t\t<\/div>\r\n\t\t\t\t<\/div>\r\n\t\t\t<\/a>\r\n\t\t<\/div><!--end item-->\r\n\r\n\t\t\r\n\t\t\t\t<div class=\"col-sm-6 masonry__item\">\r\n\t\t\t<a href=\"https:\/\/careleaverpp.org\/de\/resources\/growing-up-with-the-internet\/\">\r\n\t\t\t\t<div class=\"card card-4\">\r\n\t\t\t\t\t<div class=\"card__image bg--white mhi\">\r\n\t\t\t\t\t\t<img loading=\"lazy\" decoding=\"async\" width=\"750\" height=\"500\" src=\"https:\/\/careleaverpp.org\/wp-content\/uploads\/2017\/03\/Internet.jpg\" class=\"attachment-large size-large wp-post-image\" alt=\"Growing up with the Internet report\" srcset=\"https:\/\/careleaverpp.org\/wp-content\/uploads\/2017\/03\/Internet.jpg 750w, https:\/\/careleaverpp.org\/wp-content\/uploads\/2017\/03\/Internet-200x133.jpg 200w, https:\/\/careleaverpp.org\/wp-content\/uploads\/2017\/03\/Internet-300x200.jpg 300w\" sizes=\"auto, (max-width: 750px) 100vw, 750px\" \/>\t\t\t\t\t<\/div>\r\n\t\t\t\t\t<div class=\"card__body boxed boxed--sm bg--white mh\">\r\n\t\t\t\t\t\t<div class=\"resource-title\">\r\n\t\t\t\t\t\t\t<h4>Aufwachsen mit dem Internet<\/h4>\t\t\t\t\t\t<\/div>\r\n\t\t\t\t\t\t<hr>\r\n\t\t\t\t\t\t<div class=\"resource-description\">\r\n\t\t\t\t\t\t\t<p>Bericht des House of Lords, Sonderausschuss f\u00fcr Kommunikation<\/p>\n\t\t\t\t\t\t<\/div>\t\t\t\t\t\t\r\n\t\t\t\t\t<\/div>\r\n\t\t\t\t<\/div>\r\n\t\t\t<\/a>\r\n\t\t<\/div><!--end item-->\r\n\r\n\t\t\r\n\t\t\t\t<div class=\"col-sm-6 masonry__item\">\r\n\t\t\t<a href=\"https:\/\/careleaverpp.org\/de\/resources\/moving-on\/\">\r\n\t\t\t\t<div class=\"card card-4\">\r\n\t\t\t\t\t<div class=\"card__image bg--white mhi\">\r\n\t\t\t\t\t\t<img loading=\"lazy\" decoding=\"async\" width=\"750\" height=\"500\" src=\"https:\/\/careleaverpp.org\/wp-content\/uploads\/2017\/03\/Moving-On-Magazine-logo.jpg\" class=\"attachment-large size-large wp-post-image\" alt=\"Moving On magazine logo\" srcset=\"https:\/\/careleaverpp.org\/wp-content\/uploads\/2017\/03\/Moving-On-Magazine-logo.jpg 750w, https:\/\/careleaverpp.org\/wp-content\/uploads\/2017\/03\/Moving-On-Magazine-logo-200x133.jpg 200w, https:\/\/careleaverpp.org\/wp-content\/uploads\/2017\/03\/Moving-On-Magazine-logo-300x200.jpg 300w\" sizes=\"auto, (max-width: 750px) 100vw, 750px\" \/>\t\t\t\t\t<\/div>\r\n\t\t\t\t\t<div class=\"card__body boxed boxed--sm bg--white mh\">\r\n\t\t\t\t\t\t<div class=\"resource-title\">\r\n\t\t\t\t\t\t\t<h4>Weiter gehts<\/h4>\t\t\t\t\t\t<\/div>\r\n\t\t\t\t\t\t<hr>\r\n\t\t\t\t\t\t<div class=\"resource-description\">\r\n\t\t\t\t\t\t\t<p>Ein Online-Magazin rund um Karriere und Qualifikation<\/p>\n\t\t\t\t\t\t<\/div>\t\t\t\t\t\t\r\n\t\t\t\t\t<\/div>\r\n\t\t\t\t<\/div>\r\n\t\t\t<\/a>\r\n\t\t<\/div><!--end item-->\r\n\r\n\t\t\r\n\t\t\t\t<div class=\"col-sm-6 masonry__item\">\r\n\t\t\t<a href=\"https:\/\/careleaverpp.org\/de\/resources\/children-in-charge\/\">\r\n\t\t\t\t<div class=\"card card-4\">\r\n\t\t\t\t\t<div class=\"card__image bg--white mhi\">\r\n\t\t\t\t\t\t<img loading=\"lazy\" decoding=\"async\" width=\"750\" height=\"500\" src=\"https:\/\/careleaverpp.org\/wp-content\/uploads\/2017\/03\/Children-in-Charge.jpg\" class=\"attachment-large size-large wp-post-image\" alt=\"Children in Charge report\" srcset=\"https:\/\/careleaverpp.org\/wp-content\/uploads\/2017\/03\/Children-in-Charge.jpg 750w, https:\/\/careleaverpp.org\/wp-content\/uploads\/2017\/03\/Children-in-Charge-200x133.jpg 200w, https:\/\/careleaverpp.org\/wp-content\/uploads\/2017\/03\/Children-in-Charge-300x200.jpg 300w\" sizes=\"auto, (max-width: 750px) 100vw, 750px\" \/>\t\t\t\t\t<\/div>\r\n\t\t\t\t\t<div class=\"card__body boxed boxed--sm bg--white mh\">\r\n\t\t\t\t\t\t<div class=\"resource-title\">\r\n\t\t\t\t\t\t\t<h4>Kinder verantwortlich<\/h4>\t\t\t\t\t\t<\/div>\r\n\t\t\t\t\t\t<hr>\r\n\t\t\t\t\t\t<div class=\"resource-description\">\r\n\t\t\t\t\t\t\t<p>Vorstellung einer systemischen Reform und Neugestaltung bei der Betreuung von Kindern<\/p>\n\t\t\t\t\t\t<\/div>\t\t\t\t\t\t\r\n\t\t\t\t\t<\/div>\r\n\t\t\t\t<\/div>\r\n\t\t\t<\/a>\r\n\t\t<\/div><!--end item-->\r\n\r\n\t\t\r\n\t\t\t\t<div class=\"col-sm-6 masonry__item\">\r\n\t\t\t<a href=\"https:\/\/careleaverpp.org\/de\/resources\/no-good-options\/\">\r\n\t\t\t\t<div class=\"card card-4\">\r\n\t\t\t\t\t<div class=\"card__image bg--white mhi\">\r\n\t\t\t\t\t\t<img loading=\"lazy\" decoding=\"async\" width=\"750\" height=\"500\" src=\"https:\/\/careleaverpp.org\/wp-content\/uploads\/2017\/03\/No-Good-Options.jpg\" class=\"attachment-large size-large wp-post-image\" alt=\"No Good Options report\" srcset=\"https:\/\/careleaverpp.org\/wp-content\/uploads\/2017\/03\/No-Good-Options.jpg 750w, https:\/\/careleaverpp.org\/wp-content\/uploads\/2017\/03\/No-Good-Options-200x133.jpg 200w, https:\/\/careleaverpp.org\/wp-content\/uploads\/2017\/03\/No-Good-Options-300x200.jpg 300w\" sizes=\"auto, (max-width: 750px) 100vw, 750px\" \/>\t\t\t\t\t<\/div>\r\n\t\t\t\t\t<div class=\"card__body boxed boxed--sm bg--white mh\">\r\n\t\t\t\t\t\t<div class=\"resource-title\">\r\n\t\t\t\t\t\t\t<h4>Keine guten Optionen<\/h4>\t\t\t\t\t\t<\/div>\r\n\t\t\t\t\t\t<hr>\r\n\t\t\t\t\t\t<div class=\"resource-description\">\r\n\t\t\t\t\t\t\t<p>Bericht \u00fcber die Untersuchung der Kinderbetreuung in England<\/p>\n\t\t\t\t\t\t<\/div>\t\t\t\t\t\t\r\n\t\t\t\t\t<\/div>\r\n\t\t\t\t<\/div>\r\n\t\t\t<\/a>\r\n\t\t<\/div><!--end item-->\r\n\r\n\t\t\r\n\t\t\t\t<div class=\"col-sm-6 masonry__item\">\r\n\t\t\t<a href=\"https:\/\/careleaverpp.org\/de\/resources\/children-missing-education\/\">\r\n\t\t\t\t<div class=\"card card-4\">\r\n\t\t\t\t\t<div class=\"card__image bg--white mhi\">\r\n\t\t\t\t\t\t<img loading=\"lazy\" decoding=\"async\" width=\"750\" height=\"500\" src=\"https:\/\/careleaverpp.org\/wp-content\/uploads\/2017\/03\/Children-missing-education.jpg\" class=\"attachment-large size-large wp-post-image\" alt=\"Children missing education report\" srcset=\"https:\/\/careleaverpp.org\/wp-content\/uploads\/2017\/03\/Children-missing-education.jpg 750w, https:\/\/careleaverpp.org\/wp-content\/uploads\/2017\/03\/Children-missing-education-200x133.jpg 200w, https:\/\/careleaverpp.org\/wp-content\/uploads\/2017\/03\/Children-missing-education-300x200.jpg 300w\" sizes=\"auto, (max-width: 750px) 100vw, 750px\" \/>\t\t\t\t\t<\/div>\r\n\t\t\t\t\t<div class=\"card__body boxed boxed--sm bg--white mh\">\r\n\t\t\t\t\t\t<div class=\"resource-title\">\r\n\t\t\t\t\t\t\t<h4>Kinder ohne Bildung<\/h4>\t\t\t\t\t\t<\/div>\r\n\t\t\t\t\t\t<hr>\r\n\t\t\t\t\t\t<div class=\"resource-description\">\r\n\t\t\t\t\t\t\t<p>Ein Bericht des National Children&#039;s Bureau \u00fcber Kinder, die keine Ausbildung erhalten<\/p>\n\t\t\t\t\t\t<\/div>\t\t\t\t\t\t\r\n\t\t\t\t\t<\/div>\r\n\t\t\t\t<\/div>\r\n\t\t\t<\/a>\r\n\t\t<\/div><!--end item-->\r\n\r\n\t\t\r\n\t\t\t\t<div class=\"col-sm-6 masonry__item\">\r\n\t\t\t<a href=\"https:\/\/careleaverpp.org\/de\/resources\/rethinking-did-not-attend\/\">\r\n\t\t\t\t<div class=\"card card-4\">\r\n\t\t\t\t\t<div class=\"card__image bg--white mhi\">\r\n\t\t\t\t\t\t<img loading=\"lazy\" decoding=\"async\" width=\"750\" height=\"500\" src=\"https:\/\/careleaverpp.org\/wp-content\/uploads\/2017\/03\/Did-not-attend.jpg\" class=\"attachment-large size-large wp-post-image\" alt=\"Did not attend\" srcset=\"https:\/\/careleaverpp.org\/wp-content\/uploads\/2017\/03\/Did-not-attend.jpg 750w, https:\/\/careleaverpp.org\/wp-content\/uploads\/2017\/03\/Did-not-attend-200x133.jpg 200w, https:\/\/careleaverpp.org\/wp-content\/uploads\/2017\/03\/Did-not-attend-300x200.jpg 300w\" sizes=\"auto, (max-width: 750px) 100vw, 750px\" \/>\t\t\t\t\t<\/div>\r\n\t\t\t\t\t<div class=\"card__body boxed boxed--sm bg--white mh\">\r\n\t\t\t\t\t\t<div class=\"resource-title\">\r\n\t\t\t\t\t\t\t<h4>\u201eNicht teilgenommen\u201c \u00fcberdenken<\/h4>\t\t\t\t\t\t<\/div>\r\n\t\t\t\t\t\t<hr>\r\n\t\t\t\t\t\t<div class=\"resource-description\">\r\n\t\t\t\t\t\t\t<p>Unterst\u00fctzung bei der Bek\u00e4mpfung der medizinischen Vernachl\u00e4ssigung von Kindern. Eine wichtige Videoressource, die vom NHS Nottingham produziert wird<\/p>\n\t\t\t\t\t\t<\/div>\t\t\t\t\t\t\r\n\t\t\t\t\t<\/div>\r\n\t\t\t\t<\/div>\r\n\t\t\t<\/a>\r\n\t\t<\/div><!--end item-->\r\n\r\n\t\t\r\n\t\t\t\t<div class=\"col-sm-6 masonry__item\">\r\n\t\t\t<a href=\"https:\/\/careleaverpp.org\/de\/resources\/how-safe-are-our-children\/\">\r\n\t\t\t\t<div class=\"card card-4\">\r\n\t\t\t\t\t<div class=\"card__image bg--white mhi\">\r\n\t\t\t\t\t\t<img loading=\"lazy\" decoding=\"async\" width=\"750\" height=\"500\" src=\"https:\/\/careleaverpp.org\/wp-content\/uploads\/2017\/03\/NSPCC-How-Safe.jpg\" class=\"attachment-large size-large wp-post-image\" alt=\"How safe are our children report\" srcset=\"https:\/\/careleaverpp.org\/wp-content\/uploads\/2017\/03\/NSPCC-How-Safe.jpg 750w, https:\/\/careleaverpp.org\/wp-content\/uploads\/2017\/03\/NSPCC-How-Safe-200x133.jpg 200w, https:\/\/careleaverpp.org\/wp-content\/uploads\/2017\/03\/NSPCC-How-Safe-300x200.jpg 300w\" sizes=\"auto, (max-width: 750px) 100vw, 750px\" \/>\t\t\t\t\t<\/div>\r\n\t\t\t\t\t<div class=\"card__body boxed boxed--sm bg--white mh\">\r\n\t\t\t\t\t\t<div class=\"resource-title\">\r\n\t\t\t\t\t\t\t<h4>Wie sicher sind unsere Kinder?<\/h4>\t\t\t\t\t\t<\/div>\r\n\t\t\t\t\t\t<hr>\r\n\t\t\t\t\t\t<div class=\"resource-description\">\r\n\t\t\t\t\t\t\t<p>Der Bericht des NSPCC kompiliert und analysiert robuste Daten zum Kinderschutz in den 4 Nationen im Vereinigten K\u00f6nigreich f\u00fcr 2016<\/p>\n\t\t\t\t\t\t<\/div>\t\t\t\t\t\t\r\n\t\t\t\t\t<\/div>\r\n\t\t\t\t<\/div>\r\n\t\t\t<\/a>\r\n\t\t<\/div><!--end item-->\r\n\r\n\t\t\r\n\t\t\t\t<div class=\"col-sm-6 masonry__item\">\r\n\t\t\t<a href=\"https:\/\/careleaverpp.org\/de\/resources\/safeguarding-in-education\/\">\r\n\t\t\t\t<div class=\"card card-4\">\r\n\t\t\t\t\t<div class=\"card__image bg--white mhi\">\r\n\t\t\t\t\t\t<img loading=\"lazy\" decoding=\"async\" width=\"750\" height=\"500\" src=\"https:\/\/careleaverpp.org\/wp-content\/uploads\/2017\/03\/Girl-looking-at-notebook.jpg\" class=\"attachment-large size-large wp-post-image\" alt=\"Girl looking at notebook\" srcset=\"https:\/\/careleaverpp.org\/wp-content\/uploads\/2017\/03\/Girl-looking-at-notebook.jpg 750w, https:\/\/careleaverpp.org\/wp-content\/uploads\/2017\/03\/Girl-looking-at-notebook-200x133.jpg 200w, https:\/\/careleaverpp.org\/wp-content\/uploads\/2017\/03\/Girl-looking-at-notebook-300x200.jpg 300w\" sizes=\"auto, (max-width: 750px) 100vw, 750px\" \/>\t\t\t\t\t<\/div>\r\n\t\t\t\t\t<div class=\"card__body boxed boxed--sm bg--white mh\">\r\n\t\t\t\t\t\t<div class=\"resource-title\">\r\n\t\t\t\t\t\t\t<h4>Schutz in der Bildung<\/h4>\t\t\t\t\t\t<\/div>\r\n\t\t\t\t\t\t<hr>\r\n\t\t\t\t\t\t<div class=\"resource-description\">\r\n\t\t\t\t\t\t\t<p>Ein Selbstbewertungstool f\u00fcr Schulen des NSPCC. KOSTENLOSE Registrierung zur Nutzung erforderlich.<\/p>\n\t\t\t\t\t\t<\/div>\t\t\t\t\t\t\r\n\t\t\t\t\t<\/div>\r\n\t\t\t\t<\/div>\r\n\t\t\t<\/a>\r\n\t\t<\/div><!--end item-->\r\n\r\n\t\t\r\n\t\t\t\t<div class=\"col-sm-6 masonry__item\">\r\n\t\t\t<a href=\"https:\/\/careleaverpp.org\/de\/resources\/health-uasc\/\">\r\n\t\t\t\t<div class=\"card card-4\">\r\n\t\t\t\t\t<div class=\"card__image bg--white mhi\">\r\n\t\t\t\t\t\t<img loading=\"lazy\" decoding=\"async\" width=\"750\" height=\"500\" src=\"https:\/\/careleaverpp.org\/wp-content\/uploads\/2017\/03\/Sussex-NHS-resize.jpg\" class=\"attachment-large size-large wp-post-image\" alt=\"\" srcset=\"https:\/\/careleaverpp.org\/wp-content\/uploads\/2017\/03\/Sussex-NHS-resize.jpg 750w, https:\/\/careleaverpp.org\/wp-content\/uploads\/2017\/03\/Sussex-NHS-resize-200x133.jpg 200w, https:\/\/careleaverpp.org\/wp-content\/uploads\/2017\/03\/Sussex-NHS-resize-300x200.jpg 300w\" sizes=\"auto, (max-width: 750px) 100vw, 750px\" \/>\t\t\t\t\t<\/div>\r\n\t\t\t\t\t<div class=\"card__body boxed boxed--sm bg--white mh\">\r\n\t\t\t\t\t\t<div class=\"resource-title\">\r\n\t\t\t\t\t\t\t<h4>Gesundheit \u2013 UASC<\/h4>\t\t\t\t\t\t<\/div>\r\n\t\t\t\t\t\t<hr>\r\n\t\t\t\t\t\t<div class=\"resource-description\">\r\n\t\t\t\t\t\t\t<p>Berichte und Ressourcen zur Unterst\u00fctzung der Gesundheitsbed\u00fcrfnisse unbegleiteter asylsuchender Kinder<\/p>\n\t\t\t\t\t\t<\/div>\t\t\t\t\t\t\r\n\t\t\t\t\t<\/div>\r\n\t\t\t\t<\/div>\r\n\t\t\t<\/a>\r\n\t\t<\/div><!--end item-->\r\n\r\n\t\t\r\n\t\t\t\t<div class=\"col-sm-6 masonry__item\">\r\n\t\t\t<a href=\"https:\/\/careleaverpp.org\/de\/resources\/contact-after-adoption\/\">\r\n\t\t\t\t<div class=\"card card-4\">\r\n\t\t\t\t\t<div class=\"card__image bg--white mhi\">\r\n\t\t\t\t\t\t<img loading=\"lazy\" decoding=\"async\" width=\"750\" height=\"500\" src=\"https:\/\/careleaverpp.org\/wp-content\/uploads\/2017\/03\/Contact-after-adoption-study.jpg\" class=\"attachment-large size-large wp-post-image\" alt=\"Contact after adoption study\" srcset=\"https:\/\/careleaverpp.org\/wp-content\/uploads\/2017\/03\/Contact-after-adoption-study.jpg 750w, https:\/\/careleaverpp.org\/wp-content\/uploads\/2017\/03\/Contact-after-adoption-study-200x133.jpg 200w, https:\/\/careleaverpp.org\/wp-content\/uploads\/2017\/03\/Contact-after-adoption-study-300x200.jpg 300w\" sizes=\"auto, (max-width: 750px) 100vw, 750px\" \/>\t\t\t\t\t<\/div>\r\n\t\t\t\t\t<div class=\"card__body boxed boxed--sm bg--white mh\">\r\n\t\t\t\t\t\t<div class=\"resource-title\">\r\n\t\t\t\t\t\t\t<h4>Kontakt Nach der Adoption<\/h4>\t\t\t\t\t\t<\/div>\r\n\t\t\t\t\t\t<hr>\r\n\t\t\t\t\t\t<div class=\"resource-description\">\r\n\t\t\t\t\t\t\t<p>Ein Bericht und Ressourcen des Centre for Research on Children and Families an der University of East Anglia.<\/p>\n\t\t\t\t\t\t<\/div>\t\t\t\t\t\t\r\n\t\t\t\t\t<\/div>\r\n\t\t\t\t<\/div>\r\n\t\t\t<\/a>\r\n\t\t<\/div><!--end item-->\r\n\r\n\t\t\r\n\t\t\t\t<div class=\"col-sm-6 masonry__item\">\r\n\t\t\t<a href=\"https:\/\/careleaverpp.org\/de\/resources\/become-charity\/\">\r\n\t\t\t\t<div class=\"card card-4\">\r\n\t\t\t\t\t<div class=\"card__image bg--white mhi\">\r\n\t\t\t\t\t\t<img loading=\"lazy\" decoding=\"async\" width=\"750\" height=\"500\" src=\"https:\/\/careleaverpp.org\/wp-content\/uploads\/2017\/03\/Become-logo.jpg\" class=\"attachment-large size-large wp-post-image\" alt=\"Become charity logo\" srcset=\"https:\/\/careleaverpp.org\/wp-content\/uploads\/2017\/03\/Become-logo.jpg 750w, https:\/\/careleaverpp.org\/wp-content\/uploads\/2017\/03\/Become-logo-200x133.jpg 200w, https:\/\/careleaverpp.org\/wp-content\/uploads\/2017\/03\/Become-logo-300x200.jpg 300w\" sizes=\"auto, (max-width: 750px) 100vw, 750px\" \/>\t\t\t\t\t<\/div>\r\n\t\t\t\t\t<div class=\"card__body boxed boxed--sm bg--white mh\">\r\n\t\t\t\t\t\t<div class=\"resource-title\">\r\n\t\t\t\t\t\t\t<h4>Werden Sie Wohlt\u00e4tigkeitsorganisation<\/h4>\t\t\t\t\t\t<\/div>\r\n\t\t\t\t\t\t<hr>\r\n\t\t\t\t\t\t<div class=\"resource-description\">\r\n\t\t\t\t\t\t\t<p>Wohlt\u00e4tigkeitsorganisation f\u00fcr Kinder in Pflege und junge Care Leaver. Fr\u00fcher The Who Cares? Vertrauen<\/p>\n\t\t\t\t\t\t<\/div>\t\t\t\t\t\t\r\n\t\t\t\t\t<\/div>\r\n\t\t\t\t<\/div>\r\n\t\t\t<\/a>\r\n\t\t<\/div><!--end item-->\r\n\r\n\t\t\r\n\t\t\t\t<div class=\"col-sm-6 masonry__item\">\r\n\t\t\t<a href=\"https:\/\/careleaverpp.org\/de\/resources\/fast-tomato\/\">\r\n\t\t\t\t<div class=\"card card-4\">\r\n\t\t\t\t\t<div class=\"card__image bg--white mhi\">\r\n\t\t\t\t\t\t<img loading=\"lazy\" decoding=\"async\" width=\"750\" height=\"500\" src=\"https:\/\/careleaverpp.org\/wp-content\/uploads\/2017\/03\/Fast-Tomato-logo.jpg\" class=\"attachment-large size-large wp-post-image\" alt=\"Fast Tomato logo\" srcset=\"https:\/\/careleaverpp.org\/wp-content\/uploads\/2017\/03\/Fast-Tomato-logo.jpg 750w, https:\/\/careleaverpp.org\/wp-content\/uploads\/2017\/03\/Fast-Tomato-logo-200x133.jpg 200w, https:\/\/careleaverpp.org\/wp-content\/uploads\/2017\/03\/Fast-Tomato-logo-300x200.jpg 300w\" sizes=\"auto, (max-width: 750px) 100vw, 750px\" \/>\t\t\t\t\t<\/div>\r\n\t\t\t\t\t<div class=\"card__body boxed boxed--sm bg--white mh\">\r\n\t\t\t\t\t\t<div class=\"resource-title\">\r\n\t\t\t\t\t\t\t<h4>Schnelle Tomate<\/h4>\t\t\t\t\t\t<\/div>\r\n\t\t\t\t\t\t<hr>\r\n\t\t\t\t\t\t<div class=\"resource-description\">\r\n\t\t\t\t\t\t\t<p>Eine hervorragende Online-Ressource zur Berufsberatung f\u00fcr 12- bis 18-J\u00e4hrige<\/p>\n\t\t\t\t\t\t<\/div>\t\t\t\t\t\t\r\n\t\t\t\t\t<\/div>\r\n\t\t\t\t<\/div>\r\n\t\t\t<\/a>\r\n\t\t<\/div><!--end item-->\r\n\r\n\t\t\r\n\t\t\t\t<div class=\"col-sm-6 masonry__item\">\r\n\t\t\t<a href=\"https:\/\/careleaverpp.org\/de\/resources\/future-finance\/\">\r\n\t\t\t\t<div class=\"card card-4\">\r\n\t\t\t\t\t<div class=\"card__image bg--white mhi\">\r\n\t\t\t\t\t\t<img loading=\"lazy\" decoding=\"async\" width=\"750\" height=\"500\" src=\"https:\/\/careleaverpp.org\/wp-content\/uploads\/2017\/03\/Future-Finance-logo.jpg\" class=\"attachment-large size-large wp-post-image\" alt=\"Future Finance logo\" srcset=\"https:\/\/careleaverpp.org\/wp-content\/uploads\/2017\/03\/Future-Finance-logo.jpg 750w, https:\/\/careleaverpp.org\/wp-content\/uploads\/2017\/03\/Future-Finance-logo-200x133.jpg 200w, https:\/\/careleaverpp.org\/wp-content\/uploads\/2017\/03\/Future-Finance-logo-300x200.jpg 300w\" sizes=\"auto, (max-width: 750px) 100vw, 750px\" \/>\t\t\t\t\t<\/div>\r\n\t\t\t\t\t<div class=\"card__body boxed boxed--sm bg--white mh\">\r\n\t\t\t\t\t\t<div class=\"resource-title\">\r\n\t\t\t\t\t\t\t<h4>Finanzen der Zukunft<\/h4>\t\t\t\t\t\t<\/div>\r\n\t\t\t\t\t\t<hr>\r\n\t\t\t\t\t\t<div class=\"resource-description\">\r\n\t\t\t\t\t\t\t<p>Privates Unternehmen, das Studentendarlehen zur Aufstockung von Staatsdarlehen anbietet<\/p>\n\t\t\t\t\t\t<\/div>\t\t\t\t\t\t\r\n\t\t\t\t\t<\/div>\r\n\t\t\t\t<\/div>\r\n\t\t\t<\/a>\r\n\t\t<\/div><!--end item-->\r\n\r\n\t\t\r\n\t\t\t\t<div class=\"col-sm-6 masonry__item\">\r\n\t\t\t<a href=\"https:\/\/careleaverpp.org\/de\/resources\/future-learn\/\">\r\n\t\t\t\t<div class=\"card card-4\">\r\n\t\t\t\t\t<div class=\"card__image bg--white mhi\">\r\n\t\t\t\t\t\t<img loading=\"lazy\" decoding=\"async\" width=\"750\" height=\"500\" src=\"https:\/\/careleaverpp.org\/wp-content\/uploads\/2017\/03\/futurelearn-logo.jpg\" class=\"attachment-large size-large wp-post-image\" alt=\"Future Learn logo\" srcset=\"https:\/\/careleaverpp.org\/wp-content\/uploads\/2017\/03\/futurelearn-logo.jpg 750w, https:\/\/careleaverpp.org\/wp-content\/uploads\/2017\/03\/futurelearn-logo-200x133.jpg 200w, https:\/\/careleaverpp.org\/wp-content\/uploads\/2017\/03\/futurelearn-logo-300x200.jpg 300w\" sizes=\"auto, (max-width: 750px) 100vw, 750px\" \/>\t\t\t\t\t<\/div>\r\n\t\t\t\t\t<div class=\"card__body boxed boxed--sm bg--white mh\">\r\n\t\t\t\t\t\t<div class=\"resource-title\">\r\n\t\t\t\t\t\t\t<h4>Zukunft lernen<\/h4>\t\t\t\t\t\t<\/div>\r\n\t\t\t\t\t\t<hr>\r\n\t\t\t\t\t\t<div class=\"resource-description\">\r\n\t\t\t\t\t\t\t<p>Kostenlose Online-Kurse von Universit\u00e4ten und Fachorganisationen<\/p>\n\t\t\t\t\t\t<\/div>\t\t\t\t\t\t\r\n\t\t\t\t\t<\/div>\r\n\t\t\t\t<\/div>\r\n\t\t\t<\/a>\r\n\t\t<\/div><!--end item-->\r\n\r\n\t\t\r\n\t\t\t\t<div class=\"col-sm-6 masonry__item\">\r\n\t\t\t<a href=\"https:\/\/careleaverpp.org\/de\/resources\/get-in-go-far\/\">\r\n\t\t\t\t<div class=\"card card-4\">\r\n\t\t\t\t\t<div class=\"card__image bg--white mhi\">\r\n\t\t\t\t\t\t<img loading=\"lazy\" decoding=\"async\" width=\"750\" height=\"500\" src=\"https:\/\/careleaverpp.org\/wp-content\/uploads\/2017\/03\/Get-In-Go-Far-logo.jpg\" class=\"attachment-large size-large wp-post-image\" alt=\"Get In Go Far logo\" srcset=\"https:\/\/careleaverpp.org\/wp-content\/uploads\/2017\/03\/Get-In-Go-Far-logo.jpg 750w, https:\/\/careleaverpp.org\/wp-content\/uploads\/2017\/03\/Get-In-Go-Far-logo-200x133.jpg 200w, https:\/\/careleaverpp.org\/wp-content\/uploads\/2017\/03\/Get-In-Go-Far-logo-300x200.jpg 300w\" sizes=\"auto, (max-width: 750px) 100vw, 750px\" \/>\t\t\t\t\t<\/div>\r\n\t\t\t\t\t<div class=\"card__body boxed boxed--sm bg--white mh\">\r\n\t\t\t\t\t\t<div class=\"resource-title\">\r\n\t\t\t\t\t\t\t<h4>Steigen Sie ein, gehen Sie weit<\/h4>\t\t\t\t\t\t<\/div>\r\n\t\t\t\t\t\t<hr>\r\n\t\t\t\t\t\t<div class=\"resource-description\">\r\n\t\t\t\t\t\t\t<p>Website der Regierung mit Informationen zu Ausbildung und Berufserfahrung<\/p>\n\t\t\t\t\t\t<\/div>\t\t\t\t\t\t\r\n\t\t\t\t\t<\/div>\r\n\t\t\t\t<\/div>\r\n\t\t\t<\/a>\r\n\t\t<\/div><!--end item-->\r\n\r\n\t\t\r\n\t\t\t\t<div class=\"col-sm-6 masonry__item\">\r\n\t\t\t<a href=\"https:\/\/careleaverpp.org\/de\/resources\/health-careers\/\">\r\n\t\t\t\t<div class=\"card card-4\">\r\n\t\t\t\t\t<div class=\"card__image bg--white mhi\">\r\n\t\t\t\t\t\t<img loading=\"lazy\" decoding=\"async\" width=\"750\" height=\"500\" src=\"https:\/\/careleaverpp.org\/wp-content\/uploads\/2017\/03\/Health-Careers-logo.jpg\" class=\"attachment-large size-large wp-post-image\" alt=\"Health careers logo\" srcset=\"https:\/\/careleaverpp.org\/wp-content\/uploads\/2017\/03\/Health-Careers-logo.jpg 750w, https:\/\/careleaverpp.org\/wp-content\/uploads\/2017\/03\/Health-Careers-logo-200x133.jpg 200w, https:\/\/careleaverpp.org\/wp-content\/uploads\/2017\/03\/Health-Careers-logo-300x200.jpg 300w\" sizes=\"auto, (max-width: 750px) 100vw, 750px\" \/>\t\t\t\t\t<\/div>\r\n\t\t\t\t\t<div class=\"card__body boxed boxed--sm bg--white mh\">\r\n\t\t\t\t\t\t<div class=\"resource-title\">\r\n\t\t\t\t\t\t\t<h4>Karriere im Gesundheitswesen<\/h4>\t\t\t\t\t\t<\/div>\r\n\t\t\t\t\t\t<hr>\r\n\t\t\t\t\t\t<div class=\"resource-description\">\r\n\t\t\t\t\t\t\t<p>Informationen, Videos und Ressourcen zu Karrieren im Gesundheitswesen<\/p>\n\t\t\t\t\t\t<\/div>\t\t\t\t\t\t\r\n\t\t\t\t\t<\/div>\r\n\t\t\t\t<\/div>\r\n\t\t\t<\/a>\r\n\t\t<\/div><!--end item-->\r\n\r\n\t\t\r\n\t\t\t\t<div class=\"col-sm-6 masonry__item\">\r\n\t\t\t<a href=\"https:\/\/careleaverpp.org\/de\/resources\/inspire-me\/\">\r\n\t\t\t\t<div class=\"card card-4\">\r\n\t\t\t\t\t<div class=\"card__image bg--white mhi\">\r\n\t\t\t\t\t\t<img loading=\"lazy\" decoding=\"async\" width=\"700\" height=\"500\" src=\"https:\/\/careleaverpp.org\/wp-content\/uploads\/2017\/03\/Inspire-Me-logo.jpg\" class=\"attachment-large size-large wp-post-image\" alt=\"Inspire me logo\" srcset=\"https:\/\/careleaverpp.org\/wp-content\/uploads\/2017\/03\/Inspire-Me-logo.jpg 700w, https:\/\/careleaverpp.org\/wp-content\/uploads\/2017\/03\/Inspire-Me-logo-200x143.jpg 200w, https:\/\/careleaverpp.org\/wp-content\/uploads\/2017\/03\/Inspire-Me-logo-300x214.jpg 300w\" sizes=\"auto, (max-width: 700px) 100vw, 700px\" \/>\t\t\t\t\t<\/div>\r\n\t\t\t\t\t<div class=\"card__body boxed boxed--sm bg--white mh\">\r\n\t\t\t\t\t\t<div class=\"resource-title\">\r\n\t\t\t\t\t\t\t<h4>Inspiriere mich<\/h4>\t\t\t\t\t\t<\/div>\r\n\t\t\t\t\t\t<hr>\r\n\t\t\t\t\t\t<div class=\"resource-description\">\r\n\t\t\t\t\t\t\t<p>Inspirierende Geschichten von Care Leavern f\u00fcr Care Leaver<\/p>\n\t\t\t\t\t\t<\/div>\t\t\t\t\t\t\r\n\t\t\t\t\t<\/div>\r\n\t\t\t\t<\/div>\r\n\t\t\t<\/a>\r\n\t\t<\/div><!--end item-->\r\n\r\n\t\t\r\n\t\t\t\t<div class=\"col-sm-6 masonry__item\">\r\n\t\t\t<a href=\"https:\/\/careleaverpp.org\/de\/resources\/keep-on-caring\/\">\r\n\t\t\t\t<div class=\"card card-4\">\r\n\t\t\t\t\t<div class=\"card__image bg--white mhi\">\r\n\t\t\t\t\t\t<img loading=\"lazy\" decoding=\"async\" width=\"750\" height=\"500\" src=\"https:\/\/careleaverpp.org\/wp-content\/uploads\/2017\/03\/Keep-on-Caring-image.jpg\" class=\"attachment-large size-large wp-post-image\" alt=\"Keep on caring report\" srcset=\"https:\/\/careleaverpp.org\/wp-content\/uploads\/2017\/03\/Keep-on-Caring-image.jpg 750w, https:\/\/careleaverpp.org\/wp-content\/uploads\/2017\/03\/Keep-on-Caring-image-200x133.jpg 200w, https:\/\/careleaverpp.org\/wp-content\/uploads\/2017\/03\/Keep-on-Caring-image-300x200.jpg 300w\" sizes=\"auto, (max-width: 750px) 100vw, 750px\" \/>\t\t\t\t\t<\/div>\r\n\t\t\t\t\t<div class=\"card__body boxed boxed--sm bg--white mh\">\r\n\t\t\t\t\t\t<div class=\"resource-title\">\r\n\t\t\t\t\t\t\t<h4>K\u00fcmmere dich weiter<\/h4>\t\t\t\t\t\t<\/div>\r\n\t\t\t\t\t\t<hr>\r\n\t\t\t\t\t\t<div class=\"resource-description\">\r\n\t\t\t\t\t\t\t<p>Junge Menschen von der Pflege bis zur Selbst\u00e4ndigkeit begleiten<\/p>\n\t\t\t\t\t\t<\/div>\t\t\t\t\t\t\r\n\t\t\t\t\t<\/div>\r\n\t\t\t\t<\/div>\r\n\t\t\t<\/a>\r\n\t\t<\/div><!--end item-->\r\n\r\n\t\t\r\n\t\t\t\t<div class=\"col-sm-6 masonry__item\">\r\n\t\t\t<a href=\"https:\/\/careleaverpp.org\/de\/resources\/kelsi\/\">\r\n\t\t\t\t<div class=\"card card-4\">\r\n\t\t\t\t\t<div class=\"card__image bg--white mhi\">\r\n\t\t\t\t\t\t<img loading=\"lazy\" decoding=\"async\" width=\"750\" height=\"500\" src=\"https:\/\/careleaverpp.org\/wp-content\/uploads\/2017\/03\/kelsi-logo.jpg\" class=\"attachment-large size-large wp-post-image\" alt=\"Kelsi logo\" srcset=\"https:\/\/careleaverpp.org\/wp-content\/uploads\/2017\/03\/kelsi-logo.jpg 750w, https:\/\/careleaverpp.org\/wp-content\/uploads\/2017\/03\/kelsi-logo-200x133.jpg 200w, https:\/\/careleaverpp.org\/wp-content\/uploads\/2017\/03\/kelsi-logo-300x200.jpg 300w\" sizes=\"auto, (max-width: 750px) 100vw, 750px\" \/>\t\t\t\t\t<\/div>\r\n\t\t\t\t\t<div class=\"card__body boxed boxed--sm bg--white mh\">\r\n\t\t\t\t\t\t<div class=\"resource-title\">\r\n\t\t\t\t\t\t\t<h4>Kelsi<\/h4>\t\t\t\t\t\t<\/div>\r\n\t\t\t\t\t\t<hr>\r\n\t\t\t\t\t\t<div class=\"resource-description\">\r\n\t\t\t\t\t\t\t<p>Kent Bildung Lernen und F\u00e4higkeiten Informationen f\u00fcr Bildung und andere Fachleute in Kent<\/p>\n\t\t\t\t\t\t<\/div>\t\t\t\t\t\t\r\n\t\t\t\t\t<\/div>\r\n\t\t\t\t<\/div>\r\n\t\t\t<\/a>\r\n\t\t<\/div><!--end item-->\r\n\r\n\t\t\r\n\t\t\t\t<div class=\"col-sm-6 masonry__item\">\r\n\t\t\t<a href=\"https:\/\/careleaverpp.org\/de\/resources\/kent-apprenticeships\/\">\r\n\t\t\t\t<div class=\"card card-4\">\r\n\t\t\t\t\t<div class=\"card__image bg--white mhi\">\r\n\t\t\t\t\t\t<img loading=\"lazy\" decoding=\"async\" width=\"750\" height=\"500\" src=\"https:\/\/careleaverpp.org\/wp-content\/uploads\/2017\/03\/KCC-resize-logo.jpg\" class=\"attachment-large size-large wp-post-image\" alt=\"KCC logo\" srcset=\"https:\/\/careleaverpp.org\/wp-content\/uploads\/2017\/03\/KCC-resize-logo.jpg 750w, https:\/\/careleaverpp.org\/wp-content\/uploads\/2017\/03\/KCC-resize-logo-200x133.jpg 200w, https:\/\/careleaverpp.org\/wp-content\/uploads\/2017\/03\/KCC-resize-logo-300x200.jpg 300w\" sizes=\"auto, (max-width: 750px) 100vw, 750px\" \/>\t\t\t\t\t<\/div>\r\n\t\t\t\t\t<div class=\"card__body boxed boxed--sm bg--white mh\">\r\n\t\t\t\t\t\t<div class=\"resource-title\">\r\n\t\t\t\t\t\t\t<h4>Kent Ausbildung<\/h4>\t\t\t\t\t\t<\/div>\r\n\t\t\t\t\t\t<hr>\r\n\t\t\t\t\t\t<div class=\"resource-description\">\r\n\t\t\t\t\t\t\t<p>Lesen Sie Kents Ausbildungsf\u00fchrer und bewerben Sie sich um eine Ausbildung in Kent<\/p>\n\t\t\t\t\t\t<\/div>\t\t\t\t\t\t\r\n\t\t\t\t\t<\/div>\r\n\t\t\t\t<\/div>\r\n\t\t\t<\/a>\r\n\t\t<\/div><!--end item-->\r\n\r\n\t\t\r\n\t\t\t\t<div class=\"col-sm-6 masonry__item\">\r\n\t\t\t<a href=\"https:\/\/careleaverpp.org\/de\/resources\/nnecl-contact-guide\/\">\r\n\t\t\t\t<div class=\"card card-4\">\r\n\t\t\t\t\t<div class=\"card__image bg--white mhi\">\r\n\t\t\t\t\t\t<img loading=\"lazy\" decoding=\"async\" width=\"750\" height=\"500\" src=\"https:\/\/careleaverpp.org\/wp-content\/uploads\/2017\/03\/NNECL-Contact.jpg\" class=\"attachment-large size-large wp-post-image\" alt=\"\" srcset=\"https:\/\/careleaverpp.org\/wp-content\/uploads\/2017\/03\/NNECL-Contact.jpg 750w, https:\/\/careleaverpp.org\/wp-content\/uploads\/2017\/03\/NNECL-Contact-200x133.jpg 200w, https:\/\/careleaverpp.org\/wp-content\/uploads\/2017\/03\/NNECL-Contact-300x200.jpg 300w\" sizes=\"auto, (max-width: 750px) 100vw, 750px\" \/>\t\t\t\t\t<\/div>\r\n\t\t\t\t\t<div class=\"card__body boxed boxed--sm bg--white mh\">\r\n\t\t\t\t\t\t<div class=\"resource-title\">\r\n\t\t\t\t\t\t\t<h4>NNECL-Kontaktleitfaden<\/h4>\t\t\t\t\t\t<\/div>\r\n\t\t\t\t\t\t<hr>\r\n\t\t\t\t\t\t<div class=\"resource-description\">\r\n\t\t\t\t\t\t\t<p>Betreuung von Care Leavern in HE und FE. Ein Leitfaden f\u00fcr Care Leaver-Kontakte<\/p>\n\t\t\t\t\t\t<\/div>\t\t\t\t\t\t\r\n\t\t\t\t\t<\/div>\r\n\t\t\t\t<\/div>\r\n\t\t\t<\/a>\r\n\t\t<\/div><!--end item-->\r\n\r\n\t\t\r\n\t\t\t\t<div class=\"col-sm-6 masonry__item\">\r\n\t\t\t<a href=\"https:\/\/careleaverpp.org\/de\/resources\/nnecl-la-guide\/\">\r\n\t\t\t\t<div class=\"card card-4\">\r\n\t\t\t\t\t<div class=\"card__image bg--white mhi\">\r\n\t\t\t\t\t\t<img loading=\"lazy\" decoding=\"async\" width=\"750\" height=\"500\" src=\"https:\/\/careleaverpp.org\/wp-content\/uploads\/2017\/03\/NNECL-LA-Guide.jpg\" class=\"attachment-large size-large wp-post-image\" alt=\"NNECL LA Guide\" srcset=\"https:\/\/careleaverpp.org\/wp-content\/uploads\/2017\/03\/NNECL-LA-Guide.jpg 750w, https:\/\/careleaverpp.org\/wp-content\/uploads\/2017\/03\/NNECL-LA-Guide-200x133.jpg 200w, https:\/\/careleaverpp.org\/wp-content\/uploads\/2017\/03\/NNECL-LA-Guide-300x200.jpg 300w\" sizes=\"auto, (max-width: 750px) 100vw, 750px\" \/>\t\t\t\t\t<\/div>\r\n\t\t\t\t\t<div class=\"card__body boxed boxed--sm bg--white mh\">\r\n\t\t\t\t\t\t<div class=\"resource-title\">\r\n\t\t\t\t\t\t\t<h4>NNECL LA-F\u00fchrer<\/h4>\t\t\t\t\t\t<\/div>\r\n\t\t\t\t\t\t<hr>\r\n\t\t\t\t\t\t<div class=\"resource-description\">\r\n\t\t\t\t\t\t\t<p>Betreuung von Care Leavern in HE und FE. Ein Leitfaden f\u00fcr kommunale Besch\u00e4ftigte.<\/p>\n\t\t\t\t\t\t<\/div>\t\t\t\t\t\t\r\n\t\t\t\t\t<\/div>\r\n\t\t\t\t<\/div>\r\n\t\t\t<\/a>\r\n\t\t<\/div><!--end item-->\r\n\r\n\t\t\r\n\t\t\t\t<div class=\"col-sm-6 masonry__item\">\r\n\t\t\t<a href=\"https:\/\/careleaverpp.org\/de\/resources\/nnecl-website\/\">\r\n\t\t\t\t<div class=\"card card-4\">\r\n\t\t\t\t\t<div class=\"card__image bg--white mhi\">\r\n\t\t\t\t\t\t<img loading=\"lazy\" decoding=\"async\" width=\"750\" height=\"500\" src=\"https:\/\/careleaverpp.org\/wp-content\/uploads\/2017\/03\/NNECL-logo.jpg\" class=\"attachment-large size-large wp-post-image\" alt=\"NNECL logo\" srcset=\"https:\/\/careleaverpp.org\/wp-content\/uploads\/2017\/03\/NNECL-logo.jpg 750w, https:\/\/careleaverpp.org\/wp-content\/uploads\/2017\/03\/NNECL-logo-200x133.jpg 200w, https:\/\/careleaverpp.org\/wp-content\/uploads\/2017\/03\/NNECL-logo-300x200.jpg 300w\" sizes=\"auto, (max-width: 750px) 100vw, 750px\" \/>\t\t\t\t\t<\/div>\r\n\t\t\t\t\t<div class=\"card__body boxed boxed--sm bg--white mh\">\r\n\t\t\t\t\t\t<div class=\"resource-title\">\r\n\t\t\t\t\t\t\t<h4>NNECL-Website<\/h4>\t\t\t\t\t\t<\/div>\r\n\t\t\t\t\t\t<hr>\r\n\t\t\t\t\t\t<div class=\"resource-description\">\r\n\t\t\t\t\t\t\t<p>Die Website des National Network for the Education of Care Leavers.<\/p>\n\t\t\t\t\t\t<\/div>\t\t\t\t\t\t\r\n\t\t\t\t\t<\/div>\r\n\t\t\t\t<\/div>\r\n\t\t\t<\/a>\r\n\t\t<\/div><!--end item-->\r\n\r\n\t\t\r\n\t\t\t\t<div class=\"col-sm-6 masonry__item\">\r\n\t\t\t<a href=\"https:\/\/careleaverpp.org\/de\/resources\/qualification-reforms\/\">\r\n\t\t\t\t<div class=\"card card-4\">\r\n\t\t\t\t\t<div class=\"card__image bg--white mhi\">\r\n\t\t\t\t\t\t<img loading=\"lazy\" decoding=\"async\" width=\"750\" height=\"500\" src=\"https:\/\/careleaverpp.org\/wp-content\/uploads\/2017\/03\/OCR-logo-qual-reform.jpg\" class=\"attachment-large size-large wp-post-image\" alt=\"\" srcset=\"https:\/\/careleaverpp.org\/wp-content\/uploads\/2017\/03\/OCR-logo-qual-reform.jpg 750w, https:\/\/careleaverpp.org\/wp-content\/uploads\/2017\/03\/OCR-logo-qual-reform-200x133.jpg 200w, https:\/\/careleaverpp.org\/wp-content\/uploads\/2017\/03\/OCR-logo-qual-reform-300x200.jpg 300w\" sizes=\"auto, (max-width: 750px) 100vw, 750px\" \/>\t\t\t\t\t<\/div>\r\n\t\t\t\t\t<div class=\"card__body boxed boxed--sm bg--white mh\">\r\n\t\t\t\t\t\t<div class=\"resource-title\">\r\n\t\t\t\t\t\t\t<h4>Qualifikationsreformen<\/h4>\t\t\t\t\t\t<\/div>\r\n\t\t\t\t\t\t<hr>\r\n\t\t\t\t\t\t<div class=\"resource-description\">\r\n\t\t\t\t\t\t\t<p>Der OCR-Leitfaden zu GCSE- und A&#039;level-Reformen<\/p>\n\t\t\t\t\t\t<\/div>\t\t\t\t\t\t\r\n\t\t\t\t\t<\/div>\r\n\t\t\t\t<\/div>\r\n\t\t\t<\/a>\r\n\t\t<\/div><!--end item-->\r\n\r\n\t\t\r\n\t\t\t\t<div class=\"col-sm-6 masonry__item\">\r\n\t\t\t<a href=\"https:\/\/careleaverpp.org\/de\/resources\/social-care-report\/\">\r\n\t\t\t\t<div class=\"card card-4\">\r\n\t\t\t\t\t<div class=\"card__image bg--white mhi\">\r\n\t\t\t\t\t\t<img loading=\"lazy\" decoding=\"async\" width=\"750\" height=\"500\" src=\"https:\/\/careleaverpp.org\/wp-content\/uploads\/2017\/03\/Ofsted-Social-Care-report.jpg\" class=\"attachment-large size-large wp-post-image\" alt=\"Ofsted social care report\" srcset=\"https:\/\/careleaverpp.org\/wp-content\/uploads\/2017\/03\/Ofsted-Social-Care-report.jpg 750w, https:\/\/careleaverpp.org\/wp-content\/uploads\/2017\/03\/Ofsted-Social-Care-report-200x133.jpg 200w, https:\/\/careleaverpp.org\/wp-content\/uploads\/2017\/03\/Ofsted-Social-Care-report-300x200.jpg 300w\" sizes=\"auto, (max-width: 750px) 100vw, 750px\" \/>\t\t\t\t\t<\/div>\r\n\t\t\t\t\t<div class=\"card__body boxed boxed--sm bg--white mh\">\r\n\t\t\t\t\t\t<div class=\"resource-title\">\r\n\t\t\t\t\t\t\t<h4>Sozialbericht<\/h4>\t\t\t\t\t\t<\/div>\r\n\t\t\t\t\t\t<hr>\r\n\t\t\t\t\t\t<div class=\"resource-description\">\r\n\t\t\t\t\t\t\t<p>Ofsted Social Care Jahresbericht 2016<\/p>\n\t\t\t\t\t\t<\/div>\t\t\t\t\t\t\r\n\t\t\t\t\t<\/div>\r\n\t\t\t\t<\/div>\r\n\t\t\t<\/a>\r\n\t\t<\/div><!--end item-->\r\n\r\n\t\t\r\n\t\t\t\t<div class=\"col-sm-6 masonry__item\">\r\n\t\t\t<a href=\"https:\/\/careleaverpp.org\/de\/resources\/people-united\/\">\r\n\t\t\t\t<div class=\"card card-4\">\r\n\t\t\t\t\t<div class=\"card__image bg--white mhi\">\r\n\t\t\t\t\t\t<img loading=\"lazy\" decoding=\"async\" width=\"750\" height=\"500\" src=\"https:\/\/careleaverpp.org\/wp-content\/uploads\/2017\/03\/People-United-logo2.jpg\" class=\"attachment-large size-large wp-post-image\" alt=\"\" srcset=\"https:\/\/careleaverpp.org\/wp-content\/uploads\/2017\/03\/People-United-logo2.jpg 750w, https:\/\/careleaverpp.org\/wp-content\/uploads\/2017\/03\/People-United-logo2-200x133.jpg 200w, https:\/\/careleaverpp.org\/wp-content\/uploads\/2017\/03\/People-United-logo2-300x200.jpg 300w\" sizes=\"auto, (max-width: 750px) 100vw, 750px\" \/>\t\t\t\t\t<\/div>\r\n\t\t\t\t\t<div class=\"card__body boxed boxed--sm bg--white mh\">\r\n\t\t\t\t\t\t<div class=\"resource-title\">\r\n\t\t\t\t\t\t\t<h4>Menschen vereint<\/h4>\t\t\t\t\t\t<\/div>\r\n\t\t\t\t\t\t<hr>\r\n\t\t\t\t\t\t<div class=\"resource-description\">\r\n\t\t\t\t\t\t\t<p>Die Wohlt\u00e4tigkeitsorganisation, die sich f\u00fcr Kunst, Freundlichkeit und sozialen Wandel interessiert.<\/p>\n\t\t\t\t\t\t<\/div>\t\t\t\t\t\t\r\n\t\t\t\t\t<\/div>\r\n\t\t\t\t<\/div>\r\n\t\t\t<\/a>\r\n\t\t<\/div><!--end item-->\r\n\r\n\t\t\r\n\t\t\t\t<div class=\"col-sm-6 masonry__item\">\r\n\t\t\t<a href=\"https:\/\/careleaverpp.org\/de\/resources\/propel-website\/\">\r\n\t\t\t\t<div class=\"card card-4\">\r\n\t\t\t\t\t<div class=\"card__image bg--white mhi\">\r\n\t\t\t\t\t\t<img loading=\"lazy\" decoding=\"async\" width=\"750\" height=\"500\" src=\"https:\/\/careleaverpp.org\/wp-content\/uploads\/2017\/03\/Propel-logo.jpg\" class=\"attachment-large size-large wp-post-image\" alt=\"Propel logo\" srcset=\"https:\/\/careleaverpp.org\/wp-content\/uploads\/2017\/03\/Propel-logo.jpg 750w, https:\/\/careleaverpp.org\/wp-content\/uploads\/2017\/03\/Propel-logo-200x133.jpg 200w, https:\/\/careleaverpp.org\/wp-content\/uploads\/2017\/03\/Propel-logo-300x200.jpg 300w\" sizes=\"auto, (max-width: 750px) 100vw, 750px\" \/>\t\t\t\t\t<\/div>\r\n\t\t\t\t\t<div class=\"card__body boxed boxed--sm bg--white mh\">\r\n\t\t\t\t\t\t<div class=\"resource-title\">\r\n\t\t\t\t\t\t\t<h4>Propel-Website<\/h4>\t\t\t\t\t\t<\/div>\r\n\t\t\t\t\t\t<hr>\r\n\t\t\t\t\t\t<div class=\"resource-description\">\r\n\t\t\t\t\t\t\t<p>Erfahren Sie, was Hochschulen Care Leavern zu bieten haben<\/p>\n\t\t\t\t\t\t<\/div>\t\t\t\t\t\t\r\n\t\t\t\t\t<\/div>\r\n\t\t\t\t<\/div>\r\n\t\t\t<\/a>\r\n\t\t<\/div><!--end item-->\r\n\r\n\t\t\r\n\t\t\t\t<div class=\"col-sm-6 masonry__item\">\r\n\t\t\t<a href=\"https:\/\/careleaverpp.org\/de\/resources\/pure-potential\/\">\r\n\t\t\t\t<div class=\"card card-4\">\r\n\t\t\t\t\t<div class=\"card__image bg--white mhi\">\r\n\t\t\t\t\t\t<img loading=\"lazy\" decoding=\"async\" width=\"750\" height=\"500\" src=\"https:\/\/careleaverpp.org\/wp-content\/uploads\/2017\/03\/Pure-Potential-logo.jpg\" class=\"attachment-large size-large wp-post-image\" alt=\"Pure Potential\" srcset=\"https:\/\/careleaverpp.org\/wp-content\/uploads\/2017\/03\/Pure-Potential-logo.jpg 750w, https:\/\/careleaverpp.org\/wp-content\/uploads\/2017\/03\/Pure-Potential-logo-200x133.jpg 200w, https:\/\/careleaverpp.org\/wp-content\/uploads\/2017\/03\/Pure-Potential-logo-300x200.jpg 300w\" sizes=\"auto, (max-width: 750px) 100vw, 750px\" \/>\t\t\t\t\t<\/div>\r\n\t\t\t\t\t<div class=\"card__body boxed boxed--sm bg--white mh\">\r\n\t\t\t\t\t\t<div class=\"resource-title\">\r\n\t\t\t\t\t\t\t<h4>Pures Potenzial<\/h4>\t\t\t\t\t\t<\/div>\r\n\t\t\t\t\t\t<hr>\r\n\t\t\t\t\t\t<div class=\"resource-description\">\r\n\t\t\t\t\t\t\t<p>Studien- und Berufsberatung f\u00fcr staatliche Sch\u00fcler<\/p>\n\t\t\t\t\t\t<\/div>\t\t\t\t\t\t\r\n\t\t\t\t\t<\/div>\r\n\t\t\t\t<\/div>\r\n\t\t\t<\/a>\r\n\t\t<\/div><!--end item-->\r\n\r\n\t\t\r\n\t\t\t\t<div class=\"col-sm-6 masonry__item\">\r\n\t\t\t<a href=\"https:\/\/careleaverpp.org\/de\/resources\/in-and-leaving-care\/\">\r\n\t\t\t\t<div class=\"card card-4\">\r\n\t\t\t\t\t<div class=\"card__image bg--white mhi\">\r\n\t\t\t\t\t\t<img loading=\"lazy\" decoding=\"async\" width=\"750\" height=\"500\" src=\"https:\/\/careleaverpp.org\/wp-content\/uploads\/2017\/03\/Children-and-young-people-in-care-and-leaving-care.jpg\" class=\"attachment-large size-large wp-post-image\" alt=\"\" srcset=\"https:\/\/careleaverpp.org\/wp-content\/uploads\/2017\/03\/Children-and-young-people-in-care-and-leaving-care.jpg 750w, https:\/\/careleaverpp.org\/wp-content\/uploads\/2017\/03\/Children-and-young-people-in-care-and-leaving-care-200x133.jpg 200w, https:\/\/careleaverpp.org\/wp-content\/uploads\/2017\/03\/Children-and-young-people-in-care-and-leaving-care-300x200.jpg 300w\" sizes=\"auto, (max-width: 750px) 100vw, 750px\" \/>\t\t\t\t\t<\/div>\r\n\t\t\t\t\t<div class=\"card__body boxed boxed--sm bg--white mh\">\r\n\t\t\t\t\t\t<div class=\"resource-title\">\r\n\t\t\t\t\t\t\t<h4>In und aus der Pflege<\/h4>\t\t\t\t\t\t<\/div>\r\n\t\t\t\t\t\t<hr>\r\n\t\t\t\t\t\t<div class=\"resource-description\">\r\n\t\t\t\t\t\t\t<p>Pflegebed\u00fcrftige und verlassene Kinder. Bericht des Rechnungshofs<\/p>\n\t\t\t\t\t\t<\/div>\t\t\t\t\t\t\r\n\t\t\t\t\t<\/div>\r\n\t\t\t\t<\/div>\r\n\t\t\t<\/a>\r\n\t\t<\/div><!--end item-->\r\n\r\n\t\t\r\n\t\t\t\t<div class=\"col-sm-6 masonry__item\">\r\n\t\t\t<a href=\"https:\/\/careleaverpp.org\/de\/resources\/speakers-for-schools\/\">\r\n\t\t\t\t<div class=\"card card-4\">\r\n\t\t\t\t\t<div class=\"card__image bg--white mhi\">\r\n\t\t\t\t\t\t<img loading=\"lazy\" decoding=\"async\" width=\"750\" height=\"500\" src=\"https:\/\/careleaverpp.org\/wp-content\/uploads\/2017\/03\/Speakers-for-schools-logo.jpg\" class=\"attachment-large size-large wp-post-image\" alt=\"Speakers for schools logo\" srcset=\"https:\/\/careleaverpp.org\/wp-content\/uploads\/2017\/03\/Speakers-for-schools-logo.jpg 750w, https:\/\/careleaverpp.org\/wp-content\/uploads\/2017\/03\/Speakers-for-schools-logo-200x133.jpg 200w, https:\/\/careleaverpp.org\/wp-content\/uploads\/2017\/03\/Speakers-for-schools-logo-300x200.jpg 300w\" sizes=\"auto, (max-width: 750px) 100vw, 750px\" \/>\t\t\t\t\t<\/div>\r\n\t\t\t\t\t<div class=\"card__body boxed boxed--sm bg--white mh\">\r\n\t\t\t\t\t\t<div class=\"resource-title\">\r\n\t\t\t\t\t\t\t<h4>Lautsprecher f\u00fcr Schulen<\/h4>\t\t\t\t\t\t<\/div>\r\n\t\t\t\t\t\t<hr>\r\n\t\t\t\t\t\t<div class=\"resource-description\">\r\n\t\t\t\t\t\t\t<p>Bereitstellung von kostenlosen Vortr\u00e4gen f\u00fcr britische staatliche Schulen mit dem Ziel, zu inspirieren und zu st\u00e4rken<\/p>\n\t\t\t\t\t\t<\/div>\t\t\t\t\t\t\r\n\t\t\t\t\t<\/div>\r\n\t\t\t\t<\/div>\r\n\t\t\t<\/a>\r\n\t\t<\/div><!--end item-->\r\n\r\n\t\t\r\n\t\t\t\t<div class=\"col-sm-6 masonry__item\">\r\n\t\t\t<a href=\"https:\/\/careleaverpp.org\/de\/resources\/stand-alone\/\">\r\n\t\t\t\t<div class=\"card card-4\">\r\n\t\t\t\t\t<div class=\"card__image bg--white mhi\">\r\n\t\t\t\t\t\t<img loading=\"lazy\" decoding=\"async\" width=\"750\" height=\"500\" src=\"https:\/\/careleaverpp.org\/wp-content\/uploads\/2017\/03\/standalones-logo.jpg\" class=\"attachment-large size-large wp-post-image\" alt=\"StandAlone logo\" srcset=\"https:\/\/careleaverpp.org\/wp-content\/uploads\/2017\/03\/standalones-logo.jpg 750w, https:\/\/careleaverpp.org\/wp-content\/uploads\/2017\/03\/standalones-logo-200x133.jpg 200w, https:\/\/careleaverpp.org\/wp-content\/uploads\/2017\/03\/standalones-logo-300x200.jpg 300w\" sizes=\"auto, (max-width: 750px) 100vw, 750px\" \/>\t\t\t\t\t<\/div>\r\n\t\t\t\t\t<div class=\"card__body boxed boxed--sm bg--white mh\">\r\n\t\t\t\t\t\t<div class=\"resource-title\">\r\n\t\t\t\t\t\t\t<h4>Eigenst\u00e4ndige<\/h4>\t\t\t\t\t\t<\/div>\r\n\t\t\t\t\t\t<hr>\r\n\t\t\t\t\t\t<div class=\"resource-description\">\r\n\t\t\t\t\t\t\t<p>Die Wohlt\u00e4tigkeitsorganisation, die diejenigen unterst\u00fctzt, die von ihrer Familie entfremdet sind<\/p>\n\t\t\t\t\t\t<\/div>\t\t\t\t\t\t\r\n\t\t\t\t\t<\/div>\r\n\t\t\t\t<\/div>\r\n\t\t\t<\/a>\r\n\t\t<\/div><!--end item-->\r\n\r\n\t\t\r\n\t\t\t\t<div class=\"col-sm-6 masonry__item\">\r\n\t\t\t<a href=\"https:\/\/careleaverpp.org\/de\/resources\/student-finance-england\/\">\r\n\t\t\t\t<div class=\"card card-4\">\r\n\t\t\t\t\t<div class=\"card__image bg--white mhi\">\r\n\t\t\t\t\t\t<img loading=\"lazy\" decoding=\"async\" width=\"750\" height=\"500\" src=\"https:\/\/careleaverpp.org\/wp-content\/uploads\/2017\/03\/SFE-Practitioners-logo.jpg\" class=\"attachment-large size-large wp-post-image\" alt=\"Student Finance England\" srcset=\"https:\/\/careleaverpp.org\/wp-content\/uploads\/2017\/03\/SFE-Practitioners-logo.jpg 750w, https:\/\/careleaverpp.org\/wp-content\/uploads\/2017\/03\/SFE-Practitioners-logo-200x133.jpg 200w, https:\/\/careleaverpp.org\/wp-content\/uploads\/2017\/03\/SFE-Practitioners-logo-300x200.jpg 300w\" sizes=\"auto, (max-width: 750px) 100vw, 750px\" \/>\t\t\t\t\t<\/div>\r\n\t\t\t\t\t<div class=\"card__body boxed boxed--sm bg--white mh\">\r\n\t\t\t\t\t\t<div class=\"resource-title\">\r\n\t\t\t\t\t\t\t<h4>Studienfinanzierung England<\/h4>\t\t\t\t\t\t<\/div>\r\n\t\t\t\t\t\t<hr>\r\n\t\t\t\t\t\t<div class=\"resource-description\">\r\n\t\t\t\t\t\t\t<p>Informationen und Leitf\u00e4den zur Studienfinanzierung in England<\/p>\n\t\t\t\t\t\t<\/div>\t\t\t\t\t\t\r\n\t\t\t\t\t<\/div>\r\n\t\t\t\t<\/div>\r\n\t\t\t<\/a>\r\n\t\t<\/div><!--end item-->\r\n\r\n\t\t\r\n\t\t\t\t<div class=\"col-sm-6 masonry__item\">\r\n\t\t\t<a href=\"https:\/\/careleaverpp.org\/de\/resources\/the-complete-university-guide\/\">\r\n\t\t\t\t<div class=\"card card-4\">\r\n\t\t\t\t\t<div class=\"card__image bg--white mhi\">\r\n\t\t\t\t\t\t<img loading=\"lazy\" decoding=\"async\" width=\"750\" height=\"500\" src=\"https:\/\/careleaverpp.org\/wp-content\/uploads\/2017\/03\/Complete_University_Guide_logo.jpg\" class=\"attachment-large size-large wp-post-image\" alt=\"The Complete University Guide\" srcset=\"https:\/\/careleaverpp.org\/wp-content\/uploads\/2017\/03\/Complete_University_Guide_logo.jpg 750w, https:\/\/careleaverpp.org\/wp-content\/uploads\/2017\/03\/Complete_University_Guide_logo-200x133.jpg 200w, https:\/\/careleaverpp.org\/wp-content\/uploads\/2017\/03\/Complete_University_Guide_logo-300x200.jpg 300w\" sizes=\"auto, (max-width: 750px) 100vw, 750px\" \/>\t\t\t\t\t<\/div>\r\n\t\t\t\t\t<div class=\"card__body boxed boxed--sm bg--white mh\">\r\n\t\t\t\t\t\t<div class=\"resource-title\">\r\n\t\t\t\t\t\t\t<h4>Universit\u00e4tsf\u00fchrer<\/h4>\t\t\t\t\t\t<\/div>\r\n\t\t\t\t\t\t<hr>\r\n\t\t\t\t\t\t<div class=\"resource-description\">\r\n\t\t\t\t\t\t\t<p>Die Complete University Guide-Website enth\u00e4lt n\u00fctzliche Informationen und Ranglisten<\/p>\n\t\t\t\t\t\t<\/div>\t\t\t\t\t\t\r\n\t\t\t\t\t<\/div>\r\n\t\t\t\t<\/div>\r\n\t\t\t<\/a>\r\n\t\t<\/div><!--end item-->\r\n\r\n\t\t\r\n\t\t\t\t<div class=\"col-sm-6 masonry__item\">\r\n\t\t\t<a href=\"https:\/\/careleaverpp.org\/de\/resources\/the-caring-university\/\">\r\n\t\t\t\t<div class=\"card card-4\">\r\n\t\t\t\t\t<div class=\"card__image bg--white mhi\">\r\n\t\t\t\t\t\t<img loading=\"lazy\" decoding=\"async\" width=\"750\" height=\"500\" src=\"https:\/\/careleaverpp.org\/wp-content\/uploads\/2017\/03\/The-Caring-University-logo.jpg\" class=\"attachment-large size-large wp-post-image\" alt=\"The caring university\" srcset=\"https:\/\/careleaverpp.org\/wp-content\/uploads\/2017\/03\/The-Caring-University-logo.jpg 750w, https:\/\/careleaverpp.org\/wp-content\/uploads\/2017\/03\/The-Caring-University-logo-200x133.jpg 200w, https:\/\/careleaverpp.org\/wp-content\/uploads\/2017\/03\/The-Caring-University-logo-300x200.jpg 300w\" sizes=\"auto, (max-width: 750px) 100vw, 750px\" \/>\t\t\t\t\t<\/div>\r\n\t\t\t\t\t<div class=\"card__body boxed boxed--sm bg--white mh\">\r\n\t\t\t\t\t\t<div class=\"resource-title\">\r\n\t\t\t\t\t\t\t<h4>Die f\u00fcrsorgliche Universit\u00e4t<\/h4>\t\t\t\t\t\t<\/div>\r\n\t\t\t\t\t\t<hr>\r\n\t\t\t\t\t\t<div class=\"resource-description\">\r\n\t\t\t\t\t\t\t<p>Praxis, Partnerschaft und Strategie mit der pflegeerfahrenen Studentin<\/p>\n\t\t\t\t\t\t<\/div>\t\t\t\t\t\t\r\n\t\t\t\t\t<\/div>\r\n\t\t\t\t<\/div>\r\n\t\t\t<\/a>\r\n\t\t<\/div><!--end item-->\r\n\r\n\t\t\r\n\t\t\t\t<div class=\"col-sm-6 masonry__item\">\r\n\t\t\t<a href=\"https:\/\/careleaverpp.org\/de\/resources\/the-cost-of-being-care-free\/\">\r\n\t\t\t\t<div class=\"card card-4\">\r\n\t\t\t\t\t<div class=\"card__image bg--white mhi\">\r\n\t\t\t\t\t\t<img loading=\"lazy\" decoding=\"async\" width=\"750\" height=\"500\" src=\"https:\/\/careleaverpp.org\/wp-content\/uploads\/2017\/03\/The-Cost-of-Being-Care-Free.jpg\" class=\"attachment-large size-large wp-post-image\" alt=\"The Cost of Being Care Free\" srcset=\"https:\/\/careleaverpp.org\/wp-content\/uploads\/2017\/03\/The-Cost-of-Being-Care-Free.jpg 750w, https:\/\/careleaverpp.org\/wp-content\/uploads\/2017\/03\/The-Cost-of-Being-Care-Free-200x133.jpg 200w, https:\/\/careleaverpp.org\/wp-content\/uploads\/2017\/03\/The-Cost-of-Being-Care-Free-300x200.jpg 300w\" sizes=\"auto, (max-width: 750px) 100vw, 750px\" \/>\t\t\t\t\t<\/div>\r\n\t\t\t\t\t<div class=\"card__body boxed boxed--sm bg--white mh\">\r\n\t\t\t\t\t\t<div class=\"resource-title\">\r\n\t\t\t\t\t\t\t<h4>Die Kosten der Sorgenfreiheit<\/h4>\t\t\t\t\t\t<\/div>\r\n\t\t\t\t\t\t<hr>\r\n\t\t\t\t\t\t<div class=\"resource-description\">\r\n\t\t\t\t\t\t\t<p>Bericht der Children&#039;s Society zu den finanziellen Auswirkungen f\u00fcr Care Leaver<\/p>\n\t\t\t\t\t\t<\/div>\t\t\t\t\t\t\r\n\t\t\t\t\t<\/div>\r\n\t\t\t\t<\/div>\r\n\t\t\t<\/a>\r\n\t\t<\/div><!--end item-->\r\n\r\n\t\t\r\n\t\t\t\t<div class=\"col-sm-6 masonry__item\">\r\n\t\t\t<a href=\"https:\/\/careleaverpp.org\/de\/resources\/unistats\/\">\r\n\t\t\t\t<div class=\"card card-4\">\r\n\t\t\t\t\t<div class=\"card__image bg--white mhi\">\r\n\t\t\t\t\t\t<img loading=\"lazy\" decoding=\"async\" width=\"750\" height=\"500\" src=\"https:\/\/careleaverpp.org\/wp-content\/uploads\/2017\/03\/Unistats-logo.jpg\" class=\"attachment-large size-large wp-post-image\" alt=\"Unistats logo\" srcset=\"https:\/\/careleaverpp.org\/wp-content\/uploads\/2017\/03\/Unistats-logo.jpg 750w, https:\/\/careleaverpp.org\/wp-content\/uploads\/2017\/03\/Unistats-logo-200x133.jpg 200w, https:\/\/careleaverpp.org\/wp-content\/uploads\/2017\/03\/Unistats-logo-300x200.jpg 300w\" sizes=\"auto, (max-width: 750px) 100vw, 750px\" \/>\t\t\t\t\t<\/div>\r\n\t\t\t\t\t<div class=\"card__body boxed boxed--sm bg--white mh\">\r\n\t\t\t\t\t\t<div class=\"resource-title\">\r\n\t\t\t\t\t\t\t<h4>Unistate<\/h4>\t\t\t\t\t\t<\/div>\r\n\t\t\t\t\t\t<hr>\r\n\t\t\t\t\t\t<div class=\"resource-description\">\r\n\t\t\t\t\t\t\t<p>Website zum Vergleich von Daten zu Hochschulkursen im Vereinigten K\u00f6nigreich.<\/p>\n\t\t\t\t\t\t<\/div>\t\t\t\t\t\t\r\n\t\t\t\t\t<\/div>\r\n\t\t\t\t<\/div>\r\n\t\t\t<\/a>\r\n\t\t<\/div><!--end item-->\r\n\r\n\t\t\r\n\t\t\t\t<div class=\"col-sm-6 masonry__item\">\r\n\t\t\t<a href=\"https:\/\/careleaverpp.org\/de\/resources\/clpp-outcome-measures-2016-17\/\">\r\n\t\t\t\t<div class=\"card card-4\">\r\n\t\t\t\t\t<div class=\"card__image bg--white mhi\">\r\n\t\t\t\t\t\t<img loading=\"lazy\" decoding=\"async\" width=\"750\" height=\"499\" src=\"https:\/\/careleaverpp.org\/wp-content\/uploads\/2017\/03\/Outcome-measures-1.jpg\" class=\"attachment-large size-large wp-post-image\" alt=\"\" srcset=\"https:\/\/careleaverpp.org\/wp-content\/uploads\/2017\/03\/Outcome-measures-1.jpg 750w, https:\/\/careleaverpp.org\/wp-content\/uploads\/2017\/03\/Outcome-measures-1-200x133.jpg 200w, https:\/\/careleaverpp.org\/wp-content\/uploads\/2017\/03\/Outcome-measures-1-300x200.jpg 300w\" sizes=\"auto, (max-width: 750px) 100vw, 750px\" \/>\t\t\t\t\t<\/div>\r\n\t\t\t\t\t<div class=\"card__body boxed boxed--sm bg--white mh\">\r\n\t\t\t\t\t\t<div class=\"resource-title\">\r\n\t\t\t\t\t\t\t<h4>CLPP-Ergebnismessungen<\/h4>\t\t\t\t\t\t<\/div>\r\n\t\t\t\t\t\t<hr>\r\n\t\t\t\t\t\t<div class=\"resource-description\">\r\n\t\t\t\t\t\t\t<p>Unsere Ergebnismessungen f\u00fcr 2016-17<\/p>\n\t\t\t\t\t\t<\/div>\t\t\t\t\t\t\r\n\t\t\t\t\t<\/div>\r\n\t\t\t\t<\/div>\r\n\t\t\t<\/a>\r\n\t\t<\/div><!--end item-->\r\n\r\n\t\t\r\n\t\t\t\t<div class=\"col-sm-6 masonry__item\">\r\n\t\t\t<a href=\"https:\/\/careleaverpp.org\/de\/resources\/clpp-overview\/\">\r\n\t\t\t\t<div class=\"card card-4\">\r\n\t\t\t\t\t<div class=\"card__image bg--white mhi\">\r\n\t\t\t\t\t\t<img loading=\"lazy\" decoding=\"async\" width=\"750\" height=\"500\" src=\"https:\/\/careleaverpp.org\/wp-content\/uploads\/2017\/03\/CLPP-Overview-2-1.jpg\" class=\"attachment-large size-large wp-post-image\" alt=\"\" srcset=\"https:\/\/careleaverpp.org\/wp-content\/uploads\/2017\/03\/CLPP-Overview-2-1.jpg 750w, https:\/\/careleaverpp.org\/wp-content\/uploads\/2017\/03\/CLPP-Overview-2-1-200x133.jpg 200w, https:\/\/careleaverpp.org\/wp-content\/uploads\/2017\/03\/CLPP-Overview-2-1-300x200.jpg 300w\" sizes=\"auto, (max-width: 750px) 100vw, 750px\" \/>\t\t\t\t\t<\/div>\r\n\t\t\t\t\t<div class=\"card__body boxed boxed--sm bg--white mh\">\r\n\t\t\t\t\t\t<div class=\"resource-title\">\r\n\t\t\t\t\t\t\t<h4>CLPP-\u00dcbersicht<\/h4>\t\t\t\t\t\t<\/div>\r\n\t\t\t\t\t\t<hr>\r\n\t\t\t\t\t\t<div class=\"resource-description\">\r\n\t\t\t\t\t\t\t<p>Dieses Dokument gibt einen \u00dcberblick \u00fcber die Care Leaver Progression Partnership und was wir tun.<\/p>\n\t\t\t\t\t\t<\/div>\t\t\t\t\t\t\r\n\t\t\t\t\t<\/div>\r\n\t\t\t\t<\/div>\r\n\t\t\t<\/a>\r\n\t\t<\/div><!--end item-->\r\n\r\n\t\t\r\n\t\t\t\t<div class=\"col-sm-6 masonry__item\">\r\n\t\t\t<a href=\"https:\/\/careleaverpp.org\/de\/resources\/kent-county-councils-strategy-for-looked-after-children-and-care-leavers\/\">\r\n\t\t\t\t<div class=\"card card-4\">\r\n\t\t\t\t\t<div class=\"card__image bg--white mhi\">\r\n\t\t\t\t\t\t<img loading=\"lazy\" decoding=\"async\" width=\"750\" height=\"500\" src=\"https:\/\/careleaverpp.org\/wp-content\/uploads\/2017\/03\/KCC-Strategy.jpg\" class=\"attachment-large size-large wp-post-image\" alt=\"KCC LAC Strategy\" srcset=\"https:\/\/careleaverpp.org\/wp-content\/uploads\/2017\/03\/KCC-Strategy.jpg 750w, https:\/\/careleaverpp.org\/wp-content\/uploads\/2017\/03\/KCC-Strategy-200x133.jpg 200w, https:\/\/careleaverpp.org\/wp-content\/uploads\/2017\/03\/KCC-Strategy-300x200.jpg 300w\" sizes=\"auto, (max-width: 750px) 100vw, 750px\" \/>\t\t\t\t\t<\/div>\r\n\t\t\t\t\t<div class=\"card__body boxed boxed--sm bg--white mh\">\r\n\t\t\t\t\t\t<div class=\"resource-title\">\r\n\t\t\t\t\t\t\t<h4>KCC Care Leaver &amp; LAC-Strategie<\/h4>\t\t\t\t\t\t<\/div>\r\n\t\t\t\t\t\t<hr>\r\n\t\t\t\t\t\t<div class=\"resource-description\">\r\n\t\t\t\t\t\t\t<p>Die Strategie des Kent County Council f\u00fcr betreute Kinder und Care Leaver.<\/p>\n\t\t\t\t\t\t<\/div>\t\t\t\t\t\t\r\n\t\t\t\t\t<\/div>\r\n\t\t\t\t<\/div>\r\n\t\t\t<\/a>\r\n\t\t<\/div><!--end item-->\r\n\r\n\t\t\r\n\t\t\t\t<div class=\"col-sm-6 masonry__item\">\r\n\t\t\t<a href=\"https:\/\/careleaverpp.org\/de\/resources\/partner-guidance-e-charter\/\">\r\n\t\t\t\t<div class=\"card card-4\">\r\n\t\t\t\t\t<div class=\"card__image bg--white mhi\">\r\n\t\t\t\t\t\t<img loading=\"lazy\" decoding=\"async\" width=\"793\" height=\"529\" src=\"https:\/\/careleaverpp.org\/wp-content\/uploads\/2017\/03\/Employability-charter.jpg\" class=\"attachment-large size-large wp-post-image\" alt=\"Employability charter\" srcset=\"https:\/\/careleaverpp.org\/wp-content\/uploads\/2017\/03\/Employability-charter.jpg 793w, https:\/\/careleaverpp.org\/wp-content\/uploads\/2017\/03\/Employability-charter-200x133.jpg 200w, https:\/\/careleaverpp.org\/wp-content\/uploads\/2017\/03\/Employability-charter-300x200.jpg 300w, https:\/\/careleaverpp.org\/wp-content\/uploads\/2017\/03\/Employability-charter-768x512.jpg 768w\" sizes=\"auto, (max-width: 793px) 100vw, 793px\" \/>\t\t\t\t\t<\/div>\r\n\t\t\t\t\t<div class=\"card__body boxed boxed--sm bg--white mh\">\r\n\t\t\t\t\t\t<div class=\"resource-title\">\r\n\t\t\t\t\t\t\t<h4>CLPP-Charta zur Besch\u00e4ftigungsf\u00e4higkeit<\/h4>\t\t\t\t\t\t<\/div>\r\n\t\t\t\t\t\t<hr>\r\n\t\t\t\t\t\t<div class=\"resource-description\">\r\n\t\t\t\t\t\t\t<p>Charta der Besch\u00e4ftigungsf\u00e4higkeit von CLPP, zu deren Umsetzung sich alle Partner verpflichtet haben.<\/p>\n\t\t\t\t\t\t<\/div>\t\t\t\t\t\t\r\n\t\t\t\t\t<\/div>\r\n\t\t\t\t<\/div>\r\n\t\t\t<\/a>\r\n\t\t<\/div><!--end item-->\r\n\r\n\t\t\r\n\t\t\t\t<div class=\"col-sm-6 masonry__item\">\r\n\t\t\t<a href=\"https:\/\/careleaverpp.org\/de\/resources\/nnecl-supporting-care-leavers-video\/\">\r\n\t\t\t\t<div class=\"card card-4\">\r\n\t\t\t\t\t<div class=\"card__image bg--white mhi\">\r\n\t\t\t\t\t\t<img loading=\"lazy\" decoding=\"async\" width=\"750\" height=\"500\" src=\"https:\/\/careleaverpp.org\/wp-content\/uploads\/2017\/03\/NNECL-Videos.jpg\" class=\"attachment-large size-large wp-post-image\" alt=\"Bank of NNECL videos\" srcset=\"https:\/\/careleaverpp.org\/wp-content\/uploads\/2017\/03\/NNECL-Videos.jpg 750w, https:\/\/careleaverpp.org\/wp-content\/uploads\/2017\/03\/NNECL-Videos-200x133.jpg 200w, https:\/\/careleaverpp.org\/wp-content\/uploads\/2017\/03\/NNECL-Videos-300x200.jpg 300w\" sizes=\"auto, (max-width: 750px) 100vw, 750px\" \/>\t\t\t\t\t<\/div>\r\n\t\t\t\t\t<div class=\"card__body boxed boxed--sm bg--white mh\">\r\n\t\t\t\t\t\t<div class=\"resource-title\">\r\n\t\t\t\t\t\t\t<h4>NNECL-Videos<\/h4>\t\t\t\t\t\t<\/div>\r\n\t\t\t\t\t\t<hr>\r\n\t\t\t\t\t\t<div class=\"resource-description\">\r\n\t\t\t\t\t\t\t<p>Eine Sammlung von Videos des National Network for the Education of Care Leavers (NNECL)<\/p>\n\t\t\t\t\t\t<\/div>\t\t\t\t\t\t\r\n\t\t\t\t\t<\/div>\r\n\t\t\t\t<\/div>\r\n\t\t\t<\/a>\r\n\t\t<\/div><!--end item-->\r\n\r\n\t\t\r\n\t\t\t\t<div class=\"col-sm-6 masonry__item\">\r\n\t\t\t<a href=\"https:\/\/careleaverpp.org\/de\/resources\/clpp-terms-of-reference\/\">\r\n\t\t\t\t<div class=\"card card-4\">\r\n\t\t\t\t\t<div class=\"card__image bg--white mhi\">\r\n\t\t\t\t\t\t<img loading=\"lazy\" decoding=\"async\" width=\"750\" height=\"500\" src=\"https:\/\/careleaverpp.org\/wp-content\/uploads\/2017\/03\/Terms-of-Reference.jpg\" class=\"attachment-large size-large wp-post-image\" alt=\"CLPP Terms of Reference\" srcset=\"https:\/\/careleaverpp.org\/wp-content\/uploads\/2017\/03\/Terms-of-Reference.jpg 750w, https:\/\/careleaverpp.org\/wp-content\/uploads\/2017\/03\/Terms-of-Reference-200x133.jpg 200w, https:\/\/careleaverpp.org\/wp-content\/uploads\/2017\/03\/Terms-of-Reference-300x200.jpg 300w\" sizes=\"auto, (max-width: 750px) 100vw, 750px\" \/>\t\t\t\t\t<\/div>\r\n\t\t\t\t\t<div class=\"card__body boxed boxed--sm bg--white mh\">\r\n\t\t\t\t\t\t<div class=\"resource-title\">\r\n\t\t\t\t\t\t\t<h4>CLPP-Bedingungen<\/h4>\t\t\t\t\t\t<\/div>\r\n\t\t\t\t\t\t<hr>\r\n\t\t\t\t\t\t<div class=\"resource-description\">\r\n\t\t\t\t\t\t\t<p>Definiert den Zweck und die Struktur des CLPP, unsere Ziele und Leitlinien, die unser Handeln als Partnerschaft definieren.<\/p>\n\t\t\t\t\t\t<\/div>\t\t\t\t\t\t\r\n\t\t\t\t\t<\/div>\r\n\t\t\t\t<\/div>\r\n\t\t\t<\/a>\r\n\t\t<\/div><!--end item-->\r\n\r\n\t\t\r\n\t\t\t\r\n\t<\/div>\n\n\n\t\t<\/div>\n\t<\/div>\n<\/div><\/div><\/div><div class=\"wpb_column column_container col-sm-2\"><div class=\"vc_column-inner\"><div class=\"wpb_wrapper\">\n\t<div class=\"wpb_text_column wpb_content_element\" >\n\t\t<div class=\"wpb_wrapper\">\n\t\t\t<form data-sf-form-id='1414' data-is-rtl='0' data-maintain-state='' data-results-url='https:\/\/careleaverpp.org\/resources' data-ajax-url='https:\/\/careleaverpp.org\/de\/?sfid=1414&amp;sf_action=get_data&amp;sf_data=results' data-ajax-form-url='https:\/\/careleaverpp.org\/de\/?sfid=1414&amp;sf_action=get_data&amp;sf_data=form' data-display-result-method='shortcode' data-use-history-api='1' data-template-loaded='0' data-lang-code='de' data-ajax='1' data-ajax-data-type='json' data-ajax-links-selector='.pagination a' data-ajax-target='#search-filter-results-1414' data-ajax-pagination-type='normal' data-update-ajax-url='1' data-only-results-ajax='1' data-scroll-to-pos='0' data-init-paged='1' data-auto-update='1' action='https:\/\/careleaverpp.org\/de\/resources\/' method='post' class='searchandfilter' id='search-filter-form-1414' autocomplete='off' data-instance-count='1' data-trp-original-action=\"https:\/\/careleaverpp.org\/resources\"><ul><li class=\"sf-field-search\" data-sf-field-name=\"search\" data-sf-field-type=\"search\" data-sf-field-input-type=\"\"><h4>Ressourcen durchsuchen<\/h4>\t\t<label>\n\t\t\t\t   \t\t\t<span class=\"screen-reader-text\">Ressourcen durchsuchen<\/span><input placeholder=\"Suchen \u2026\" name=\"_sf_search[]\" class=\"sf-input-text\" type=\"text\" value=\"\" title=\"Ressourcen durchsuchen\"><\/label>\t\t<\/li><li class=\"sf-field-taxonomy-resource_categories\" data-sf-field-name=\"_sft_resource_categories\" data-sf-field-type=\"taxonomy\" data-sf-field-input-type=\"checkbox\"><h4>Filtern nach Typ<\/h4>\t\t<ul data-operator=\"and\" class=\"\">\n\t\t\t\t\t  <li class=\"sf-level-0 sf-item-51\" data-sf-count=\"20\" data-sf-depth=\"0\"><input  class=\"sf-input-checkbox\" type=\"checkbox\" value=\"clpp-docs\" name=\"_sft_resource_categories[]\" id=\"sf-input-d6804bbdd6ed96d02c1b10a7611c9c6a\"><label class=\"sf-label-checkbox\" for=\"sf-input-d6804bbdd6ed96d02c1b10a7611c9c6a\">CLPP-Dokumente<span class=\"sf-count\">(20)<\/span><\/label><\/li><li class=\"sf-level-0 sf-item-86\" data-sf-count=\"6\" data-sf-depth=\"0\"><input  class=\"sf-input-checkbox\" type=\"checkbox\" value=\"contacts\" name=\"_sft_resource_categories[]\" id=\"sf-input-20e2118b083980891aaef52ab430438b\"><label class=\"sf-label-checkbox\" for=\"sf-input-20e2118b083980891aaef52ab430438b\">Kontakte<span class=\"sf-count\">(6)<\/span><\/label><\/li><li class=\"sf-level-0 sf-item-47\" data-sf-count=\"3\" data-sf-depth=\"0\"><input  class=\"sf-input-checkbox\" type=\"checkbox\" value=\"data\" name=\"_sft_resource_categories[]\" id=\"sf-input-7ccadbf83c2f9279698b55e7eb981f00\"><label class=\"sf-label-checkbox\" for=\"sf-input-7ccadbf83c2f9279698b55e7eb981f00\">Daten<span class=\"sf-count\">(3)<\/span><\/label><\/li><li class=\"sf-level-0 sf-item-50\" data-sf-count=\"8\" data-sf-depth=\"0\"><input  class=\"sf-input-checkbox\" type=\"checkbox\" value=\"finance\" name=\"_sft_resource_categories[]\" id=\"sf-input-c9f35771fc9eae07784912be89d406d3\"><label class=\"sf-label-checkbox\" for=\"sf-input-c9f35771fc9eae07784912be89d406d3\">Finanzen<span class=\"sf-count\">(8)<\/span><\/label><\/li><li class=\"sf-level-0 sf-item-127\" data-sf-count=\"6\" data-sf-depth=\"0\"><input  class=\"sf-input-checkbox\" type=\"checkbox\" value=\"flyers\" name=\"_sft_resource_categories[]\" id=\"sf-input-97e43e0534b8e622f132423f4780abcf\"><label class=\"sf-label-checkbox\" for=\"sf-input-97e43e0534b8e622f132423f4780abcf\">Flyer\/Flyer<span class=\"sf-count\">(6)<\/span><\/label><\/li><li class=\"sf-level-0 sf-item-52\" data-sf-count=\"0\" data-sf-depth=\"0\"><input  class=\"sf-input-checkbox\" type=\"checkbox\" value=\"galleries\" name=\"_sft_resource_categories[]\" id=\"sf-input-e86c5af3707bd62bb801ecb1fc162b5f\"><label class=\"sf-label-checkbox\" for=\"sf-input-e86c5af3707bd62bb801ecb1fc162b5f\">Galerien<span class=\"sf-count\">(0)<\/span><\/label><\/li><li class=\"sf-level-0 sf-item-60\" data-sf-count=\"24\" data-sf-depth=\"0\"><input  class=\"sf-input-checkbox\" type=\"checkbox\" value=\"guides\" name=\"_sft_resource_categories[]\" id=\"sf-input-110e650904784d2fccc247127f68e3f4\"><label class=\"sf-label-checkbox\" for=\"sf-input-110e650904784d2fccc247127f68e3f4\">F\u00fchrer<span class=\"sf-count\">(24)<\/span><\/label><\/li><li class=\"sf-level-0 sf-item-71\" data-sf-count=\"1\" data-sf-depth=\"0\"><input  class=\"sf-input-checkbox\" type=\"checkbox\" value=\"journal-paper\" name=\"_sft_resource_categories[]\" id=\"sf-input-cac521e5937e064e6bff7237d9eed88f\"><label class=\"sf-label-checkbox\" for=\"sf-input-cac521e5937e064e6bff7237d9eed88f\">Zeitschriftenpapier<span class=\"sf-count\">(1)<\/span><\/label><\/li><li class=\"sf-level-0 sf-item-46\" data-sf-count=\"29\" data-sf-depth=\"0\"><input  class=\"sf-input-checkbox\" type=\"checkbox\" value=\"links\" name=\"_sft_resource_categories[]\" id=\"sf-input-69291840fd10379197b3e63bf985b30c\"><label class=\"sf-label-checkbox\" for=\"sf-input-69291840fd10379197b3e63bf985b30c\">Verkn\u00fcpfungen<span class=\"sf-count\">(29)<\/span><\/label><\/li><li class=\"sf-level-0 sf-item-70\" data-sf-count=\"1\" data-sf-depth=\"0\"><input  class=\"sf-input-checkbox\" type=\"checkbox\" value=\"magazines\" name=\"_sft_resource_categories[]\" id=\"sf-input-2dd514d4bc79bac8e12fb34784ce1d38\"><label class=\"sf-label-checkbox\" for=\"sf-input-2dd514d4bc79bac8e12fb34784ce1d38\">Zeitschriften<span class=\"sf-count\">(1)<\/span><\/label><\/li><li class=\"sf-level-0 sf-item-48\" data-sf-count=\"15\" data-sf-depth=\"0\"><input  class=\"sf-input-checkbox\" type=\"checkbox\" value=\"policies\" name=\"_sft_resource_categories[]\" id=\"sf-input-1a613fdd1f978244444cb961fcc4b2ce\"><label class=\"sf-label-checkbox\" for=\"sf-input-1a613fdd1f978244444cb961fcc4b2ce\">Richtlinien<span class=\"sf-count\">(15)<\/span><\/label><\/li><li class=\"sf-level-0 sf-item-58\" data-sf-count=\"38\" data-sf-depth=\"0\"><input  class=\"sf-input-checkbox\" type=\"checkbox\" value=\"reports\" name=\"_sft_resource_categories[]\" id=\"sf-input-0f0ca17b15fdb8021473887954819afa\"><label class=\"sf-label-checkbox\" for=\"sf-input-0f0ca17b15fdb8021473887954819afa\">Berichte<span class=\"sf-count\">(38)<\/span><\/label><\/li><li class=\"sf-level-0 sf-item-59\" data-sf-count=\"18\" data-sf-depth=\"0\"><input  class=\"sf-input-checkbox\" type=\"checkbox\" value=\"research\" name=\"_sft_resource_categories[]\" id=\"sf-input-3cf24f3f0782044ca5e40d5c32458573\"><label class=\"sf-label-checkbox\" for=\"sf-input-3cf24f3f0782044ca5e40d5c32458573\">Forschung<span class=\"sf-count\">(18)<\/span><\/label><\/li><li class=\"sf-level-0 sf-item-69\" data-sf-count=\"15\" data-sf-depth=\"0\"><input  class=\"sf-input-checkbox\" type=\"checkbox\" value=\"tools\" name=\"_sft_resource_categories[]\" id=\"sf-input-eb52c2416a4fbd51e20fbde67aa5ecdd\"><label class=\"sf-label-checkbox\" for=\"sf-input-eb52c2416a4fbd51e20fbde67aa5ecdd\">Werkzeug<span class=\"sf-count\">(15)<\/span><\/label><\/li><li class=\"sf-level-0 sf-item-49\" data-sf-count=\"4\" data-sf-depth=\"0\"><input  class=\"sf-input-checkbox\" type=\"checkbox\" value=\"videos\" name=\"_sft_resource_categories[]\" id=\"sf-input-1cf81afc724e4680f5c8ba1c438995d5\"><label class=\"sf-label-checkbox\" for=\"sf-input-1cf81afc724e4680f5c8ba1c438995d5\">Videos<span class=\"sf-count\">(4)<\/span><\/label><\/li><li class=\"sf-level-0 sf-item-57\" data-sf-count=\"41\" data-sf-depth=\"0\"><input  class=\"sf-input-checkbox\" type=\"checkbox\" value=\"websites\" name=\"_sft_resource_categories[]\" id=\"sf-input-e8929361d56894e33e8164e24829a1a8\"><label class=\"sf-label-checkbox\" for=\"sf-input-e8929361d56894e33e8164e24829a1a8\">Webseiten<span class=\"sf-count\">(41)<\/span><\/label><\/li>\t\t<\/ul>\n\t\t<\/li><\/ul><input type=\"hidden\" name=\"trp-form-language\" value=\"de\"\/><\/form>\n\n\t\t<\/div>\n\t<\/div>\n<\/div><\/div><\/div><\/div><\/div><\/div><\/div><\/div><\/div><\/section>","protected":false},"excerpt":{"rendered":"","protected":false},"author":2,"featured_media":0,"parent":0,"menu_order":0,"comment_status":"closed","ping_status":"closed","template":"","meta":{"_acf_changed":false,"footnotes":""},"class_list":["post-690","page","type-page","status-publish","hentry"],"acf":[],"_links":{"self":[{"href":"https:\/\/careleaverpp.org\/de\/wp-json\/wp\/v2\/pages\/690","targetHints":{"allow":["GET"]}}],"collection":[{"href":"https:\/\/careleaverpp.org\/de\/wp-json\/wp\/v2\/pages"}],"about":[{"href":"https:\/\/careleaverpp.org\/de\/wp-json\/wp\/v2\/types\/page"}],"author":[{"embeddable":true,"href":"https:\/\/careleaverpp.org\/de\/wp-json\/wp\/v2\/users\/2"}],"replies":[{"embeddable":true,"href":"https:\/\/careleaverpp.org\/de\/wp-json\/wp\/v2\/comments?post=690"}],"version-history":[{"count":1,"href":"https:\/\/careleaverpp.org\/de\/wp-json\/wp\/v2\/pages\/690\/revisions"}],"predecessor-version":[{"id":2518,"href":"https:\/\/careleaverpp.org\/de\/wp-json\/wp\/v2\/pages\/690\/revisions\/2518"}],"wp:attachment":[{"href":"https:\/\/careleaverpp.org\/de\/wp-json\/wp\/v2\/media?parent=690"}],"curies":[{"name":"wp","href":"https:\/\/api.w.org\/{rel}","templated":true}]}}